{"id":167,"date":"2017-03-06T18:17:59","date_gmt":"2017-03-06T17:17:59","guid":{"rendered":"http:\/\/demo.michelepalla.com\/web\/?page_id=8"},"modified":"2017-04-06T09:45:23","modified_gmt":"2017-04-06T09:45:23","slug":"ciao","status":"publish","type":"page","link":"https:\/\/studiumcanticum.it\/omaggio-xx-secolo\/","title":{"rendered":"Home Page"},"content":{"rendered":"<p><div  class=\"fusion-fullwidth fullwidth-box hundred-percent-fullwidth\"  style='background-color: #edece5;background-position: center center;background-repeat: no-repeat;padding-top:0px;padding-right:0px;padding-bottom:0px;padding-left:0px;'><div class=\"fusion-builder-row fusion-row \"><div  class=\"fusion-layout-column fusion_builder_column fusion_builder_column_1_1  fusion-one-full fusion-column-first fusion-column-last 1_1\"  style='margin-top:0px;margin-bottom:0px;'>\n\t\t\t\t\t<div class=\"fusion-column-wrapper\" style=\"background-position:left top;background-repeat:no-repeat;-webkit-background-size:cover;-moz-background-size:cover;-o-background-size:cover;background-size:cover;\"  data-bg-url=\"\">\n\t\t\t\t\t\t<div class=\"imageframe-align-center\"><span class=\"fusion-imageframe imageframe-none imageframe-1 hover-type-none fusion-animated fusion-no-small-visibility\" data-animationType=\"fadeInLeft\" data-animationDuration=\"0.3\" data-animationOffset=\"100%\"><img loading=\"lazy\" src=\"http:\/\/studiumcanticum.it\/omaggio-xx-secolo\/wp-content\/uploads\/2017\/03\/immagine-centrale.png\" width=\"\" height=\"\" alt=\"Omaggio al XX secolo - Cagliari 2017\" title=\"\" class=\"img-responsive\"\/><\/span><\/div><div class=\"imageframe-align-center\"><span class=\"fusion-imageframe imageframe-none imageframe-2 hover-type-none fusion-animated fusion-no-medium-visibility fusion-no-large-visibility\" data-animationType=\"fadeInLeft\" data-animationDuration=\"0.3\" data-animationOffset=\"100%\"><img loading=\"lazy\" src=\"http:\/\/studiumcanticum.it\/omaggio-xx-secolo\/wp-content\/uploads\/2017\/03\/cover-iphone-01-300x300.png\" width=\"\" height=\"\" alt=\"Omaggio al XX secolo - Cagliari 2017\" title=\"\" class=\"img-responsive\"\/><\/span><\/div><div class=\"fusion-clearfix\"><\/div>\n\n\t\t\t\t\t<\/div>\n\t\t\t\t<\/div><\/div><\/div><div  class=\"fusion-fullwidth fullwidth-box nonhundred-percent-fullwidth\"  style='background-color: #ffffff;background-position: center center;background-repeat: no-repeat;padding-top:20px;padding-right:0px;padding-bottom:20px;padding-left:0px;'><div class=\"fusion-builder-row fusion-row \"><div  class=\"fusion-layout-column fusion_builder_column fusion_builder_column_2_5  fusion-two-fifth fusion-column-first 2_5\"  style='margin-top:0px;margin-bottom:20px;width:40%;width:calc(40% - ( ( 4% + 4% ) * 0.4 ) );margin-right: 4%;'>\n\t\t\t\t\t<div class=\"fusion-column-wrapper\" style=\"background-position:left top;background-repeat:no-repeat;-webkit-background-size:cover;-moz-background-size:cover;-o-background-size:cover;background-size:cover;\"  data-bg-url=\"\">\n\t\t\t\t\t\t<div class=\"fusion-clearfix\"><\/div>\n\n\t\t\t\t\t<\/div>\n\t\t\t\t<\/div><div  class=\"fusion-layout-column fusion_builder_column fusion_builder_column_1_4  fusion-one-fourth 1_4\"  style='margin-top:0px;margin-bottom:0px;width:25%;width:calc(25% - ( ( 4% + 4% ) * 0.25 ) );margin-right: 4%;'>\n\t\t\t\t\t<div class=\"fusion-column-wrapper\" style=\"background-position:left top;background-repeat:no-repeat;-webkit-background-size:cover;-moz-background-size:cover;-o-background-size:cover;background-size:cover;\"  data-bg-url=\"\">\n\t\t\t\t\t\t<div class=\"fusion-title title fusion-sep-none fusion-title-size-one h1_titoli_sezioni\" style=\"margin-top:0px;margin-bottom:10px;\"><h1 class=\"title-heading-left\"><h1>XX Secolo<\/h1><\/h1><\/div><div class=\"fusion-clearfix\"><\/div>\n\n\t\t\t\t\t<\/div>\n\t\t\t\t<\/div><div  class=\"fusion-layout-column fusion_builder_column fusion_builder_column_1_3  fusion-one-third fusion-column-last 1_3\"  style='margin-top:0px;margin-bottom:20px;width:33.33%;width:calc(33.33% - ( ( 4% + 4% ) * 0.3333 ) );'>\n\t\t\t\t\t<div class=\"fusion-column-wrapper\" style=\"background-position:left top;background-repeat:no-repeat;-webkit-background-size:cover;-moz-background-size:cover;-o-background-size:cover;background-size:cover;\"  data-bg-url=\"\">\n\t\t\t\t\t\t<div class=\"fusion-clearfix\"><\/div>\n\n\t\t\t\t\t<\/div>\n\t\t\t\t<\/div><div  class=\"fusion-layout-column fusion_builder_column fusion_builder_column_2_5  fusion-two-fifth fusion-column-first 2_5\"  style='margin-top:0px;margin-bottom:20px;width:40%;width:calc(40% - ( ( 4% + 4% ) * 0.4 ) );margin-right: 4%;'>\n\t\t\t\t\t<div class=\"fusion-column-wrapper\" style=\"background-position:left top;background-repeat:no-repeat;-webkit-background-size:cover;-moz-background-size:cover;-o-background-size:cover;background-size:cover;\"  data-bg-url=\"\">\n\t\t\t\t\t\t<div class=\"fusion-clearfix\"><\/div>\n\n\t\t\t\t\t<\/div>\n\t\t\t\t<\/div><div  class=\"fusion-layout-column fusion_builder_column fusion_builder_column_2_5  fusion-two-fifth 2_5\"  style='margin-top:0px;margin-bottom:20px;width:40%;width:calc(40% - ( ( 4% + 4% ) * 0.4 ) );margin-right: 4%;'>\n\t\t\t\t\t<div class=\"fusion-column-wrapper\" style=\"background-position:left top;background-repeat:no-repeat;-webkit-background-size:cover;-moz-background-size:cover;-o-background-size:cover;background-size:cover;\"  data-bg-url=\"\">\n\t\t\t\t\t\t<p>Quarta edizione della rassegna intitolata &#8216;Omaggio a&#8217; che Studium Canticum realizza dal 2009. Quest&#8217;anno l\u2019omaggio non \u00e8 ad un compositore, come in precedenza Haendel, Orff, Bach, ma ad un secolo, il XX.<\/p>\n<p>Rendere omaggio al &#8216;secolo breve&#8217; si pu\u00f2 solo per sottrazione: troppo, e troppo vicino, ma anche ricco e pieno di spunti in veloce evoluzione. Raccontare, se pure per frammenti, la quasi nostra contemporaneit\u00e0, ci aiuta a dare del \u2018coro\u2019 l\u2019immagine che pi\u00f9 ci pare vera, ovvero quella di uno strumento musicale versatile, e sempre \u2018nel mondo\u2019, non avulso dall\u2019innovazione, al contrario pronto a raccogliere le sfide.<\/p>\n<div class=\"fusion-clearfix\"><\/div>\n\n\t\t\t\t\t<\/div>\n\t\t\t\t<\/div><div  class=\"fusion-layout-column fusion_builder_column fusion_builder_column_1_6  fusion-one-sixth fusion-column-last 1_6\"  style='margin-top:0px;margin-bottom:20px;width:16.66%;width:calc(16.66% - ( ( 4% + 4% ) * 0.1666 ) );'>\n\t\t\t\t\t<div class=\"fusion-column-wrapper\" style=\"background-position:left top;background-repeat:no-repeat;-webkit-background-size:cover;-moz-background-size:cover;-o-background-size:cover;background-size:cover;\"  data-bg-url=\"\">\n\t\t\t\t\t\t<div class=\"fusion-clearfix\"><\/div>\n\n\t\t\t\t\t<\/div>\n\t\t\t\t<\/div><\/div><\/div><div id=\"programma\"><div  class=\"fusion-fullwidth fullwidth-box nonhundred-percent-fullwidth\"  style='background-color: #edece5;background-position: center center;background-repeat: no-repeat;padding-top:20px;padding-right:0px;padding-bottom:20px;padding-left:0px;'><div class=\"fusion-builder-row fusion-row \"><div  class=\"fusion-layout-column fusion_builder_column fusion_builder_column_2_5  fusion-two-fifth fusion-column-first 2_5\"  style='margin-top:0px;margin-bottom:20px;width:40%;width:calc(40% - ( ( 4% + 4% ) * 0.4 ) );margin-right: 4%;'>\n\t\t\t\t\t<div class=\"fusion-column-wrapper\" style=\"background-position:left top;background-repeat:no-repeat;-webkit-background-size:cover;-moz-background-size:cover;-o-background-size:cover;background-size:cover;\"  data-bg-url=\"\">\n\t\t\t\t\t\t<div class=\"fusion-clearfix\"><\/div>\n\n\t\t\t\t\t<\/div>\n\t\t\t\t<\/div><div  class=\"fusion-layout-column fusion_builder_column fusion_builder_column_1_4  fusion-one-fourth 1_4\"  style='margin-top:0px;margin-bottom:0px;width:25%;width:calc(25% - ( ( 4% + 4% ) * 0.25 ) );margin-right: 4%;'>\n\t\t\t\t\t<div class=\"fusion-column-wrapper\" style=\"background-position:left top;background-repeat:no-repeat;-webkit-background-size:cover;-moz-background-size:cover;-o-background-size:cover;background-size:cover;\"  data-bg-url=\"\">\n\t\t\t\t\t\t<div class=\"fusion-title title fusion-sep-none fusion-title-size-one h1_titoli_sezioni\" style=\"margin-top:0px;margin-bottom:10px;\"><h1 class=\"title-heading-left\"><h1>Programma<\/h1><\/h1><\/div><div class=\"fusion-clearfix\"><\/div>\n\n\t\t\t\t\t<\/div>\n\t\t\t\t<\/div><div  class=\"fusion-layout-column fusion_builder_column fusion_builder_column_1_3  fusion-one-third fusion-column-last 1_3\"  style='margin-top:0px;margin-bottom:20px;width:33.33%;width:calc(33.33% - ( ( 4% + 4% ) * 0.3333 ) );'>\n\t\t\t\t\t<div class=\"fusion-column-wrapper\" style=\"background-position:left top;background-repeat:no-repeat;-webkit-background-size:cover;-moz-background-size:cover;-o-background-size:cover;background-size:cover;\"  data-bg-url=\"\">\n\t\t\t\t\t\t<div class=\"fusion-clearfix\"><\/div>\n\n\t\t\t\t\t<\/div>\n\t\t\t\t<\/div><div  class=\"fusion-layout-column fusion_builder_column fusion_builder_column_2_5  fusion-two-fifth fusion-column-first 2_5\"  style='margin-top:0px;margin-bottom:20px;width:40%;width:calc(40% - ( ( 4% + 4% ) * 0.4 ) );margin-right: 4%;'>\n\t\t\t\t\t<div class=\"fusion-column-wrapper\" style=\"background-position:left top;background-repeat:no-repeat;-webkit-background-size:cover;-moz-background-size:cover;-o-background-size:cover;background-size:cover;\"  data-bg-url=\"\">\n\t\t\t\t\t\t<div class=\"fusion-clearfix\"><\/div>\n\n\t\t\t\t\t<\/div>\n\t\t\t\t<\/div><div  class=\"fusion-layout-column fusion_builder_column fusion_builder_column_2_5  fusion-two-fifth 2_5\"  style='margin-top:0px;margin-bottom:0px;width:40%;width:calc(40% - ( ( 4% + 4% ) * 0.4 ) );margin-right: 4%;'>\n\t\t\t\t\t<div class=\"fusion-column-wrapper\" style=\"background-position:left top;background-repeat:no-repeat;-webkit-background-size:cover;-moz-background-size:cover;-o-background-size:cover;background-size:cover;\"  data-bg-url=\"\">\n\t\t\t\t\t\t<div class=\"fusion-widget-area fusion-widget-area-1 fusion-content-widget-area\"><style type=\"text\/css\" scoped=\"scoped\">.fusion-widget-area-1 .widget h4 {color:#333333;}.fusion-widget-area-1 .widget .heading h4 {color:#333333;}<\/style><div id=\"wp_views-2\" class=\"widget widget_wp_views\">\n\n\n<div id=\"wpv-view-layout-11-TCPID167\" class=\"js-wpv-view-layout js-wpv-layout-responsive js-wpv-view-layout-11-TCPID167\" data-viewnumber=\"11-TCPID167\" data-pagination=\"{&quot;id&quot;:&quot;11&quot;,&quot;base_permalink&quot;:&quot;\/omaggio-xx-secolo\/index.php?rest_route=%2Fwp%2Fv2%2Fpages%2F167&amp;wpv_view_count=11-TCPID167&amp;wpv_paged=WPV_PAGE_NUM&quot;,&quot;query&quot;:&quot;normal&quot;,&quot;type&quot;:&quot;disabled&quot;,&quot;effect&quot;:&quot;fade&quot;,&quot;duration&quot;:&quot;500&quot;,&quot;speed&quot;:&quot;5&quot;,&quot;pause_on_hover&quot;:&quot;disabled&quot;,&quot;stop_rollover&quot;:&quot;false&quot;,&quot;cache_pages&quot;:&quot;enabled&quot;,&quot;preload_images&quot;:&quot;enabled&quot;,&quot;preload_pages&quot;:&quot;enabled&quot;,&quot;preload_reach&quot;:&quot;1&quot;,&quot;spinner&quot;:&quot;builtin&quot;,&quot;spinner_image&quot;:&quot;http:\/\/studiumcanticum.it\/omaggio-xx-secolo\/wp-content\/plugins\/wp-views\/embedded\/res\/img\/ajax-loader.gif&quot;,&quot;callback_next&quot;:&quot;&quot;,&quot;manage_history&quot;:&quot;enabled&quot;,&quot;has_controls_in_form&quot;:&quot;disabled&quot;,&quot;infinite_tolerance&quot;:&quot;0&quot;,&quot;max_pages&quot;:0,&quot;page&quot;:1,&quot;loop&quot;:{&quot;type&quot;:&quot;&quot;,&quot;name&quot;:&quot;&quot;,&quot;data&quot;:[],&quot;id&quot;:0}}\" data-permalink=\"\/omaggio-xx-secolo\/index.php?rest_route=%2Fwp%2Fv2%2Fpages%2F167&#038;wpv_view_count=11-TCPID167\">\n\n\t\n\t<!-- wpv-loop-start -->\n\t\t\n          \n       \t\t<a href='#240' class=\"data_menu_dispari\">30-31\/03 01\/04<\/a>\n          \n          \n          \t<a href=\"#101\" class=\"data_menu_pari\">31\/03<\/a>\n\t\t\n          \n       \t\t<a href='#243' class=\"data_menu_dispari\">01-02\/04<\/a>\n          \n          \n          \t<a href=\"#164\" class=\"data_menu_pari\">30-04 \/ 07-05<\/a>\n\t\t\n          \n       \t\t<a href='#162' class=\"data_menu_dispari\">13\/05<\/a>\n          \n          \n          \t<a href=\"#247\" class=\"data_menu_pari\">14\/05<\/a>\n\t\t\n          \n       \t\t<a href='#248' class=\"data_menu_dispari\">19-20\/05<\/a>\n          \n          \n          \t<a href=\"#249\" class=\"data_menu_pari\">26\/05<\/a>\n\t\t\n          \n       \t\t<a href='#250' class=\"data_menu_dispari\">08\/06<\/a>\n          \n          \n          \t<a href=\"#513\" class=\"data_menu_pari\">21\/06<\/a>\n\t\t\n          \n       \t\t<a href='#252' class=\"data_menu_dispari\">21\/07<\/a>\n          \n          \n          \t<a href=\"#512\" class=\"data_menu_pari\">25\/08<\/a>\n\t\t\n          \n       \t\t<a href='#511' class=\"data_menu_dispari\">29\/09<\/a>\n          \n          \n          \t<a href=\"#251\" class=\"data_menu_pari\">1\/10<\/a>\n\t\t\n          \n       \t\t<a href='#253' class=\"data_menu_dispari\">21\/10<\/a>\n          \n          \n          \t<a href=\"#254\" class=\"data_menu_pari\">22\/10<\/a>\n\t\t\n          \n       \t\t<a href='#255' class=\"data_menu_dispari\">10\/11 - 12\/11<\/a>\n          \n          \n          \t<a href=\"#257\" class=\"data_menu_pari\">12\/11<\/a>\n\t\t\n          \n       \t\t<a href='#256' class=\"data_menu_dispari\">16\/11<\/a>\n          \n          \n          \t<a href=\"#258\" class=\"data_menu_pari\">18\/11<\/a>\n\t\t\n          \n       \t\t<a href='#259' class=\"data_menu_dispari\">25-26\/11<\/a>\n          \n          \n          \t<a href=\"#260\" class=\"data_menu_pari\">26\/11<\/a>\n\t\t\n          \n       \t\t<a href='#261' class=\"data_menu_dispari\">3\/12<\/a>\n          \n\t<!-- wpv-loop-end -->\n\t\n\t\n<\/div><\/div><div class=\"fusion-additional-widget-content\"><\/div><\/div><div class=\"fusion-clearfix\"><\/div>\n\n\t\t\t\t\t<\/div>\n\t\t\t\t<\/div><div  class=\"fusion-layout-column fusion_builder_column fusion_builder_column_1_6  fusion-one-sixth fusion-column-last 1_6\"  style='margin-top:0px;margin-bottom:20px;width:16.66%;width:calc(16.66% - ( ( 4% + 4% ) * 0.1666 ) );'>\n\t\t\t\t\t<div class=\"fusion-column-wrapper\" style=\"background-position:left top;background-repeat:no-repeat;-webkit-background-size:cover;-moz-background-size:cover;-o-background-size:cover;background-size:cover;\"  data-bg-url=\"\">\n\t\t\t\t\t\t<div class=\"fusion-clearfix\"><\/div>\n\n\t\t\t\t\t<\/div>\n\t\t\t\t<\/div><\/div><\/div><\/div><div  class=\"fusion-fullwidth fullwidth-box nonhundred-percent-fullwidth\"  style='background-color: #edece5;background-position: center center;background-repeat: no-repeat;padding-right:0px;padding-bottom:20px;padding-left:0px;'><div class=\"fusion-builder-row fusion-row \"><div  class=\"fusion-layout-column fusion_builder_column fusion_builder_column_1_6  fusion-one-sixth fusion-column-first 1_6\"  style='margin-top:0px;margin-bottom:20px;width:16.66%;width:calc(16.66% - ( ( 4% + 4% ) * 0.1666 ) );margin-right: 4%;'>\n\t\t\t\t\t<div class=\"fusion-column-wrapper\" style=\"background-position:left top;background-repeat:no-repeat;-webkit-background-size:cover;-moz-background-size:cover;-o-background-size:cover;background-size:cover;\"  data-bg-url=\"\">\n\t\t\t\t\t\t<div class=\"fusion-clearfix\"><\/div>\n\n\t\t\t\t\t<\/div>\n\t\t\t\t<\/div><div  class=\"fusion-layout-column fusion_builder_column fusion_builder_column_2_3  fusion-two-third 2_3\"  style='margin-top:0px;margin-bottom:20px;width:66.66%;width:calc(66.66% - ( ( 4% + 4% ) * 0.6666 ) );margin-right: 4%;'>\n\t\t\t\t\t<div class=\"fusion-column-wrapper\" style=\"background-position:left top;background-repeat:no-repeat;-webkit-background-size:cover;-moz-background-size:cover;-o-background-size:cover;background-size:cover;\"  data-bg-url=\"\">\n\t\t\t\t\t\t<div class=\"fusion-widget-area fusion-widget-area-2 fusion-content-widget-area\"><style type=\"text\/css\" scoped=\"scoped\">.fusion-widget-area-2 .widget h4 {color:#333333;}.fusion-widget-area-2 .widget .heading h4 {color:#333333;}<\/style><div id=\"wp_views-3\" class=\"widget widget_wp_views\">\n\n\n<div id=\"wpv-view-layout-9-TCPID167\" class=\"js-wpv-view-layout js-wpv-layout-responsive js-wpv-view-layout-9-TCPID167\" data-viewnumber=\"9-TCPID167\" data-pagination=\"{&quot;id&quot;:&quot;9&quot;,&quot;base_permalink&quot;:&quot;\/omaggio-xx-secolo\/index.php?rest_route=%2Fwp%2Fv2%2Fpages%2F167&amp;wpv_view_count=9-TCPID167&amp;wpv_paged=WPV_PAGE_NUM&quot;,&quot;query&quot;:&quot;normal&quot;,&quot;type&quot;:&quot;disabled&quot;,&quot;effect&quot;:&quot;fade&quot;,&quot;duration&quot;:&quot;500&quot;,&quot;speed&quot;:&quot;5&quot;,&quot;pause_on_hover&quot;:&quot;disabled&quot;,&quot;stop_rollover&quot;:&quot;false&quot;,&quot;cache_pages&quot;:&quot;enabled&quot;,&quot;preload_images&quot;:&quot;enabled&quot;,&quot;preload_pages&quot;:&quot;enabled&quot;,&quot;preload_reach&quot;:&quot;1&quot;,&quot;spinner&quot;:&quot;builtin&quot;,&quot;spinner_image&quot;:&quot;http:\/\/studiumcanticum.it\/omaggio-xx-secolo\/wp-content\/plugins\/wp-views\/embedded\/res\/img\/ajax-loader.gif&quot;,&quot;callback_next&quot;:&quot;&quot;,&quot;manage_history&quot;:&quot;enabled&quot;,&quot;has_controls_in_form&quot;:&quot;disabled&quot;,&quot;infinite_tolerance&quot;:&quot;0&quot;,&quot;max_pages&quot;:1,&quot;page&quot;:1,&quot;loop&quot;:{&quot;type&quot;:&quot;&quot;,&quot;name&quot;:&quot;&quot;,&quot;data&quot;:[],&quot;id&quot;:0}}\" data-permalink=\"\/omaggio-xx-secolo\/index.php?rest_route=%2Fwp%2Fv2%2Fpages%2F167&#038;wpv_view_count=9-TCPID167\">\n\n\t\n\t<!-- wpv-loop-start -->\n\t\t\n          <div class=\"row\">\n            <div class=\"col-xs-12 col-md-8\">\n          \t\t<h2 class=\"h2_rosso\">Marzo<\/h2>\n            <\/div>\n            <div class=\"col-xs-12 col-md-4\"><\/div>\n          <\/div>\n          \n\n\n\n<div id=\"wpv-view-layout-12-CATTR260dd43fb597d51f9de4f22ce9436dafTCPID167\" class=\"js-wpv-view-layout js-wpv-layout-responsive js-wpv-view-layout-12-CATTR260dd43fb597d51f9de4f22ce9436dafTCPID167\" data-viewnumber=\"12-CATTR260dd43fb597d51f9de4f22ce9436dafTCPID167\" data-pagination=\"{&quot;id&quot;:&quot;12&quot;,&quot;base_permalink&quot;:&quot;\/omaggio-xx-secolo\/index.php?rest_route=%2Fwp%2Fv2%2Fpages%2F167&amp;wpv_view_count=12-CATTR260dd43fb597d51f9de4f22ce9436dafTCPID167&amp;wpv_paged=WPV_PAGE_NUM&quot;,&quot;query&quot;:&quot;normal&quot;,&quot;type&quot;:&quot;disabled&quot;,&quot;effect&quot;:&quot;fade&quot;,&quot;duration&quot;:&quot;500&quot;,&quot;speed&quot;:&quot;5&quot;,&quot;pause_on_hover&quot;:&quot;disabled&quot;,&quot;stop_rollover&quot;:&quot;false&quot;,&quot;cache_pages&quot;:&quot;enabled&quot;,&quot;preload_images&quot;:&quot;enabled&quot;,&quot;preload_pages&quot;:&quot;enabled&quot;,&quot;preload_reach&quot;:&quot;1&quot;,&quot;spinner&quot;:&quot;builtin&quot;,&quot;spinner_image&quot;:&quot;http:\/\/studiumcanticum.it\/omaggio-xx-secolo\/wp-content\/plugins\/wp-views\/embedded\/res\/img\/ajax-loader.gif&quot;,&quot;callback_next&quot;:&quot;&quot;,&quot;manage_history&quot;:&quot;enabled&quot;,&quot;has_controls_in_form&quot;:&quot;disabled&quot;,&quot;infinite_tolerance&quot;:&quot;0&quot;,&quot;max_pages&quot;:0,&quot;page&quot;:1,&quot;loop&quot;:{&quot;type&quot;:&quot;&quot;,&quot;name&quot;:&quot;&quot;,&quot;data&quot;:&#091;&#093;,&quot;id&quot;:0}}\" data-permalink=\"\/omaggio-xx-secolo\/index.php?rest_route=%2Fwp%2Fv2%2Fpages%2F167&#038;wpv_view_count=12-CATTR260dd43fb597d51f9de4f22ce9436dafTCPID167\">\n\n\t\n\t\n\t\t\n          \n          <div class=\"row\">\n            <div class=\"col-xs-12 col-md-4\">\n             <img width=\"600\" height=\"600\" src=\"https:\/\/studiumcanticum.it\/omaggio-xx-secolo\/wp-content\/uploads\/2017\/04\/laboratorio_corpi_che_suonano.png\" class=\"attachment-large size-large wp-post-image\" alt=\"\" loading=\"lazy\" srcset=\"https:\/\/studiumcanticum.it\/omaggio-xx-secolo\/wp-content\/uploads\/2017\/04\/laboratorio_corpi_che_suonano-66x66.png 66w, https:\/\/studiumcanticum.it\/omaggio-xx-secolo\/wp-content\/uploads\/2017\/04\/laboratorio_corpi_che_suonano-150x150.png 150w, https:\/\/studiumcanticum.it\/omaggio-xx-secolo\/wp-content\/uploads\/2017\/04\/laboratorio_corpi_che_suonano-200x200.png 200w, https:\/\/studiumcanticum.it\/omaggio-xx-secolo\/wp-content\/uploads\/2017\/04\/laboratorio_corpi_che_suonano-300x300.png 300w, https:\/\/studiumcanticum.it\/omaggio-xx-secolo\/wp-content\/uploads\/2017\/04\/laboratorio_corpi_che_suonano-400x400.png 400w, https:\/\/studiumcanticum.it\/omaggio-xx-secolo\/wp-content\/uploads\/2017\/04\/laboratorio_corpi_che_suonano.png 600w\" sizes=\"(max-width: 600px) 100vw, 600px\" \/>\n              <br>\n              <a href=\"https:\/\/www.flickr.com\/photos\/studiumcanticum\/sets\/72157682411926876\" target=\"_blank\" title=\"Vai alla gallery\">\n              <img src=\"http:\/\/studiumcanticum.it\/omaggio-xx-secolo\/wp-content\/uploads\/2017\/03\/icona-foto-1.png\" alt=\"Vai alla gallery\" width=\"42\" height=\"37\" class=\"size-full\" \/>\n              <\/a>\n              \n              \n             \n            <\/div>\n            <div class=\"col-xs-12 col-md-8\">\n              <a name=\"240\"><\/a>\n              <span class=\"evento_data\">Gioved\u00ec 30 Venerd\u00ec 31 <br> Sabato 1 Aprile<\/span>\n          <p>May Mask \u2013 Via Giardini 149\/a<br \/>\nOre 14.30-17.30 (gioved\u00ec e venerd\u00ec)<br \/>\nOre 9.30-12.30 (sabato)<\/p>\n\n              <span class=\"evento_titolo\">Corpi che suonano<\/span>\n              <span class=\"evento_sotto_titolo\"><p>Laboratorio per cori scolastici e giovanili<\/p>\n<\/span>\n          <p>Laboratorio di canto in coro e body percussion: impariamo a suonare le partiture con il corpo mentre le cantiamo con la nostra voce.<br \/>\nRiservato ai ragazzi dei cori scolastici e giovanili<\/p>\n<p><strong>Partecipanti<\/strong> Liceo Dettori (referente Andreina Saddi)<br \/>\nLiceo Siotto (referente Marina Neri), Chorus fabbrica<\/p>\n<p><strong>Con<\/strong> Stefano Baroni, Body Music and drum Circle Facilitator<\/p>\n<p>Ingresso libero<\/p>\n\n            <\/div>\n          <\/div>\n          <!-- other item -->\n          \n\t\n\t\n\t\n<\/div>\n\t\t\n          <div class=\"row\">\n            <div class=\"col-xs-12 col-md-8\">\n          \t\t<h2 class=\"h2_rosso\">Aprile<\/h2>\n            <\/div>\n            <div class=\"col-xs-12 col-md-4\"><\/div>\n          <\/div>\n          \n\n\n\n<div id=\"wpv-view-layout-12-CATTRefedf4a61df5a2bad08f7428eddc448cTCPID167\" class=\"js-wpv-view-layout js-wpv-layout-responsive js-wpv-view-layout-12-CATTRefedf4a61df5a2bad08f7428eddc448cTCPID167\" data-viewnumber=\"12-CATTRefedf4a61df5a2bad08f7428eddc448cTCPID167\" data-pagination=\"{&quot;id&quot;:&quot;12&quot;,&quot;base_permalink&quot;:&quot;\/omaggio-xx-secolo\/index.php?rest_route=%2Fwp%2Fv2%2Fpages%2F167&amp;wpv_view_count=12-CATTRefedf4a61df5a2bad08f7428eddc448cTCPID167&amp;wpv_paged=WPV_PAGE_NUM&quot;,&quot;query&quot;:&quot;normal&quot;,&quot;type&quot;:&quot;disabled&quot;,&quot;effect&quot;:&quot;fade&quot;,&quot;duration&quot;:&quot;500&quot;,&quot;speed&quot;:&quot;5&quot;,&quot;pause_on_hover&quot;:&quot;disabled&quot;,&quot;stop_rollover&quot;:&quot;false&quot;,&quot;cache_pages&quot;:&quot;enabled&quot;,&quot;preload_images&quot;:&quot;enabled&quot;,&quot;preload_pages&quot;:&quot;enabled&quot;,&quot;preload_reach&quot;:&quot;1&quot;,&quot;spinner&quot;:&quot;builtin&quot;,&quot;spinner_image&quot;:&quot;http:\/\/studiumcanticum.it\/omaggio-xx-secolo\/wp-content\/plugins\/wp-views\/embedded\/res\/img\/ajax-loader.gif&quot;,&quot;callback_next&quot;:&quot;&quot;,&quot;manage_history&quot;:&quot;enabled&quot;,&quot;has_controls_in_form&quot;:&quot;disabled&quot;,&quot;infinite_tolerance&quot;:&quot;0&quot;,&quot;max_pages&quot;:0,&quot;page&quot;:1,&quot;loop&quot;:{&quot;type&quot;:&quot;&quot;,&quot;name&quot;:&quot;&quot;,&quot;data&quot;:&#091;&#093;,&quot;id&quot;:0}}\" data-permalink=\"\/omaggio-xx-secolo\/index.php?rest_route=%2Fwp%2Fv2%2Fpages%2F167&#038;wpv_view_count=12-CATTRefedf4a61df5a2bad08f7428eddc448cTCPID167\">\n\n\t\n\t\n\t\t\n          \n          <div class=\"row\">\n            <div class=\"col-xs-12 col-md-4\">\n             <img width=\"600\" height=\"600\" src=\"https:\/\/studiumcanticum.it\/omaggio-xx-secolo\/wp-content\/uploads\/2017\/04\/corpi_che_suonano.png\" class=\"attachment-large size-large wp-post-image\" alt=\"Stefano Baroni\" loading=\"lazy\" srcset=\"https:\/\/studiumcanticum.it\/omaggio-xx-secolo\/wp-content\/uploads\/2017\/04\/corpi_che_suonano-66x66.png 66w, https:\/\/studiumcanticum.it\/omaggio-xx-secolo\/wp-content\/uploads\/2017\/04\/corpi_che_suonano-150x150.png 150w, https:\/\/studiumcanticum.it\/omaggio-xx-secolo\/wp-content\/uploads\/2017\/04\/corpi_che_suonano-200x200.png 200w, https:\/\/studiumcanticum.it\/omaggio-xx-secolo\/wp-content\/uploads\/2017\/04\/corpi_che_suonano-300x300.png 300w, https:\/\/studiumcanticum.it\/omaggio-xx-secolo\/wp-content\/uploads\/2017\/04\/corpi_che_suonano-400x400.png 400w, https:\/\/studiumcanticum.it\/omaggio-xx-secolo\/wp-content\/uploads\/2017\/04\/corpi_che_suonano.png 600w\" sizes=\"(max-width: 600px) 100vw, 600px\" \/>\n              <br>\n              <a href=\"https:\/\/www.flickr.com\/photos\/studiumcanticum\/sets\/72157680458529111\" target=\"_blank\" title=\"Vai alla gallery\">\n              <img src=\"http:\/\/studiumcanticum.it\/omaggio-xx-secolo\/wp-content\/uploads\/2017\/03\/icona-foto-1.png\" alt=\"Vai alla gallery\" width=\"42\" height=\"37\" class=\"size-full\" \/>\n              <\/a>\n              \n              \n             <a href=\"https:\/\/www.youtube.com\/watch?v=HI-aXzg16lk\" target=\"_blank\" title=\"Vai al video\">\n              <img src=\"http:\/\/studiumcanticum.it\/omaggio-xx-secolo\/wp-content\/uploads\/2017\/03\/icona-video-1.png\" alt=\"Vai al video\" width=\"42\" height=\"37\" class=\"size-full\" \/>\n              <\/a>\n              \n            <\/div>\n            <div class=\"col-xs-12 col-md-8\">\n              <a name=\"101\"><\/a>\n              <span class=\"evento_data\">Sabato 1<\/span>\n          <p>Corso Vittorio Emanuele<br \/>\nOre 19:00<\/p>\n\n              <span class=\"evento_titolo\">Corpi che suonano<\/span>\n              <span class=\"evento_sotto_titolo\"><p>Concerto per voci e suoni dal corpo<\/p>\n<\/span>\n          <p>L&#8217;evento inaugurale di Omaggio al XX secolo, un concerto \u2018di piazza\u2019, in cui 60 tra ragazzi e professori di cori scolastici e giovanili cittadini, cantano in polifonia e \u2018suonano\u2019 se stessi, invitando il pubblico a partecipare alla festa. Per voce e parti del corpo che suonano<\/p>\n<p><strong>Protagonisti<\/strong> Liceo Dettori (referente Andreina Saddi)<br \/>\nLiceo Siotto (referente Marina Neri), Chorus fabbrica<\/p>\n<p><strong>Con<\/strong> Stefano Baroni, Body Music and drum Circle Facilitator<br \/>\nStefania Pineider, direttore &#8211; Claudio Mosca, pianoforte<\/p>\n<p>Ingresso libero<\/p>\n\n            <\/div>\n          <\/div>\n          <!-- other item -->\n          \n          \n          <div class=\"row\">\n            <hr class=\"hr_rosso\">\n            <div class=\"col-xs-12 col-md-4\">\n             <img width=\"600\" height=\"600\" src=\"https:\/\/studiumcanticum.it\/omaggio-xx-secolo\/wp-content\/uploads\/2017\/05\/body-percussion_1-2-aprile-2017_600x600.jpg\" class=\"attachment-large size-large wp-post-image\" alt=\"\" loading=\"lazy\" srcset=\"https:\/\/studiumcanticum.it\/omaggio-xx-secolo\/wp-content\/uploads\/2017\/05\/body-percussion_1-2-aprile-2017_600x600-66x66.jpg 66w, https:\/\/studiumcanticum.it\/omaggio-xx-secolo\/wp-content\/uploads\/2017\/05\/body-percussion_1-2-aprile-2017_600x600-150x150.jpg 150w, https:\/\/studiumcanticum.it\/omaggio-xx-secolo\/wp-content\/uploads\/2017\/05\/body-percussion_1-2-aprile-2017_600x600-200x200.jpg 200w, https:\/\/studiumcanticum.it\/omaggio-xx-secolo\/wp-content\/uploads\/2017\/05\/body-percussion_1-2-aprile-2017_600x600-300x300.jpg 300w, https:\/\/studiumcanticum.it\/omaggio-xx-secolo\/wp-content\/uploads\/2017\/05\/body-percussion_1-2-aprile-2017_600x600-400x400.jpg 400w, https:\/\/studiumcanticum.it\/omaggio-xx-secolo\/wp-content\/uploads\/2017\/05\/body-percussion_1-2-aprile-2017_600x600.jpg 600w\" sizes=\"(max-width: 600px) 100vw, 600px\" \/>\n              \n              \n             \n            <\/div>\n            <div class=\"col-xs-12 col-md-8\">\n              <a name=\"243\"><\/a>\n              <span class=\"evento_data\">Sabato 1<br >Domenica 2<\/span>\n          <p>Via dei Genovesi 94<br \/>\nOre 15.00-18.00 (sabato)<br \/>\nOre 10.00-13.00; 15.00-18.00 (domenica)<\/p>\n\n              <span class=\"evento_titolo\">Il ritmo che attiva la mente<\/span>\n              <span class=\"evento_sotto_titolo\"><p>Workshop di Body Percussion<\/p>\n<\/span>\n          <p>Body music, musica e movimento, educazione all&#8217;ascolto: ecco tre dei temi del workshop di body percussion tenuto da Stefano Baroni. Giochi ritmici, attivit\u00e0 motorie, gesti suono, coreografie spontanee e strutturate, giochi cantati per tutti, anche senza competenze specifiche (ed in particolare per insegnanti, operatori musicali, musicoterapeuti, cantanti\u2026)<\/p>\n<p><strong>Con<\/strong> Stefano Baroni, Esperto Certificato Orff-Schlwerk<\/p>\n<p>Contributo di partecipazione \u20ac 75<\/p>\n\n            <\/div>\n          <\/div>\n\t\t\n          \n          <div class=\"row\">\n            <hr class=\"hr_rosso\">\n            <div class=\"col-xs-12 col-md-4\">\n             <img width=\"600\" height=\"600\" src=\"https:\/\/studiumcanticum.it\/omaggio-xx-secolo\/wp-content\/uploads\/2017\/05\/improvvisando_600x600.jpg\" class=\"attachment-large size-large wp-post-image\" alt=\"\" loading=\"lazy\" srcset=\"https:\/\/studiumcanticum.it\/omaggio-xx-secolo\/wp-content\/uploads\/2017\/05\/improvvisando_600x600-66x66.jpg 66w, https:\/\/studiumcanticum.it\/omaggio-xx-secolo\/wp-content\/uploads\/2017\/05\/improvvisando_600x600-150x150.jpg 150w, https:\/\/studiumcanticum.it\/omaggio-xx-secolo\/wp-content\/uploads\/2017\/05\/improvvisando_600x600-200x200.jpg 200w, https:\/\/studiumcanticum.it\/omaggio-xx-secolo\/wp-content\/uploads\/2017\/05\/improvvisando_600x600-300x300.jpg 300w, https:\/\/studiumcanticum.it\/omaggio-xx-secolo\/wp-content\/uploads\/2017\/05\/improvvisando_600x600-400x400.jpg 400w, https:\/\/studiumcanticum.it\/omaggio-xx-secolo\/wp-content\/uploads\/2017\/05\/improvvisando_600x600.jpg 600w\" sizes=\"(max-width: 600px) 100vw, 600px\" \/>\n              <br>\n              <a href=\"https:\/\/www.flickr.com\/photos\/studiumcanticum\/albums\/72157680510924323\" target=\"_blank\" title=\"Vai alla gallery\">\n              <img src=\"http:\/\/studiumcanticum.it\/omaggio-xx-secolo\/wp-content\/uploads\/2017\/03\/icona-foto-1.png\" alt=\"Vai alla gallery\" width=\"42\" height=\"37\" class=\"size-full\" \/>\n              <\/a>\n              \n              \n             \n            <\/div>\n            <div class=\"col-xs-12 col-md-8\">\n              <a name=\"164\"><\/a>\n              <span class=\"evento_data\">Domenica 30<br>Domenica 7 Maggio<\/span>\n          <p>Chiesa di S. Maria del Monte<br \/>\nOre 10.00-13.00<\/p>\n\n              <span class=\"evento_titolo\">Improvvisando imparo ad improvvisare<\/span>\n              <span class=\"evento_sotto_titolo\"><p>Workshop di improvvisazione istantanea<\/p>\n<\/span>\n          <p>Composizione istantanea? Da dove si comincia? Dall\u2019indicazione del soundpainter, del pittore di suono che, con una serie di gesti convenzionali, suggerir\u00e0 lo spunto per indirizzare la fantasia dei partecipanti. Una esperienza destabilizzante nel senso pi\u00f9 entusiasmante del termine. Per cantori\/cantanti con un minimo di consapevolezza nell\u2019uso della propria voce<\/p>\n<p>A cura di Daniele Ledda<\/p>\n<p>Ingresso libero<\/p>\n\n            <\/div>\n          <\/div>\n\t\t\n\t\n\t\n\t\n<\/div>\n\t\t\n          <div class=\"row\">\n            <div class=\"col-xs-12 col-md-8\">\n          \t\t<h2 class=\"h2_rosso\">Maggio<\/h2>\n            <\/div>\n            <div class=\"col-xs-12 col-md-4\"><\/div>\n          <\/div>\n          \n\n\n\n<div id=\"wpv-view-layout-12-CATTRd17245d87232bee528bf324821433365TCPID167\" class=\"js-wpv-view-layout js-wpv-layout-responsive js-wpv-view-layout-12-CATTRd17245d87232bee528bf324821433365TCPID167\" data-viewnumber=\"12-CATTRd17245d87232bee528bf324821433365TCPID167\" data-pagination=\"{&quot;id&quot;:&quot;12&quot;,&quot;base_permalink&quot;:&quot;\/omaggio-xx-secolo\/index.php?rest_route=%2Fwp%2Fv2%2Fpages%2F167&amp;wpv_view_count=12-CATTRd17245d87232bee528bf324821433365TCPID167&amp;wpv_paged=WPV_PAGE_NUM&quot;,&quot;query&quot;:&quot;normal&quot;,&quot;type&quot;:&quot;disabled&quot;,&quot;effect&quot;:&quot;fade&quot;,&quot;duration&quot;:&quot;500&quot;,&quot;speed&quot;:&quot;5&quot;,&quot;pause_on_hover&quot;:&quot;disabled&quot;,&quot;stop_rollover&quot;:&quot;false&quot;,&quot;cache_pages&quot;:&quot;enabled&quot;,&quot;preload_images&quot;:&quot;enabled&quot;,&quot;preload_pages&quot;:&quot;enabled&quot;,&quot;preload_reach&quot;:&quot;1&quot;,&quot;spinner&quot;:&quot;builtin&quot;,&quot;spinner_image&quot;:&quot;http:\/\/studiumcanticum.it\/omaggio-xx-secolo\/wp-content\/plugins\/wp-views\/embedded\/res\/img\/ajax-loader.gif&quot;,&quot;callback_next&quot;:&quot;&quot;,&quot;manage_history&quot;:&quot;enabled&quot;,&quot;has_controls_in_form&quot;:&quot;disabled&quot;,&quot;infinite_tolerance&quot;:&quot;0&quot;,&quot;max_pages&quot;:0,&quot;page&quot;:1,&quot;loop&quot;:{&quot;type&quot;:&quot;&quot;,&quot;name&quot;:&quot;&quot;,&quot;data&quot;:&#091;&#093;,&quot;id&quot;:0}}\" data-permalink=\"\/omaggio-xx-secolo\/index.php?rest_route=%2Fwp%2Fv2%2Fpages%2F167&#038;wpv_view_count=12-CATTRd17245d87232bee528bf324821433365TCPID167\">\n\n\t\n\t\n\t\t\n          \n          <div class=\"row\">\n            <div class=\"col-xs-12 col-md-4\">\n             <img width=\"600\" height=\"600\" src=\"https:\/\/studiumcanticum.it\/omaggio-xx-secolo\/wp-content\/uploads\/2017\/06\/concerto-aleatorio_600x600_.jpg\" class=\"attachment-large size-large wp-post-image\" alt=\"\" loading=\"lazy\" srcset=\"https:\/\/studiumcanticum.it\/omaggio-xx-secolo\/wp-content\/uploads\/2017\/06\/concerto-aleatorio_600x600_-66x66.jpg 66w, https:\/\/studiumcanticum.it\/omaggio-xx-secolo\/wp-content\/uploads\/2017\/06\/concerto-aleatorio_600x600_-150x150.jpg 150w, https:\/\/studiumcanticum.it\/omaggio-xx-secolo\/wp-content\/uploads\/2017\/06\/concerto-aleatorio_600x600_-200x200.jpg 200w, https:\/\/studiumcanticum.it\/omaggio-xx-secolo\/wp-content\/uploads\/2017\/06\/concerto-aleatorio_600x600_-300x300.jpg 300w, https:\/\/studiumcanticum.it\/omaggio-xx-secolo\/wp-content\/uploads\/2017\/06\/concerto-aleatorio_600x600_-400x400.jpg 400w, https:\/\/studiumcanticum.it\/omaggio-xx-secolo\/wp-content\/uploads\/2017\/06\/concerto-aleatorio_600x600_.jpg 600w\" sizes=\"(max-width: 600px) 100vw, 600px\" \/>\n              <br>\n              <a href=\"https:\/\/www.flickr.com\/photos\/studiumcanticum\/sets\/72157681755732852\" target=\"_blank\" title=\"Vai alla gallery\">\n              <img src=\"http:\/\/studiumcanticum.it\/omaggio-xx-secolo\/wp-content\/uploads\/2017\/03\/icona-foto-1.png\" alt=\"Vai alla gallery\" width=\"42\" height=\"37\" class=\"size-full\" \/>\n              <\/a>\n              \n              \n             <a href=\"https:\/\/www.youtube.com\/watch?v=OgdyijmeZbU\" target=\"_blank\" title=\"Vai al video\">\n              <img src=\"http:\/\/studiumcanticum.it\/omaggio-xx-secolo\/wp-content\/uploads\/2017\/03\/icona-video-1.png\" alt=\"Vai al video\" width=\"42\" height=\"37\" class=\"size-full\" \/>\n              <\/a>\n              \n            <\/div>\n            <div class=\"col-xs-12 col-md-8\">\n              <a name=\"162\"><\/a>\n              <span class=\"evento_data\">Sabato 13<\/span>\n          <p>Chiesa Cristiana Evangelica Battista<br \/>\nOre 20.00<\/p>\n\n              <span class=\"evento_titolo\">Concerto aleatorio per Monumenti Aperti<\/span>\n              <span class=\"evento_sotto_titolo\"><p>Concerto chiacchierata sulla musica aleatoria<\/p>\n<\/span>\n          <p>Il concerto \u00e8 \u2018aleatorio\u2019 perch\u00e9 alcune parti della composizione sono di creazione del compositore, altre, invece, sono lasciate alle libere decisioni dell&#8217;esecutore (cos\u00ec come il pubblico, se vorr\u00e0, potr\u00e0 sperimentare). Una chiacchierata su questa \u2018tecnica\u2019, con esempi musicali dal vivo, che sar\u00e0 condotta da Pier Paolo Scattolin<\/p>\n<p><strong>Intepreti<\/strong> Studium Canticum, Ad libitum, Chorus fabbrica<br \/>\nPier Paolo Scattolin, direttore<\/p>\n\n            <\/div>\n          <\/div>\n          <!-- other item -->\n          \n          \n          <div class=\"row\">\n            <hr class=\"hr_rosso\">\n            <div class=\"col-xs-12 col-md-4\">\n             <img width=\"600\" height=\"600\" src=\"https:\/\/studiumcanticum.it\/omaggio-xx-secolo\/wp-content\/uploads\/2017\/05\/snake-voices_600x600.jpg\" class=\"attachment-large size-large wp-post-image\" alt=\"\" loading=\"lazy\" srcset=\"https:\/\/studiumcanticum.it\/omaggio-xx-secolo\/wp-content\/uploads\/2017\/05\/snake-voices_600x600-66x66.jpg 66w, https:\/\/studiumcanticum.it\/omaggio-xx-secolo\/wp-content\/uploads\/2017\/05\/snake-voices_600x600-150x150.jpg 150w, https:\/\/studiumcanticum.it\/omaggio-xx-secolo\/wp-content\/uploads\/2017\/05\/snake-voices_600x600-200x200.jpg 200w, https:\/\/studiumcanticum.it\/omaggio-xx-secolo\/wp-content\/uploads\/2017\/05\/snake-voices_600x600-300x300.jpg 300w, https:\/\/studiumcanticum.it\/omaggio-xx-secolo\/wp-content\/uploads\/2017\/05\/snake-voices_600x600-400x400.jpg 400w, https:\/\/studiumcanticum.it\/omaggio-xx-secolo\/wp-content\/uploads\/2017\/05\/snake-voices_600x600.jpg 600w\" sizes=\"(max-width: 600px) 100vw, 600px\" \/>\n              <br>\n              <a href=\"https:\/\/www.flickr.com\/photos\/studiumcanticum\/albums\/72157680832222734\" target=\"_blank\" title=\"Vai alla gallery\">\n              <img src=\"http:\/\/studiumcanticum.it\/omaggio-xx-secolo\/wp-content\/uploads\/2017\/03\/icona-foto-1.png\" alt=\"Vai alla gallery\" width=\"42\" height=\"37\" class=\"size-full\" \/>\n              <\/a>\n              \n              \n             \n            <\/div>\n            <div class=\"col-xs-12 col-md-8\">\n              <a name=\"247\"><\/a>\n              <span class=\"evento_data\">Domenica 14<\/span>\n          <p>Orto dei Cappuccini<br \/>\nOre 12.30<\/p>\n\n              <span class=\"evento_titolo\">Snake Voices per Monumenti Aperti<\/span>\n              <span class=\"evento_sotto_titolo\"><p>Performance di composizione istantanea<\/p>\n<\/span>\n          <p>Un gruppo di voci che parlano, un gruppo di voci che cantano, un gruppo di strumenti, per una performance di composizione istantanea. Cosa sentir\u00e0 il pubblico? Impossibile a prevedersi, certamente qualcosa di irripetibile!<\/p>\n<p><strong>Protagonisti<\/strong> Snake Chamber (John Maida, violino &#8211; Valter Mascia, sax soprano &#8211; Stefano Cocco, percussioni &#8211; Francesca Romana Motzo, clarinetto) Ad libitum, Studium Canticum ed i partecipanti al laboratorio<br \/>\nDaniele Ledda, direzione<\/p>\n\n            <\/div>\n          <\/div>\n\t\t\n          \n          <div class=\"row\">\n            <hr class=\"hr_rosso\">\n            <div class=\"col-xs-12 col-md-4\">\n             <img width=\"600\" height=\"600\" src=\"https:\/\/studiumcanticum.it\/omaggio-xx-secolo\/wp-content\/uploads\/2017\/05\/canta-ovvero-respira_600x600.jpg\" class=\"attachment-large size-large wp-post-image\" alt=\"\" loading=\"lazy\" srcset=\"https:\/\/studiumcanticum.it\/omaggio-xx-secolo\/wp-content\/uploads\/2017\/05\/canta-ovvero-respira_600x600-66x66.jpg 66w, https:\/\/studiumcanticum.it\/omaggio-xx-secolo\/wp-content\/uploads\/2017\/05\/canta-ovvero-respira_600x600-150x150.jpg 150w, https:\/\/studiumcanticum.it\/omaggio-xx-secolo\/wp-content\/uploads\/2017\/05\/canta-ovvero-respira_600x600-200x200.jpg 200w, https:\/\/studiumcanticum.it\/omaggio-xx-secolo\/wp-content\/uploads\/2017\/05\/canta-ovvero-respira_600x600-300x300.jpg 300w, https:\/\/studiumcanticum.it\/omaggio-xx-secolo\/wp-content\/uploads\/2017\/05\/canta-ovvero-respira_600x600-400x400.jpg 400w, https:\/\/studiumcanticum.it\/omaggio-xx-secolo\/wp-content\/uploads\/2017\/05\/canta-ovvero-respira_600x600.jpg 600w\" sizes=\"(max-width: 600px) 100vw, 600px\" \/>\n              <br>\n              <a href=\"https:\/\/www.flickr.com\/photos\/studiumcanticum\/albums\/72157682033503851\" target=\"_blank\" title=\"Vai alla gallery\">\n              <img src=\"http:\/\/studiumcanticum.it\/omaggio-xx-secolo\/wp-content\/uploads\/2017\/03\/icona-foto-1.png\" alt=\"Vai alla gallery\" width=\"42\" height=\"37\" class=\"size-full\" \/>\n              <\/a>\n              \n              \n             \n            <\/div>\n            <div class=\"col-xs-12 col-md-8\">\n              <a name=\"248\"><\/a>\n              <span class=\"evento_data\">Venerd\u00ec 19<br>Sabato 20<\/span>\n          <p>Insieme per la danza<br \/>\nOre 19.00 oppure 20.00 (venerd\u00ec)<br \/>\nOre 10.00 oppure 11.00 (sabato)<\/p>\n\n              <span class=\"evento_titolo\">Canta, ovvero, respira!<\/span>\n              <span class=\"evento_sotto_titolo\"><p>Workshop sul respiro consapevole<\/p>\n<\/span>\n          <p>Per sperimentare come acquisire un buon respiro per il canto (e non solo!): non tanta aria inspirata ma la consapevolezza della muscolatura espiratoria, che favorisca le dinamiche del suo utilizzo. Con esercizi percettivi che in modo eloquente ce ne faranno intuire i meccanismi<\/p>\n<p>A cura di Debora Fadda<\/p>\n<p>Contributo di partecipazione \u20ac 5<\/p>\n\n            <\/div>\n          <\/div>\n\t\t\n          \n          <div class=\"row\">\n            <hr class=\"hr_rosso\">\n            <div class=\"col-xs-12 col-md-4\">\n             <img width=\"600\" height=\"600\" src=\"https:\/\/studiumcanticum.it\/omaggio-xx-secolo\/wp-content\/uploads\/2017\/06\/ragazzo-violino_01_600x600.jpg\" class=\"attachment-large size-large wp-post-image\" alt=\"\" loading=\"lazy\" srcset=\"https:\/\/studiumcanticum.it\/omaggio-xx-secolo\/wp-content\/uploads\/2017\/06\/ragazzo-violino_01_600x600-66x66.jpg 66w, https:\/\/studiumcanticum.it\/omaggio-xx-secolo\/wp-content\/uploads\/2017\/06\/ragazzo-violino_01_600x600-150x150.jpg 150w, https:\/\/studiumcanticum.it\/omaggio-xx-secolo\/wp-content\/uploads\/2017\/06\/ragazzo-violino_01_600x600-200x200.jpg 200w, https:\/\/studiumcanticum.it\/omaggio-xx-secolo\/wp-content\/uploads\/2017\/06\/ragazzo-violino_01_600x600-300x300.jpg 300w, https:\/\/studiumcanticum.it\/omaggio-xx-secolo\/wp-content\/uploads\/2017\/06\/ragazzo-violino_01_600x600-400x400.jpg 400w, https:\/\/studiumcanticum.it\/omaggio-xx-secolo\/wp-content\/uploads\/2017\/06\/ragazzo-violino_01_600x600.jpg 600w\" sizes=\"(max-width: 600px) 100vw, 600px\" \/>\n              <br>\n              <a href=\"https:\/\/www.flickr.com\/photos\/studiumcanticum\/albums\/72157681380637454\" target=\"_blank\" title=\"Vai alla gallery\">\n              <img src=\"http:\/\/studiumcanticum.it\/omaggio-xx-secolo\/wp-content\/uploads\/2017\/03\/icona-foto-1.png\" alt=\"Vai alla gallery\" width=\"42\" height=\"37\" class=\"size-full\" \/>\n              <\/a>\n              \n              \n                <a href=\"https:\/\/www.flickr.com\/photos\/studiumcanticum\/albums\/72157681474343073\" target=\"_blank\" title=\"Vai alla gallery\">\n              <img src=\"http:\/\/studiumcanticum.it\/omaggio-xx-secolo\/wp-content\/uploads\/2017\/03\/icona-foto-1.png\" alt=\"Vai alla gallery\" width=\"42\" height=\"37\" class=\"size-full\" \/>\n              <\/a>\n              \n             <a href=\"https:\/\/youtu.be\/VdE2dfMIXQI\" target=\"_blank\" title=\"Vai al video\">\n              <img src=\"http:\/\/studiumcanticum.it\/omaggio-xx-secolo\/wp-content\/uploads\/2017\/03\/icona-video-1.png\" alt=\"Vai al video\" width=\"42\" height=\"37\" class=\"size-full\" \/>\n              <\/a>\n              \n            <\/div>\n            <div class=\"col-xs-12 col-md-8\">\n              <a name=\"249\"><\/a>\n              <span class=\"evento_data\">Venerd\u00ec 26<\/span>\n          <p>Teatro Leopardi<br \/>\nOre 18.00 oppure 19.00 (due spettacoli)<\/p>\n\n              <span class=\"evento_titolo\">Il ragazzo col violino<\/span>\n              <span class=\"evento_sotto_titolo\"><p>Operina per piccolo ensemble, coro e attori<\/p>\n<\/span>\n          <p>L\u2019incontro tra il testo di Roberto Piumini e la musica di Andrea Basevi interpretato sul palco dal coro scolastico della Scuola primaria di Via Toti formato da cinque classi, insieme con la Compagnia dei Ragazzi di Cagliari: una vera operina, in cui musica e parola si avvicendano efficacemente<\/p>\n<p><strong>Protagonisti<\/strong> Classi IIA IIB IIIB IVB VB Scuola di Via Toti, coro &#8211; Compagnia dei Ragazzi di Cagliari diretta da Monica Zuncheddu, attori \u2013 Manuele Pinna, pianoforte \u2013 Luca Persico, violino<\/p>\n<p>Ingresso libero<\/p>\n\n            <\/div>\n          <\/div>\n\t\t\n\t\n\t\n\t\n<\/div>\n\t\t\n          <div class=\"row\">\n            <div class=\"col-xs-12 col-md-8\">\n          \t\t<h2 class=\"h2_rosso\">Giugno<\/h2>\n            <\/div>\n            <div class=\"col-xs-12 col-md-4\"><\/div>\n          <\/div>\n          \n\n\n\n<div id=\"wpv-view-layout-12-CATTR98d40b2fee0218a1bbd2974bbf128d4bTCPID167\" class=\"js-wpv-view-layout js-wpv-layout-responsive js-wpv-view-layout-12-CATTR98d40b2fee0218a1bbd2974bbf128d4bTCPID167\" data-viewnumber=\"12-CATTR98d40b2fee0218a1bbd2974bbf128d4bTCPID167\" data-pagination=\"{&quot;id&quot;:&quot;12&quot;,&quot;base_permalink&quot;:&quot;\/omaggio-xx-secolo\/index.php?rest_route=%2Fwp%2Fv2%2Fpages%2F167&amp;wpv_view_count=12-CATTR98d40b2fee0218a1bbd2974bbf128d4bTCPID167&amp;wpv_paged=WPV_PAGE_NUM&quot;,&quot;query&quot;:&quot;normal&quot;,&quot;type&quot;:&quot;disabled&quot;,&quot;effect&quot;:&quot;fade&quot;,&quot;duration&quot;:&quot;500&quot;,&quot;speed&quot;:&quot;5&quot;,&quot;pause_on_hover&quot;:&quot;disabled&quot;,&quot;stop_rollover&quot;:&quot;false&quot;,&quot;cache_pages&quot;:&quot;enabled&quot;,&quot;preload_images&quot;:&quot;enabled&quot;,&quot;preload_pages&quot;:&quot;enabled&quot;,&quot;preload_reach&quot;:&quot;1&quot;,&quot;spinner&quot;:&quot;builtin&quot;,&quot;spinner_image&quot;:&quot;http:\/\/studiumcanticum.it\/omaggio-xx-secolo\/wp-content\/plugins\/wp-views\/embedded\/res\/img\/ajax-loader.gif&quot;,&quot;callback_next&quot;:&quot;&quot;,&quot;manage_history&quot;:&quot;enabled&quot;,&quot;has_controls_in_form&quot;:&quot;disabled&quot;,&quot;infinite_tolerance&quot;:&quot;0&quot;,&quot;max_pages&quot;:0,&quot;page&quot;:1,&quot;loop&quot;:{&quot;type&quot;:&quot;&quot;,&quot;name&quot;:&quot;&quot;,&quot;data&quot;:&#091;&#093;,&quot;id&quot;:0}}\" data-permalink=\"\/omaggio-xx-secolo\/index.php?rest_route=%2Fwp%2Fv2%2Fpages%2F167&#038;wpv_view_count=12-CATTR98d40b2fee0218a1bbd2974bbf128d4bTCPID167\">\n\n\t\n\t\n\t\t\n          \n          <div class=\"row\">\n            <div class=\"col-xs-12 col-md-4\">\n             <img width=\"600\" height=\"600\" src=\"https:\/\/studiumcanticum.it\/omaggio-xx-secolo\/wp-content\/uploads\/2017\/03\/workshop-morgan_600x600_a.jpg\" class=\"attachment-large size-large wp-post-image\" alt=\"\" loading=\"lazy\" srcset=\"https:\/\/studiumcanticum.it\/omaggio-xx-secolo\/wp-content\/uploads\/2017\/03\/workshop-morgan_600x600_a-66x66.jpg 66w, https:\/\/studiumcanticum.it\/omaggio-xx-secolo\/wp-content\/uploads\/2017\/03\/workshop-morgan_600x600_a-150x150.jpg 150w, https:\/\/studiumcanticum.it\/omaggio-xx-secolo\/wp-content\/uploads\/2017\/03\/workshop-morgan_600x600_a-200x200.jpg 200w, https:\/\/studiumcanticum.it\/omaggio-xx-secolo\/wp-content\/uploads\/2017\/03\/workshop-morgan_600x600_a-300x300.jpg 300w, https:\/\/studiumcanticum.it\/omaggio-xx-secolo\/wp-content\/uploads\/2017\/03\/workshop-morgan_600x600_a-400x400.jpg 400w, https:\/\/studiumcanticum.it\/omaggio-xx-secolo\/wp-content\/uploads\/2017\/03\/workshop-morgan_600x600_a.jpg 600w\" sizes=\"(max-width: 600px) 100vw, 600px\" \/>\n              <br>\n              <a href=\"https:\/\/www.flickr.com\/photos\/studiumcanticum\/albums\/72157686125788896\" target=\"_blank\" title=\"Vai alla gallery\">\n              <img src=\"http:\/\/studiumcanticum.it\/omaggio-xx-secolo\/wp-content\/uploads\/2017\/03\/icona-foto-1.png\" alt=\"Vai alla gallery\" width=\"42\" height=\"37\" class=\"size-full\" \/>\n              <\/a>\n              \n              \n             \n            <\/div>\n            <div class=\"col-xs-12 col-md-8\">\n              <a name=\"250\"><\/a>\n              <span class=\"evento_data\">Giovedi 8<\/span>\n          <p>Chiesa Cristiana Evangelica Battista<br \/>\nOre 19.00<\/p>\n\n              <span class=\"evento_titolo\">Canta, ovvero, respira!<\/span>\n              <span class=\"evento_sotto_titolo\"><p>Workshop di tecnica vocale<\/p>\n<\/span>\n          <p>La ventennale esperienza internazionale di cantante e vocal trainer di Ghislaine Morgan per esplorare lo spazio del suono, le tecniche di risonanza, gli acerrimi nemici del suono \u2018libero\u2019 (lingua, naso, gola) e altri segreti per una naturale emissione cantata<\/p>\n<p>A cura di Ghislaine Morgan<\/p>\n<p>Contributo di partecipazione \u20ac 15<\/p>\n\n            <\/div>\n          <\/div>\n          <!-- other item -->\n          \n          \n          <div class=\"row\">\n            <hr class=\"hr_rosso\">\n            <div class=\"col-xs-12 col-md-4\">\n             <img width=\"600\" height=\"600\" src=\"https:\/\/studiumcanticum.it\/omaggio-xx-secolo\/wp-content\/uploads\/2017\/06\/concerto-d-estate_600x600.jpg\" class=\"attachment-large size-large wp-post-image\" alt=\"\" loading=\"lazy\" srcset=\"https:\/\/studiumcanticum.it\/omaggio-xx-secolo\/wp-content\/uploads\/2017\/06\/concerto-d-estate_600x600-66x66.jpg 66w, https:\/\/studiumcanticum.it\/omaggio-xx-secolo\/wp-content\/uploads\/2017\/06\/concerto-d-estate_600x600-150x150.jpg 150w, https:\/\/studiumcanticum.it\/omaggio-xx-secolo\/wp-content\/uploads\/2017\/06\/concerto-d-estate_600x600-200x200.jpg 200w, https:\/\/studiumcanticum.it\/omaggio-xx-secolo\/wp-content\/uploads\/2017\/06\/concerto-d-estate_600x600-300x300.jpg 300w, https:\/\/studiumcanticum.it\/omaggio-xx-secolo\/wp-content\/uploads\/2017\/06\/concerto-d-estate_600x600-400x400.jpg 400w, https:\/\/studiumcanticum.it\/omaggio-xx-secolo\/wp-content\/uploads\/2017\/06\/concerto-d-estate_600x600.jpg 600w\" sizes=\"(max-width: 600px) 100vw, 600px\" \/>\n              <br>\n              <a href=\"https:\/\/www.flickr.com\/photos\/studiumcanticum\/albums\/72157686126144386\" target=\"_blank\" title=\"Vai alla gallery\">\n              <img src=\"http:\/\/studiumcanticum.it\/omaggio-xx-secolo\/wp-content\/uploads\/2017\/03\/icona-foto-1.png\" alt=\"Vai alla gallery\" width=\"42\" height=\"37\" class=\"size-full\" \/>\n              <\/a>\n              \n              \n             \n            <\/div>\n            <div class=\"col-xs-12 col-md-8\">\n              <a name=\"513\"><\/a>\n              <span class=\"evento_data\">Mercoled\u00ec 21<\/span>\n          <p>Chiesa Monumentale di S. Chiara<br \/>\nOre 19.00<\/p>\n\n              <span class=\"evento_titolo\">Concerto d&#8217;estate<\/span>\n              <span class=\"evento_sotto_titolo\"><p>per la Festa della Musica<\/p>\n<\/span>\n          <p>Tradizionale Concerto d&#8217;estate di Scuole in\u00a0 Coro, in occasione della Festa della Musica, dedicato alla produzione di compositori novecenteschi per coro di voci bianche.<\/p>\n<p><strong>Protagonisti<\/strong>\u00a0 Scuole in Coro, direttore Stefania Pineider &#8211; Manuele Pinna, pianoforte<\/p>\n<p>Ingresso libero<\/p>\n<p>&nbsp;<\/p>\n\n            <\/div>\n          <\/div>\n\t\t\n\t\n\t\n\t\n<\/div>\n\t\t\n          <div class=\"row\">\n            <div class=\"col-xs-12 col-md-8\">\n          \t\t<h2 class=\"h2_rosso\">Luglio<\/h2>\n            <\/div>\n            <div class=\"col-xs-12 col-md-4\"><\/div>\n          <\/div>\n          \n\n\n\n<div id=\"wpv-view-layout-12-CATTRebbb677f699c0f61aac90b88fe640e1bTCPID167\" class=\"js-wpv-view-layout js-wpv-layout-responsive js-wpv-view-layout-12-CATTRebbb677f699c0f61aac90b88fe640e1bTCPID167\" data-viewnumber=\"12-CATTRebbb677f699c0f61aac90b88fe640e1bTCPID167\" data-pagination=\"{&quot;id&quot;:&quot;12&quot;,&quot;base_permalink&quot;:&quot;\/omaggio-xx-secolo\/index.php?rest_route=%2Fwp%2Fv2%2Fpages%2F167&amp;wpv_view_count=12-CATTRebbb677f699c0f61aac90b88fe640e1bTCPID167&amp;wpv_paged=WPV_PAGE_NUM&quot;,&quot;query&quot;:&quot;normal&quot;,&quot;type&quot;:&quot;disabled&quot;,&quot;effect&quot;:&quot;fade&quot;,&quot;duration&quot;:&quot;500&quot;,&quot;speed&quot;:&quot;5&quot;,&quot;pause_on_hover&quot;:&quot;disabled&quot;,&quot;stop_rollover&quot;:&quot;false&quot;,&quot;cache_pages&quot;:&quot;enabled&quot;,&quot;preload_images&quot;:&quot;enabled&quot;,&quot;preload_pages&quot;:&quot;enabled&quot;,&quot;preload_reach&quot;:&quot;1&quot;,&quot;spinner&quot;:&quot;builtin&quot;,&quot;spinner_image&quot;:&quot;http:\/\/studiumcanticum.it\/omaggio-xx-secolo\/wp-content\/plugins\/wp-views\/embedded\/res\/img\/ajax-loader.gif&quot;,&quot;callback_next&quot;:&quot;&quot;,&quot;manage_history&quot;:&quot;enabled&quot;,&quot;has_controls_in_form&quot;:&quot;disabled&quot;,&quot;infinite_tolerance&quot;:&quot;0&quot;,&quot;max_pages&quot;:0,&quot;page&quot;:1,&quot;loop&quot;:{&quot;type&quot;:&quot;&quot;,&quot;name&quot;:&quot;&quot;,&quot;data&quot;:&#091;&#093;,&quot;id&quot;:0}}\" data-permalink=\"\/omaggio-xx-secolo\/index.php?rest_route=%2Fwp%2Fv2%2Fpages%2F167&#038;wpv_view_count=12-CATTRebbb677f699c0f61aac90b88fe640e1bTCPID167\">\n\n\t\n\t\n\t\t\n          \n          <div class=\"row\">\n            <div class=\"col-xs-12 col-md-4\">\n             <img width=\"600\" height=\"600\" src=\"https:\/\/studiumcanticum.it\/omaggio-xx-secolo\/wp-content\/uploads\/2017\/07\/percorsi-cagliari-paesaggio_600x600.jpg\" class=\"attachment-large size-large wp-post-image\" alt=\"\" loading=\"lazy\" srcset=\"https:\/\/studiumcanticum.it\/omaggio-xx-secolo\/wp-content\/uploads\/2017\/07\/percorsi-cagliari-paesaggio_600x600-66x66.jpg 66w, https:\/\/studiumcanticum.it\/omaggio-xx-secolo\/wp-content\/uploads\/2017\/07\/percorsi-cagliari-paesaggio_600x600-150x150.jpg 150w, https:\/\/studiumcanticum.it\/omaggio-xx-secolo\/wp-content\/uploads\/2017\/07\/percorsi-cagliari-paesaggio_600x600-200x200.jpg 200w, https:\/\/studiumcanticum.it\/omaggio-xx-secolo\/wp-content\/uploads\/2017\/07\/percorsi-cagliari-paesaggio_600x600-300x300.jpg 300w, https:\/\/studiumcanticum.it\/omaggio-xx-secolo\/wp-content\/uploads\/2017\/07\/percorsi-cagliari-paesaggio_600x600-400x400.jpg 400w, https:\/\/studiumcanticum.it\/omaggio-xx-secolo\/wp-content\/uploads\/2017\/07\/percorsi-cagliari-paesaggio_600x600.jpg 600w\" sizes=\"(max-width: 600px) 100vw, 600px\" \/>\n              <br>\n              <a href=\"https:\/\/www.flickr.com\/photos\/studiumcanticum\/albums\/72157684369771291\" target=\"_blank\" title=\"Vai alla gallery\">\n              <img src=\"http:\/\/studiumcanticum.it\/omaggio-xx-secolo\/wp-content\/uploads\/2017\/03\/icona-foto-1.png\" alt=\"Vai alla gallery\" width=\"42\" height=\"37\" class=\"size-full\" \/>\n              <\/a>\n              \n              \n             <a href=\"https:\/\/youtu.be\/fg637tkbCtg\" target=\"_blank\" title=\"Vai al video\">\n              <img src=\"http:\/\/studiumcanticum.it\/omaggio-xx-secolo\/wp-content\/uploads\/2017\/03\/icona-video-1.png\" alt=\"Vai al video\" width=\"42\" height=\"37\" class=\"size-full\" \/>\n              <\/a>\n              \n            <\/div>\n            <div class=\"col-xs-12 col-md-8\">\n              <a name=\"252\"><\/a>\n              <span class=\"evento_data\">Venerd\u00ec 21<\/span>\n          <p>Nel cuore di Stampace<br \/>\nOre 19.00<\/p>\n\n              <span class=\"evento_titolo\">Percorsi<\/span>\n              <span class=\"evento_sotto_titolo\"><\/span>\n          <p>Un intreccio di strade (in un percorso legato ai bombardamenti): quelle reali, che percorreremo accompagnati da una guida turistica professionista; quelle della letteratura che Elio Turno Arthemalle legger\u00e0 per noi nei diversi luoghi; quelle delle voci, che trarranno da luoghi e racconti l\u2019ispirazione per il loro canto.<\/p>\n<p><strong>Protagonisti<\/strong> Federica Marrocu, curatrice dell&#8217;itinerario turistico &#8211; Elio Turno Arthemalle, letture tematiche &#8211; Studium Canticum, evocazioni sonore<\/p>\n<p>Ingresso libero su prenotazione (3389403280).<br \/>\nPunto di incontro Piazza Yenne (supermercato Crai)<\/p>\n<p>&nbsp;<\/p>\n<p><a href=\"https:\/\/cagliaripaesaggio.com\/event_sette_tappe\/\">https:\/\/cagliaripaesaggio.com\/event_sette_tappe\/<\/a><\/p>\n<p>&nbsp;<\/p>\n<p>&nbsp;<\/p>\n\n            <\/div>\n          <\/div>\n          <!-- other item -->\n          \n\t\n\t\n\t\n<\/div>\n\t\t\n          <div class=\"row\">\n            <div class=\"col-xs-12 col-md-8\">\n          \t\t<h2 class=\"h2_rosso\">Agosto<\/h2>\n            <\/div>\n            <div class=\"col-xs-12 col-md-4\"><\/div>\n          <\/div>\n          \n\n\n\n<div id=\"wpv-view-layout-12-CATTR7b046b474c40e24b1f73a38746041aaaTCPID167\" class=\"js-wpv-view-layout js-wpv-layout-responsive js-wpv-view-layout-12-CATTR7b046b474c40e24b1f73a38746041aaaTCPID167\" data-viewnumber=\"12-CATTR7b046b474c40e24b1f73a38746041aaaTCPID167\" data-pagination=\"{&quot;id&quot;:&quot;12&quot;,&quot;base_permalink&quot;:&quot;\/omaggio-xx-secolo\/index.php?rest_route=%2Fwp%2Fv2%2Fpages%2F167&amp;wpv_view_count=12-CATTR7b046b474c40e24b1f73a38746041aaaTCPID167&amp;wpv_paged=WPV_PAGE_NUM&quot;,&quot;query&quot;:&quot;normal&quot;,&quot;type&quot;:&quot;disabled&quot;,&quot;effect&quot;:&quot;fade&quot;,&quot;duration&quot;:&quot;500&quot;,&quot;speed&quot;:&quot;5&quot;,&quot;pause_on_hover&quot;:&quot;disabled&quot;,&quot;stop_rollover&quot;:&quot;false&quot;,&quot;cache_pages&quot;:&quot;enabled&quot;,&quot;preload_images&quot;:&quot;enabled&quot;,&quot;preload_pages&quot;:&quot;enabled&quot;,&quot;preload_reach&quot;:&quot;1&quot;,&quot;spinner&quot;:&quot;builtin&quot;,&quot;spinner_image&quot;:&quot;http:\/\/studiumcanticum.it\/omaggio-xx-secolo\/wp-content\/plugins\/wp-views\/embedded\/res\/img\/ajax-loader.gif&quot;,&quot;callback_next&quot;:&quot;&quot;,&quot;manage_history&quot;:&quot;enabled&quot;,&quot;has_controls_in_form&quot;:&quot;disabled&quot;,&quot;infinite_tolerance&quot;:&quot;0&quot;,&quot;max_pages&quot;:0,&quot;page&quot;:1,&quot;loop&quot;:{&quot;type&quot;:&quot;&quot;,&quot;name&quot;:&quot;&quot;,&quot;data&quot;:&#091;&#093;,&quot;id&quot;:0}}\" data-permalink=\"\/omaggio-xx-secolo\/index.php?rest_route=%2Fwp%2Fv2%2Fpages%2F167&#038;wpv_view_count=12-CATTR7b046b474c40e24b1f73a38746041aaaTCPID167\">\n\n\t\n\t\n\t\t\n          \n          <div class=\"row\">\n            <div class=\"col-xs-12 col-md-4\">\n             \n              \n              \n             \n            <\/div>\n            <div class=\"col-xs-12 col-md-8\">\n              <a name=\"512\"><\/a>\n              <span class=\"evento_data\">Venerd\u00ec 25<\/span>\n          <p>Luogo da definire<br \/>\nOre 21.00<\/p>\n\n              <span class=\"evento_titolo\">People Play Jazz<\/span>\n              <span class=\"evento_sotto_titolo\"><\/span>\n          <p>Una immersione in gradevoli armonie jazz, dall\u2019impatto emotivo molto marcato: la <em>Little Jazz Mass<\/em> di B. Chilcott per coro femminile lascer\u00e0 il posto alle campiture pi\u00f9 vaste della <em>Jazz Mass<\/em> di S. Dobrogosz per coro misto<\/p>\n<p><strong>Protagonisti<\/strong> Chorus fabbrica, Studium Canticum<\/p>\n\n            <\/div>\n          <\/div>\n          <!-- other item -->\n          \n\t\n\t\n\t\n<\/div>\n\t\t\n          <div class=\"row\">\n            <div class=\"col-xs-12 col-md-8\">\n          \t\t<h2 class=\"h2_rosso\">Settembre<\/h2>\n            <\/div>\n            <div class=\"col-xs-12 col-md-4\"><\/div>\n          <\/div>\n          \n\n\n\n<div id=\"wpv-view-layout-12-CATTR591718929d2ba49dba787559c3529bd7TCPID167\" class=\"js-wpv-view-layout js-wpv-layout-responsive js-wpv-view-layout-12-CATTR591718929d2ba49dba787559c3529bd7TCPID167\" data-viewnumber=\"12-CATTR591718929d2ba49dba787559c3529bd7TCPID167\" data-pagination=\"{&quot;id&quot;:&quot;12&quot;,&quot;base_permalink&quot;:&quot;\/omaggio-xx-secolo\/index.php?rest_route=%2Fwp%2Fv2%2Fpages%2F167&amp;wpv_view_count=12-CATTR591718929d2ba49dba787559c3529bd7TCPID167&amp;wpv_paged=WPV_PAGE_NUM&quot;,&quot;query&quot;:&quot;normal&quot;,&quot;type&quot;:&quot;disabled&quot;,&quot;effect&quot;:&quot;fade&quot;,&quot;duration&quot;:&quot;500&quot;,&quot;speed&quot;:&quot;5&quot;,&quot;pause_on_hover&quot;:&quot;disabled&quot;,&quot;stop_rollover&quot;:&quot;false&quot;,&quot;cache_pages&quot;:&quot;enabled&quot;,&quot;preload_images&quot;:&quot;enabled&quot;,&quot;preload_pages&quot;:&quot;enabled&quot;,&quot;preload_reach&quot;:&quot;1&quot;,&quot;spinner&quot;:&quot;builtin&quot;,&quot;spinner_image&quot;:&quot;http:\/\/studiumcanticum.it\/omaggio-xx-secolo\/wp-content\/plugins\/wp-views\/embedded\/res\/img\/ajax-loader.gif&quot;,&quot;callback_next&quot;:&quot;&quot;,&quot;manage_history&quot;:&quot;enabled&quot;,&quot;has_controls_in_form&quot;:&quot;disabled&quot;,&quot;infinite_tolerance&quot;:&quot;0&quot;,&quot;max_pages&quot;:0,&quot;page&quot;:1,&quot;loop&quot;:{&quot;type&quot;:&quot;&quot;,&quot;name&quot;:&quot;&quot;,&quot;data&quot;:&#091;&#093;,&quot;id&quot;:0}}\" data-permalink=\"\/omaggio-xx-secolo\/index.php?rest_route=%2Fwp%2Fv2%2Fpages%2F167&#038;wpv_view_count=12-CATTR591718929d2ba49dba787559c3529bd7TCPID167\">\n\n\t\n\t\n\t\t\n          \n          <div class=\"row\">\n            <div class=\"col-xs-12 col-md-4\">\n             \n              \n              \n             \n            <\/div>\n            <div class=\"col-xs-12 col-md-8\">\n              <a name=\"511\"><\/a>\n              <span class=\"evento_data\">Venerd\u00ec 29<\/span>\n          <p>Nel cuore di Stampace<br \/>\nOre 19.00<\/p>\n\n              <span class=\"evento_titolo\">Percorsi<\/span>\n              <span class=\"evento_sotto_titolo\"><\/span>\n          <p>Un intreccio di strade (in un percorso legato ai bombardamenti): quelle reali, che percorreremo accompagnati da una guida turistica professionista; quelle della letteratura che Elio Turno Arthemalle legger\u00e0 per noi nei diversi luoghi; quelle delle voci, che trarranno da luoghi e racconti l\u2019ispirazione per il loro canto.<\/p>\n<p><strong>Protagonisti<\/strong> Federica Marrocu, curatrice dell&#8217;itinerario turistico &#8211; Elio Turno Arthemalle, letture tematiche &#8211; Studium Canticum, evocazioni sonore<\/p>\n<p>Ingresso libero su prenotazione<\/p>\n\n            <\/div>\n          <\/div>\n          <!-- other item -->\n          \n\t\n\t\n\t\n<\/div>\n\t\t\n          <div class=\"row\">\n            <div class=\"col-xs-12 col-md-8\">\n          \t\t<h2 class=\"h2_rosso\">Ottobre<\/h2>\n            <\/div>\n            <div class=\"col-xs-12 col-md-4\"><\/div>\n          <\/div>\n          \n\n\n\n<div id=\"wpv-view-layout-12-CATTR334d9cbc9fba8031f0d37ea2dd4ce3d8TCPID167\" class=\"js-wpv-view-layout js-wpv-layout-responsive js-wpv-view-layout-12-CATTR334d9cbc9fba8031f0d37ea2dd4ce3d8TCPID167\" data-viewnumber=\"12-CATTR334d9cbc9fba8031f0d37ea2dd4ce3d8TCPID167\" data-pagination=\"{&quot;id&quot;:&quot;12&quot;,&quot;base_permalink&quot;:&quot;\/omaggio-xx-secolo\/index.php?rest_route=%2Fwp%2Fv2%2Fpages%2F167&amp;wpv_view_count=12-CATTR334d9cbc9fba8031f0d37ea2dd4ce3d8TCPID167&amp;wpv_paged=WPV_PAGE_NUM&quot;,&quot;query&quot;:&quot;normal&quot;,&quot;type&quot;:&quot;disabled&quot;,&quot;effect&quot;:&quot;fade&quot;,&quot;duration&quot;:&quot;500&quot;,&quot;speed&quot;:&quot;5&quot;,&quot;pause_on_hover&quot;:&quot;disabled&quot;,&quot;stop_rollover&quot;:&quot;false&quot;,&quot;cache_pages&quot;:&quot;enabled&quot;,&quot;preload_images&quot;:&quot;enabled&quot;,&quot;preload_pages&quot;:&quot;enabled&quot;,&quot;preload_reach&quot;:&quot;1&quot;,&quot;spinner&quot;:&quot;builtin&quot;,&quot;spinner_image&quot;:&quot;http:\/\/studiumcanticum.it\/omaggio-xx-secolo\/wp-content\/plugins\/wp-views\/embedded\/res\/img\/ajax-loader.gif&quot;,&quot;callback_next&quot;:&quot;&quot;,&quot;manage_history&quot;:&quot;enabled&quot;,&quot;has_controls_in_form&quot;:&quot;disabled&quot;,&quot;infinite_tolerance&quot;:&quot;0&quot;,&quot;max_pages&quot;:0,&quot;page&quot;:1,&quot;loop&quot;:{&quot;type&quot;:&quot;&quot;,&quot;name&quot;:&quot;&quot;,&quot;data&quot;:&#091;&#093;,&quot;id&quot;:0}}\" data-permalink=\"\/omaggio-xx-secolo\/index.php?rest_route=%2Fwp%2Fv2%2Fpages%2F167&#038;wpv_view_count=12-CATTR334d9cbc9fba8031f0d37ea2dd4ce3d8TCPID167\">\n\n\t\n\t\n\t\t\n          \n          <div class=\"row\">\n            <div class=\"col-xs-12 col-md-4\">\n             \n              \n              \n             \n            <\/div>\n            <div class=\"col-xs-12 col-md-8\">\n              <a name=\"251\"><\/a>\n              <span class=\"evento_data\">Domenica 1<\/span>\n          <p>Teatro Intrepidi Monelli<br \/>\nOre 20.00<\/p>\n\n              <span class=\"evento_titolo\">E lasciatemi divertire<\/span>\n              <span class=\"evento_sotto_titolo\"><p>Concerto per voci giovanili e movimenti scenici<\/p>\n<\/span>\n          <p>Concerto per coro e movimenti scenici. Uno studio sugli echi del canto nel movimento, e viceversa: cantare e danzare, cercando di rendere solidali l\u2019uno e l\u2019altro linguaggio del nostro corpo, di farli dialogare e di renderli pi\u00f9 potenti, in modo che il pubblico possa ascoltare con gli occhi e guardare con le orecchie<\/p>\n<p><strong>Protagonisti<\/strong> Chorus fabbrica, coro &#8211; Anna Rita Porcu, coreografie &#8211; Manuele Pinna, pianoforte<\/p>\n<p>Ingresso libero<\/p>\n\n            <\/div>\n          <\/div>\n          <!-- other item -->\n          \n          \n          <div class=\"row\">\n            <hr class=\"hr_rosso\">\n            <div class=\"col-xs-12 col-md-4\">\n             <img width=\"600\" height=\"600\" src=\"https:\/\/studiumcanticum.it\/omaggio-xx-secolo\/wp-content\/uploads\/2017\/11\/virgo-vox_600x600_21-10-2017.jpg\" class=\"attachment-large size-large wp-post-image\" alt=\"\" loading=\"lazy\" srcset=\"https:\/\/studiumcanticum.it\/omaggio-xx-secolo\/wp-content\/uploads\/2017\/11\/virgo-vox_600x600_21-10-2017-66x66.jpg 66w, https:\/\/studiumcanticum.it\/omaggio-xx-secolo\/wp-content\/uploads\/2017\/11\/virgo-vox_600x600_21-10-2017-150x150.jpg 150w, https:\/\/studiumcanticum.it\/omaggio-xx-secolo\/wp-content\/uploads\/2017\/11\/virgo-vox_600x600_21-10-2017-200x200.jpg 200w, https:\/\/studiumcanticum.it\/omaggio-xx-secolo\/wp-content\/uploads\/2017\/11\/virgo-vox_600x600_21-10-2017-300x300.jpg 300w, https:\/\/studiumcanticum.it\/omaggio-xx-secolo\/wp-content\/uploads\/2017\/11\/virgo-vox_600x600_21-10-2017-400x400.jpg 400w, https:\/\/studiumcanticum.it\/omaggio-xx-secolo\/wp-content\/uploads\/2017\/11\/virgo-vox_600x600_21-10-2017.jpg 600w\" sizes=\"(max-width: 600px) 100vw, 600px\" \/>\n              <br>\n              <a href=\"https:\/\/www.flickr.com\/photos\/studiumcanticum\/albums\/72157688599679271\" target=\"_blank\" title=\"Vai alla gallery\">\n              <img src=\"http:\/\/studiumcanticum.it\/omaggio-xx-secolo\/wp-content\/uploads\/2017\/03\/icona-foto-1.png\" alt=\"Vai alla gallery\" width=\"42\" height=\"37\" class=\"size-full\" \/>\n              <\/a>\n              \n              \n             \n            <\/div>\n            <div class=\"col-xs-12 col-md-8\">\n              <a name=\"253\"><\/a>\n              <span class=\"evento_data\">Sabato 21<\/span>\n          <p>Chiesa di S. Maria del Monte<br \/>\nOre 20.30<\/p>\n\n              <span class=\"evento_titolo\">Novecento per voci femminili<\/span>\n              <span class=\"evento_sotto_titolo\"><p>Concerto delle Virgo Vox Ensemble<\/p>\n<\/span>\n          <p>Un programma dedicato alla musica del Novecento per voci femminili, da Palestrina a Vic Nees realizzato dalle Virgo Vox Ensemble, un gruppo vincitore di numerosi premi e concorsi, che collabora con molte prestigiose realt\u00e0 musicali della penisola<\/p>\n<p><strong>Protagonisti<\/strong> Virgo Vox Ensemble<\/p>\n<p>Ingresso libero<\/p>\n\n            <\/div>\n          <\/div>\n\t\t\n          \n          <div class=\"row\">\n            <hr class=\"hr_rosso\">\n            <div class=\"col-xs-12 col-md-4\">\n             <img width=\"600\" height=\"600\" src=\"https:\/\/studiumcanticum.it\/omaggio-xx-secolo\/wp-content\/uploads\/2017\/11\/misericordias_600x600_22-10-2017.jpg\" class=\"attachment-large size-large wp-post-image\" alt=\"\" loading=\"lazy\" srcset=\"https:\/\/studiumcanticum.it\/omaggio-xx-secolo\/wp-content\/uploads\/2017\/11\/misericordias_600x600_22-10-2017-66x66.jpg 66w, https:\/\/studiumcanticum.it\/omaggio-xx-secolo\/wp-content\/uploads\/2017\/11\/misericordias_600x600_22-10-2017-150x150.jpg 150w, https:\/\/studiumcanticum.it\/omaggio-xx-secolo\/wp-content\/uploads\/2017\/11\/misericordias_600x600_22-10-2017-200x200.jpg 200w, https:\/\/studiumcanticum.it\/omaggio-xx-secolo\/wp-content\/uploads\/2017\/11\/misericordias_600x600_22-10-2017-300x300.jpg 300w, https:\/\/studiumcanticum.it\/omaggio-xx-secolo\/wp-content\/uploads\/2017\/11\/misericordias_600x600_22-10-2017-400x400.jpg 400w, https:\/\/studiumcanticum.it\/omaggio-xx-secolo\/wp-content\/uploads\/2017\/11\/misericordias_600x600_22-10-2017.jpg 600w\" sizes=\"(max-width: 600px) 100vw, 600px\" \/>\n              <br>\n              <a href=\"https:\/\/www.flickr.com\/photos\/studiumcanticum\/albums\/72157662731581838\" target=\"_blank\" title=\"Vai alla gallery\">\n              <img src=\"http:\/\/studiumcanticum.it\/omaggio-xx-secolo\/wp-content\/uploads\/2017\/03\/icona-foto-1.png\" alt=\"Vai alla gallery\" width=\"42\" height=\"37\" class=\"size-full\" \/>\n              <\/a>\n              \n              \n             \n            <\/div>\n            <div class=\"col-xs-12 col-md-8\">\n              <a name=\"254\"><\/a>\n              <span class=\"evento_data\">Domenica 22<\/span>\n          <p>Cattedrale di S. Maria<br \/>\nOre 12.00 (durante la celebrazione domenicale)<\/p>\n\n              <span class=\"evento_titolo\">Misericordias<\/span>\n              <span class=\"evento_sotto_titolo\"><p>Musica per la liturgia<\/p>\n<\/span>\n          <p>Un secondo programma dell\u2019ensemble Virgo Vox: ancora Novecento, questa volta tutto a carattere sacro, inserito in una celebrazione liturgica per far rivivere quell\u2019antica prassi, ormai spesso offuscata, della solennit\u00e0 musicale della liturgia<\/p>\n<p><strong>Protagonisti <\/strong>Virgo Vox Ensemble<\/p>\n<p>Ingresso libero<\/p>\n\n            <\/div>\n          <\/div>\n\t\t\n\t\n\t\n\t\n<\/div>\n\t\t\n          <div class=\"row\">\n            <div class=\"col-xs-12 col-md-8\">\n          \t\t<h2 class=\"h2_rosso\">Novembre<\/h2>\n            <\/div>\n            <div class=\"col-xs-12 col-md-4\"><\/div>\n          <\/div>\n          \n\n\n\n<div id=\"wpv-view-layout-12-CATTR208306b46a089d4f33b447b43e9f2d9dTCPID167\" class=\"js-wpv-view-layout js-wpv-layout-responsive js-wpv-view-layout-12-CATTR208306b46a089d4f33b447b43e9f2d9dTCPID167\" data-viewnumber=\"12-CATTR208306b46a089d4f33b447b43e9f2d9dTCPID167\" data-pagination=\"{&quot;id&quot;:&quot;12&quot;,&quot;base_permalink&quot;:&quot;\/omaggio-xx-secolo\/index.php?rest_route=%2Fwp%2Fv2%2Fpages%2F167&amp;wpv_view_count=12-CATTR208306b46a089d4f33b447b43e9f2d9dTCPID167&amp;wpv_paged=WPV_PAGE_NUM&quot;,&quot;query&quot;:&quot;normal&quot;,&quot;type&quot;:&quot;disabled&quot;,&quot;effect&quot;:&quot;fade&quot;,&quot;duration&quot;:&quot;500&quot;,&quot;speed&quot;:&quot;5&quot;,&quot;pause_on_hover&quot;:&quot;disabled&quot;,&quot;stop_rollover&quot;:&quot;false&quot;,&quot;cache_pages&quot;:&quot;enabled&quot;,&quot;preload_images&quot;:&quot;enabled&quot;,&quot;preload_pages&quot;:&quot;enabled&quot;,&quot;preload_reach&quot;:&quot;1&quot;,&quot;spinner&quot;:&quot;builtin&quot;,&quot;spinner_image&quot;:&quot;http:\/\/studiumcanticum.it\/omaggio-xx-secolo\/wp-content\/plugins\/wp-views\/embedded\/res\/img\/ajax-loader.gif&quot;,&quot;callback_next&quot;:&quot;&quot;,&quot;manage_history&quot;:&quot;enabled&quot;,&quot;has_controls_in_form&quot;:&quot;disabled&quot;,&quot;infinite_tolerance&quot;:&quot;0&quot;,&quot;max_pages&quot;:0,&quot;page&quot;:1,&quot;loop&quot;:{&quot;type&quot;:&quot;&quot;,&quot;name&quot;:&quot;&quot;,&quot;data&quot;:&#091;&#093;,&quot;id&quot;:0}}\" data-permalink=\"\/omaggio-xx-secolo\/index.php?rest_route=%2Fwp%2Fv2%2Fpages%2F167&#038;wpv_view_count=12-CATTR208306b46a089d4f33b447b43e9f2d9dTCPID167\">\n\n\t\n\t\n\t\t\n          \n          <div class=\"row\">\n            <div class=\"col-xs-12 col-md-4\">\n             <img width=\"600\" height=\"600\" src=\"https:\/\/studiumcanticum.it\/omaggio-xx-secolo\/wp-content\/uploads\/2017\/03\/laboratorio-graden_600x600.jpg\" class=\"attachment-large size-large wp-post-image\" alt=\"\" loading=\"lazy\" srcset=\"https:\/\/studiumcanticum.it\/omaggio-xx-secolo\/wp-content\/uploads\/2017\/03\/laboratorio-graden_600x600-66x66.jpg 66w, https:\/\/studiumcanticum.it\/omaggio-xx-secolo\/wp-content\/uploads\/2017\/03\/laboratorio-graden_600x600-150x150.jpg 150w, https:\/\/studiumcanticum.it\/omaggio-xx-secolo\/wp-content\/uploads\/2017\/03\/laboratorio-graden_600x600-200x200.jpg 200w, https:\/\/studiumcanticum.it\/omaggio-xx-secolo\/wp-content\/uploads\/2017\/03\/laboratorio-graden_600x600-300x300.jpg 300w, https:\/\/studiumcanticum.it\/omaggio-xx-secolo\/wp-content\/uploads\/2017\/03\/laboratorio-graden_600x600-400x400.jpg 400w, https:\/\/studiumcanticum.it\/omaggio-xx-secolo\/wp-content\/uploads\/2017\/03\/laboratorio-graden_600x600.jpg 600w\" sizes=\"(max-width: 600px) 100vw, 600px\" \/>\n              <br>\n              <a href=\"https:\/\/www.flickr.com\/photos\/studiumcanticum\/albums\/72157689982744304\" target=\"_blank\" title=\"Vai alla gallery\">\n              <img src=\"http:\/\/studiumcanticum.it\/omaggio-xx-secolo\/wp-content\/uploads\/2017\/03\/icona-foto-1.png\" alt=\"Vai alla gallery\" width=\"42\" height=\"37\" class=\"size-full\" \/>\n              <\/a>\n              \n              \n             \n            <\/div>\n            <div class=\"col-xs-12 col-md-8\">\n              <a name=\"255\"><\/a>\n              <span class=\"evento_data\">Venerd\u00ec 10<br>Domenica 12<\/span>\n          <p>S. Maria del Monte<br \/>\nOre 19.00-22.30 (venerd\u00ec);<br \/>\nOre 10.00-13.00; 16.00-20.00 (sabato);<br \/>\nOre 10.00-13.00 (domenica)<\/p>\n\n              <span class=\"evento_titolo\">Laboratorio corale con Gary Graden<\/span>\n              <span class=\"evento_sotto_titolo\"><\/span>\n          <p>Laboratorio corale con uno dei pi\u00f9 grandi direttori di coro europei, maestro del pluripremiato St. Jacob&#8217;s Chamber Choir, con argomento alcuni dei capolavori del Novecento storico e contemporaneo.<\/p>\n<p>A cura di Gary Graden<\/p>\n\n            <\/div>\n          <\/div>\n          <!-- other item -->\n          \n          \n          <div class=\"row\">\n            <hr class=\"hr_rosso\">\n            <div class=\"col-xs-12 col-md-4\">\n             <img width=\"600\" height=\"600\" src=\"https:\/\/studiumcanticum.it\/omaggio-xx-secolo\/wp-content\/uploads\/2017\/03\/omaggio-al-xx-secolo_600x600.jpg\" class=\"attachment-large size-large wp-post-image\" alt=\"\" loading=\"lazy\" srcset=\"https:\/\/studiumcanticum.it\/omaggio-xx-secolo\/wp-content\/uploads\/2017\/03\/omaggio-al-xx-secolo_600x600-66x66.jpg 66w, https:\/\/studiumcanticum.it\/omaggio-xx-secolo\/wp-content\/uploads\/2017\/03\/omaggio-al-xx-secolo_600x600-150x150.jpg 150w, https:\/\/studiumcanticum.it\/omaggio-xx-secolo\/wp-content\/uploads\/2017\/03\/omaggio-al-xx-secolo_600x600-200x200.jpg 200w, https:\/\/studiumcanticum.it\/omaggio-xx-secolo\/wp-content\/uploads\/2017\/03\/omaggio-al-xx-secolo_600x600-300x300.jpg 300w, https:\/\/studiumcanticum.it\/omaggio-xx-secolo\/wp-content\/uploads\/2017\/03\/omaggio-al-xx-secolo_600x600-400x400.jpg 400w, https:\/\/studiumcanticum.it\/omaggio-xx-secolo\/wp-content\/uploads\/2017\/03\/omaggio-al-xx-secolo_600x600.jpg 600w\" sizes=\"(max-width: 600px) 100vw, 600px\" \/>\n              <br>\n              <a href=\"https:\/\/www.flickr.com\/photos\/studiumcanticum\/albums\/72157661286213527\" target=\"_blank\" title=\"Vai alla gallery\">\n              <img src=\"http:\/\/studiumcanticum.it\/omaggio-xx-secolo\/wp-content\/uploads\/2017\/03\/icona-foto-1.png\" alt=\"Vai alla gallery\" width=\"42\" height=\"37\" class=\"size-full\" \/>\n              <\/a>\n              \n              \n             \n            <\/div>\n            <div class=\"col-xs-12 col-md-8\">\n              <a name=\"257\"><\/a>\n              <span class=\"evento_data\">Domenica 12<\/span>\n          <p>Ufficio Postale Cagliari Centro - Piazza del Carmine<br \/>\nOre 20.00<\/p>\n\n              <span class=\"evento_titolo\">Omaggio al XX secolo<\/span>\n              <span class=\"evento_sotto_titolo\"><p>Concerto di polifonia a cappella<\/p>\n<\/span>\n          <p>Da un brano di Mahler (1901) ad uno di Esenvalds (2001), per ogni decennio del XX secolo un pezzo che ha fatto (gi\u00e0) la storia o che (forse) la far\u00e0. Un modo per percorrere il secolo musicale e carpirne qualche segreto. Diretti da un fuoriclasse della musica corale contemporanea come Gary Graden. Sono previsti momenti di \u2018musica al buio\u2019, per mescolare le carte tra i sensi: vista e udito all\u2019erta!<\/p>\n<p><strong>Protagonisti <\/strong>Studium Canticum ed i partecipanti al laboratorio<br \/>\nGary Graden, Direttore<\/p>\n<p>*Ingresso con biglietto (Raccolta fondi attivit\u00e0 istituzionali 2017-2018)<\/p>\n<p>&nbsp;<\/p>\n\n            <\/div>\n          <\/div>\n\t\t\n          \n          <div class=\"row\">\n            <hr class=\"hr_rosso\">\n            <div class=\"col-xs-12 col-md-4\">\n             \n              \n              \n             \n            <\/div>\n            <div class=\"col-xs-12 col-md-8\">\n              <a name=\"256\"><\/a>\n              <span class=\"evento_data\">Giovedi 16<\/span>\n          <p>Cattedrale di S. Maria -  Alghero<br \/>\nOre 20.00<\/p>\n\n              <span class=\"evento_titolo\">Voix d\u2019enfants<\/span>\n              <span class=\"evento_sotto_titolo\"><p>Concerto voci bianche<\/p>\n<\/span>\n          <p>Un gruppo di 40 bambini e ragazzi che dalla Normandia portano il loro modello di coralit\u00e0 come strumento di crescita personale e culturale, in un concerto inserito nella rassegna algherese Estudi Polifonic del Coro Polifonico Algherese. Insieme con il coro di Yvetot le giovani del Lolek Vocal Ensemble, attive sul territorio con progetti didattici e spettacolari di grande qualit\u00e0<\/p>\n<p><strong>Protagonisti <\/strong>Voci bianche de La Ma\u00eetrise de Seine-Maritime (Yvetot), direttore Mathias Charton &#8211; Lolek vocal Ensemble, direttore Barbara Agnello<\/p>\n\n            <\/div>\n          <\/div>\n\t\t\n          \n          <div class=\"row\">\n            <hr class=\"hr_rosso\">\n            <div class=\"col-xs-12 col-md-4\">\n             <img width=\"600\" height=\"600\" src=\"https:\/\/studiumcanticum.it\/omaggio-xx-secolo\/wp-content\/uploads\/2017\/03\/concerto-voci-e-mani_600x600.jpg\" class=\"attachment-large size-large wp-post-image\" alt=\"\" loading=\"lazy\" srcset=\"https:\/\/studiumcanticum.it\/omaggio-xx-secolo\/wp-content\/uploads\/2017\/03\/concerto-voci-e-mani_600x600-66x66.jpg 66w, https:\/\/studiumcanticum.it\/omaggio-xx-secolo\/wp-content\/uploads\/2017\/03\/concerto-voci-e-mani_600x600-150x150.jpg 150w, https:\/\/studiumcanticum.it\/omaggio-xx-secolo\/wp-content\/uploads\/2017\/03\/concerto-voci-e-mani_600x600-200x200.jpg 200w, https:\/\/studiumcanticum.it\/omaggio-xx-secolo\/wp-content\/uploads\/2017\/03\/concerto-voci-e-mani_600x600-300x300.jpg 300w, https:\/\/studiumcanticum.it\/omaggio-xx-secolo\/wp-content\/uploads\/2017\/03\/concerto-voci-e-mani_600x600-400x400.jpg 400w, https:\/\/studiumcanticum.it\/omaggio-xx-secolo\/wp-content\/uploads\/2017\/03\/concerto-voci-e-mani_600x600.jpg 600w\" sizes=\"(max-width: 600px) 100vw, 600px\" \/>\n              <br>\n              <a href=\"https:\/\/www.flickr.com\/photos\/studiumcanticum\/albums\/72157667416104669\" target=\"_blank\" title=\"Vai alla gallery\">\n              <img src=\"http:\/\/studiumcanticum.it\/omaggio-xx-secolo\/wp-content\/uploads\/2017\/03\/icona-foto-1.png\" alt=\"Vai alla gallery\" width=\"42\" height=\"37\" class=\"size-full\" \/>\n              <\/a>\n              \n              \n             <a href=\"https:\/\/youtu.be\/O7HSLg6H0fs\" target=\"_blank\" title=\"Vai al video\">\n              <img src=\"http:\/\/studiumcanticum.it\/omaggio-xx-secolo\/wp-content\/uploads\/2017\/03\/icona-video-1.png\" alt=\"Vai al video\" width=\"42\" height=\"37\" class=\"size-full\" \/>\n              <\/a>\n              \n            <\/div>\n            <div class=\"col-xs-12 col-md-8\">\n              <a name=\"258\"><\/a>\n              <span class=\"evento_data\">Sabato 18<\/span>\n          <p>Chiesa di S. Sebastiano<br \/>\nOre 20.30<\/p>\n\n              <span class=\"evento_titolo\">Concerto per voci e mani<\/span>\n              <span class=\"evento_sotto_titolo\"><p>Voix d\u2019enfants<\/p>\n<\/span>\n          <p>Un gruppo di 40 bambini e ragazzi che dalla Normandia portano il loro modello di coralit\u00e0 come strumento di crescita personale e culturale, in un concerto che condivideranno con le voci bianche di Scuole in Coro e con il coro Mani Bianche di Cagliari, una delle pi\u00f9 recenti emanazioni del \u2018Sistema\u2019, ormai su scala mondiale, ideato dal venezuelano Abreu<\/p>\n<p><strong>Protagonisti<\/strong> Voci bianche de La Ma\u00eetrise de Seine-Maritime (Yvetot), direttore Mathias Charton &#8211; Scuole in Coro, direttore Stefania Pineider<br \/>\nCoro Mani Bianche Cagliari, direttore Stefania Coccoda<\/p>\n\n            <\/div>\n          <\/div>\n\t\t\n          \n          <div class=\"row\">\n            <hr class=\"hr_rosso\">\n            <div class=\"col-xs-12 col-md-4\">\n             <img width=\"600\" height=\"600\" src=\"https:\/\/studiumcanticum.it\/omaggio-xx-secolo\/wp-content\/uploads\/2017\/03\/circle-land_600x600.jpg\" class=\"attachment-large size-large wp-post-image\" alt=\"\" loading=\"lazy\" srcset=\"https:\/\/studiumcanticum.it\/omaggio-xx-secolo\/wp-content\/uploads\/2017\/03\/circle-land_600x600-66x66.jpg 66w, https:\/\/studiumcanticum.it\/omaggio-xx-secolo\/wp-content\/uploads\/2017\/03\/circle-land_600x600-150x150.jpg 150w, https:\/\/studiumcanticum.it\/omaggio-xx-secolo\/wp-content\/uploads\/2017\/03\/circle-land_600x600-200x200.jpg 200w, https:\/\/studiumcanticum.it\/omaggio-xx-secolo\/wp-content\/uploads\/2017\/03\/circle-land_600x600-300x300.jpg 300w, https:\/\/studiumcanticum.it\/omaggio-xx-secolo\/wp-content\/uploads\/2017\/03\/circle-land_600x600-400x400.jpg 400w, https:\/\/studiumcanticum.it\/omaggio-xx-secolo\/wp-content\/uploads\/2017\/03\/circle-land_600x600.jpg 600w\" sizes=\"(max-width: 600px) 100vw, 600px\" \/>\n              <br>\n              <a href=\"https:\/\/www.flickr.com\/photos\/studiumcanticum\/albums\/72157661589079957\" target=\"_blank\" title=\"Vai alla gallery\">\n              <img src=\"http:\/\/studiumcanticum.it\/omaggio-xx-secolo\/wp-content\/uploads\/2017\/03\/icona-foto-1.png\" alt=\"Vai alla gallery\" width=\"42\" height=\"37\" class=\"size-full\" \/>\n              <\/a>\n              \n              \n             \n            <\/div>\n            <div class=\"col-xs-12 col-md-8\">\n              <a name=\"259\"><\/a>\n              <span class=\"evento_data\">Sabato 25<br>Domenica 26<\/span>\n          <p>Via dei Genovesi 94<br \/>\nOre 15.00-19.00 (sabato)<br \/>\nOre 09.00-13.00, 17.30-18.30 (domenica)<\/p>\n\n              <span class=\"evento_titolo\">CircleLand<\/span>\n              <span class=\"evento_sotto_titolo\"><p>Laboratorio di improvvisazione corale<\/p>\n<\/span>\n          <p>Albert Hera, piemontese di nascita, \u00e8 stato il primo artista a portare in Italia la realt\u00e0 delle CircleSongs, dopo essersi specializzato con Bobby McFerrin. CircleLand \u00e8 un laboratorio di improvvisazione corale, in cui moduli ritmico-vocali, ideati all\u2019impronta, si sovrappongono per creare la struttura armonica dei brani, dando vita ad una esecuzione che coinvolge voce &#8211; movimento &#8211; ritmo in un crescendo dal clima emotivo di grande intensit\u00e0.<\/p>\n<p>A cura di Albert Hera<\/p>\n<p>&nbsp;<\/p>\n\n            <\/div>\n          <\/div>\n\t\t\n          \n          <div class=\"row\">\n            <hr class=\"hr_rosso\">\n            <div class=\"col-xs-12 col-md-4\">\n             <img width=\"600\" height=\"600\" src=\"https:\/\/studiumcanticum.it\/omaggio-xx-secolo\/wp-content\/uploads\/2017\/03\/the-soundteller_600x600.jpg\" class=\"attachment-large size-large wp-post-image\" alt=\"\" loading=\"lazy\" srcset=\"https:\/\/studiumcanticum.it\/omaggio-xx-secolo\/wp-content\/uploads\/2017\/03\/the-soundteller_600x600-66x66.jpg 66w, https:\/\/studiumcanticum.it\/omaggio-xx-secolo\/wp-content\/uploads\/2017\/03\/the-soundteller_600x600-150x150.jpg 150w, https:\/\/studiumcanticum.it\/omaggio-xx-secolo\/wp-content\/uploads\/2017\/03\/the-soundteller_600x600-200x200.jpg 200w, https:\/\/studiumcanticum.it\/omaggio-xx-secolo\/wp-content\/uploads\/2017\/03\/the-soundteller_600x600-300x300.jpg 300w, https:\/\/studiumcanticum.it\/omaggio-xx-secolo\/wp-content\/uploads\/2017\/03\/the-soundteller_600x600-400x400.jpg 400w, https:\/\/studiumcanticum.it\/omaggio-xx-secolo\/wp-content\/uploads\/2017\/03\/the-soundteller_600x600.jpg 600w\" sizes=\"(max-width: 600px) 100vw, 600px\" \/>\n              <br>\n              <a href=\"https:\/\/www.flickr.com\/photos\/studiumcanticum\/albums\/72157667416920809\" target=\"_blank\" title=\"Vai alla gallery\">\n              <img src=\"http:\/\/studiumcanticum.it\/omaggio-xx-secolo\/wp-content\/uploads\/2017\/03\/icona-foto-1.png\" alt=\"Vai alla gallery\" width=\"42\" height=\"37\" class=\"size-full\" \/>\n              <\/a>\n              \n              \n             \n            <\/div>\n            <div class=\"col-xs-12 col-md-8\">\n              <a name=\"260\"><\/a>\n              <span class=\"evento_data\">Domenica 26<\/span>\n          <p>Auditorium Comunale - Piazza Dettori<br \/>\nOre 20.00<\/p>\n\n              <span class=\"evento_titolo\">The Soundteller<\/span>\n              <span class=\"evento_sotto_titolo\"><\/span>\n          <p>Live show di Albert Hera, uno dei pi\u00f9 importanti sperimentatori vocali dei nostri giorni: pi\u00f9 che un cantante un \u2018narratore di suoni\u2019. The Soundteller \u00e8 il titolo del concerto finale del workshop che Albert realizzer\u00e0 insieme con i partecipanti.<br \/>\nL\u2019artista si trasforma in un \u201cnarratore di suoni\u201d che trasporta gli spettatori in un mondo vocale improvvisato, un racconto della vita tramite un linguaggio sonoro universale privo di parole, frutto di anni di ricerca alla scoperta delle possibilita\u0300 espressive della voce.<\/p>\n<p><strong>Protagonisti<\/strong> Albert Hera insieme con i partecipanti al laboratorio<\/p>\n\n            <\/div>\n          <\/div>\n\t\t\n\t\n\t\n\t\n<\/div>\n\t\t\n          <div class=\"row\">\n            <div class=\"col-xs-12 col-md-8\">\n          \t\t<h2 class=\"h2_rosso\">Dicembre<\/h2>\n            <\/div>\n            <div class=\"col-xs-12 col-md-4\"><\/div>\n          <\/div>\n          \n\n\n\n<div id=\"wpv-view-layout-12-CATTR14887e466694dc1356ebaa57b01e6cf1TCPID167\" class=\"js-wpv-view-layout js-wpv-layout-responsive js-wpv-view-layout-12-CATTR14887e466694dc1356ebaa57b01e6cf1TCPID167\" data-viewnumber=\"12-CATTR14887e466694dc1356ebaa57b01e6cf1TCPID167\" data-pagination=\"{&quot;id&quot;:&quot;12&quot;,&quot;base_permalink&quot;:&quot;\/omaggio-xx-secolo\/index.php?rest_route=%2Fwp%2Fv2%2Fpages%2F167&amp;wpv_view_count=12-CATTR14887e466694dc1356ebaa57b01e6cf1TCPID167&amp;wpv_paged=WPV_PAGE_NUM&quot;,&quot;query&quot;:&quot;normal&quot;,&quot;type&quot;:&quot;disabled&quot;,&quot;effect&quot;:&quot;fade&quot;,&quot;duration&quot;:&quot;500&quot;,&quot;speed&quot;:&quot;5&quot;,&quot;pause_on_hover&quot;:&quot;disabled&quot;,&quot;stop_rollover&quot;:&quot;false&quot;,&quot;cache_pages&quot;:&quot;enabled&quot;,&quot;preload_images&quot;:&quot;enabled&quot;,&quot;preload_pages&quot;:&quot;enabled&quot;,&quot;preload_reach&quot;:&quot;1&quot;,&quot;spinner&quot;:&quot;builtin&quot;,&quot;spinner_image&quot;:&quot;http:\/\/studiumcanticum.it\/omaggio-xx-secolo\/wp-content\/plugins\/wp-views\/embedded\/res\/img\/ajax-loader.gif&quot;,&quot;callback_next&quot;:&quot;&quot;,&quot;manage_history&quot;:&quot;enabled&quot;,&quot;has_controls_in_form&quot;:&quot;disabled&quot;,&quot;infinite_tolerance&quot;:&quot;0&quot;,&quot;max_pages&quot;:0,&quot;page&quot;:1,&quot;loop&quot;:{&quot;type&quot;:&quot;&quot;,&quot;name&quot;:&quot;&quot;,&quot;data&quot;:&#091;&#093;,&quot;id&quot;:0}}\" data-permalink=\"\/omaggio-xx-secolo\/index.php?rest_route=%2Fwp%2Fv2%2Fpages%2F167&#038;wpv_view_count=12-CATTR14887e466694dc1356ebaa57b01e6cf1TCPID167\">\n\n\t\n\t\n\t\t\n          \n          <div class=\"row\">\n            <div class=\"col-xs-12 col-md-4\">\n             <img width=\"600\" height=\"600\" src=\"https:\/\/studiumcanticum.it\/omaggio-xx-secolo\/wp-content\/uploads\/2017\/03\/frate-sole_600x600.jpg\" class=\"attachment-large size-large wp-post-image\" alt=\"\" loading=\"lazy\" srcset=\"https:\/\/studiumcanticum.it\/omaggio-xx-secolo\/wp-content\/uploads\/2017\/03\/frate-sole_600x600-66x66.jpg 66w, https:\/\/studiumcanticum.it\/omaggio-xx-secolo\/wp-content\/uploads\/2017\/03\/frate-sole_600x600-150x150.jpg 150w, https:\/\/studiumcanticum.it\/omaggio-xx-secolo\/wp-content\/uploads\/2017\/03\/frate-sole_600x600-200x200.jpg 200w, https:\/\/studiumcanticum.it\/omaggio-xx-secolo\/wp-content\/uploads\/2017\/03\/frate-sole_600x600-300x300.jpg 300w, https:\/\/studiumcanticum.it\/omaggio-xx-secolo\/wp-content\/uploads\/2017\/03\/frate-sole_600x600-400x400.jpg 400w, https:\/\/studiumcanticum.it\/omaggio-xx-secolo\/wp-content\/uploads\/2017\/03\/frate-sole_600x600.jpg 600w\" sizes=\"(max-width: 600px) 100vw, 600px\" \/>\n              <br>\n              <a href=\"https:\/\/www.flickr.com\/photos\/studiumcanticum\/albums\/72157690334935734\" target=\"_blank\" title=\"Vai alla gallery\">\n              <img src=\"http:\/\/studiumcanticum.it\/omaggio-xx-secolo\/wp-content\/uploads\/2017\/03\/icona-foto-1.png\" alt=\"Vai alla gallery\" width=\"42\" height=\"37\" class=\"size-full\" \/>\n              <\/a>\n              \n              \n             \n            <\/div>\n            <div class=\"col-xs-12 col-md-8\">\n              <a name=\"261\"><\/a>\n              <span class=\"evento_data\">Domenica 3<\/span>\n          <p>Ex Manifattura Tabacchi<br \/>\nOre 20.00<\/p>\n\n              <span class=\"evento_titolo\">Frate Sole 1918<\/span>\n              <span class=\"evento_sotto_titolo\"><\/span>\n          <p>Primo kolossal cinematografico di ispirazione francescana, con la regia di M. Corsi. Le musiche originali di Luigi Mancinelli (1848-1921), saranno eseguite dal vivo, in sincrono con la proiezione, nella partitura \u2018riscritta\u2019 da Rossella Spinosa per pianoforte, violino e coro. Una prima nazionale, in partenariato con i Solisti Lombardi di Milano ed il loro Gran Festival del Cinema Muto<\/p>\n<p><strong>Protagonisti<\/strong> Rossella Spinosa, elaborazione e riscrittura musicale &#8211; Rossella Spinosa pianoforte &#8211; Giorgio Pertusi violino &#8211; Studium Canticum<\/p>\n\n            <\/div>\n          <\/div>\n          <!-- other item -->\n          \n\t\n\t\n\t\n<\/div>\n\t\t\n\t<!-- wpv-loop-end -->\n\t\n<\/div><\/div><div class=\"fusion-additional-widget-content\"><\/div><\/div><div class=\"fusion-clearfix\"><\/div>\n\n\t\t\t\t\t<\/div>\n\t\t\t\t<\/div><div  class=\"fusion-layout-column fusion_builder_column fusion_builder_column_1_6  fusion-one-sixth fusion-column-last 1_6\"  style='margin-top:0px;margin-bottom:20px;width:16.66%;width:calc(16.66% - ( ( 4% + 4% ) * 0.1666 ) );'>\n\t\t\t\t\t<div class=\"fusion-column-wrapper\" style=\"background-position:left top;background-repeat:no-repeat;-webkit-background-size:cover;-moz-background-size:cover;-o-background-size:cover;background-size:cover;\"  data-bg-url=\"\">\n\t\t\t\t\t\t<div class=\"fusion-clearfix\"><\/div>\n\n\t\t\t\t\t<\/div>\n\t\t\t\t<\/div><\/div><\/div><div id=\"interpreti\"><div  class=\"fusion-fullwidth fullwidth-box fusion-blend-mode nonhundred-percent-fullwidth\"  style='background-color: rgba(255,255,255,0);background-position: center center;background-repeat: no-repeat;padding-top:20px;padding-right:0px;padding-bottom:20px;padding-left:0px;'><div class=\"fusion-builder-row fusion-row \"><div  class=\"fusion-layout-column fusion_builder_column fusion_builder_column_2_5  fusion-two-fifth fusion-column-first 2_5\"  style='margin-top:0px;margin-bottom:20px;width:40%;width:calc(40% - ( ( 4% + 4% ) * 0.4 ) );margin-right: 4%;'>\n\t\t\t\t\t<div class=\"fusion-column-wrapper\" style=\"background-position:left top;background-repeat:no-repeat;-webkit-background-size:cover;-moz-background-size:cover;-o-background-size:cover;background-size:cover;\"  data-bg-url=\"\">\n\t\t\t\t\t\t<div class=\"fusion-clearfix\"><\/div>\n\n\t\t\t\t\t<\/div>\n\t\t\t\t<\/div><div  class=\"fusion-layout-column fusion_builder_column fusion_builder_column_1_4  fusion-one-fourth 1_4\"  style='margin-top:0px;margin-bottom:0px;width:25%;width:calc(25% - ( ( 4% + 4% ) * 0.25 ) );margin-right: 4%;'>\n\t\t\t\t\t<div class=\"fusion-column-wrapper\" style=\"background-position:left top;background-repeat:no-repeat;-webkit-background-size:cover;-moz-background-size:cover;-o-background-size:cover;background-size:cover;\"  data-bg-url=\"\">\n\t\t\t\t\t\t<div class=\"fusion-title title fusion-sep-none fusion-title-size-one h1_titoli_sezioni\" style=\"margin-top:0px;margin-bottom:10px;\"><h1 class=\"title-heading-left\"><h1>Interpreti<\/h1><\/h1><\/div><div class=\"fusion-clearfix\"><\/div>\n\n\t\t\t\t\t<\/div>\n\t\t\t\t<\/div><div  class=\"fusion-layout-column fusion_builder_column fusion_builder_column_1_3  fusion-one-third fusion-column-last 1_3\"  style='margin-top:0px;margin-bottom:20px;width:33.33%;width:calc(33.33% - ( ( 4% + 4% ) * 0.3333 ) );'>\n\t\t\t\t\t<div class=\"fusion-column-wrapper\" style=\"background-position:left top;background-repeat:no-repeat;-webkit-background-size:cover;-moz-background-size:cover;-o-background-size:cover;background-size:cover;\"  data-bg-url=\"\">\n\t\t\t\t\t\t<div class=\"fusion-clearfix\"><\/div>\n\n\t\t\t\t\t<\/div>\n\t\t\t\t<\/div><div  class=\"fusion-layout-column fusion_builder_column fusion_builder_column_1_6  fusion-one-sixth fusion-column-first 1_6\"  style='margin-top:0px;margin-bottom:20px;width:16.66%;width:calc(16.66% - ( ( 4% + 4% ) * 0.1666 ) );margin-right: 4%;'>\n\t\t\t\t\t<div class=\"fusion-column-wrapper\" style=\"background-position:left top;background-repeat:no-repeat;-webkit-background-size:cover;-moz-background-size:cover;-o-background-size:cover;background-size:cover;\"  data-bg-url=\"\">\n\t\t\t\t\t\t<div class=\"fusion-clearfix\"><\/div>\n\n\t\t\t\t\t<\/div>\n\t\t\t\t<\/div><div  class=\"fusion-layout-column fusion_builder_column fusion_builder_column_2_3  fusion-two-third 2_3\"  style='margin-top:0px;margin-bottom:20px;width:66.66%;width:calc(66.66% - ( ( 4% + 4% ) * 0.6666 ) );margin-right: 4%;'>\n\t\t\t\t\t<div class=\"fusion-column-wrapper\" style=\"background-position:left top;background-repeat:no-repeat;-webkit-background-size:cover;-moz-background-size:cover;-o-background-size:cover;background-size:cover;\"  data-bg-url=\"\">\n\t\t\t\t\t\t<div class=\"fusion-widget-area fusion-widget-area-3 fusion-content-widget-area\"><style type=\"text\/css\" scoped=\"scoped\">.fusion-widget-area-3 .widget h4 {color:#333333;}.fusion-widget-area-3 .widget .heading h4 {color:#333333;}<\/style><div id=\"wp_views-4\" class=\"widget widget_wp_views\">\n\n\n<div id=\"wpv-view-layout-10-TCPID167\" class=\"js-wpv-view-layout js-wpv-layout-responsive js-wpv-view-layout-10-TCPID167\" data-viewnumber=\"10-TCPID167\" data-pagination=\"{&quot;id&quot;:&quot;10&quot;,&quot;base_permalink&quot;:&quot;\/omaggio-xx-secolo\/index.php?rest_route=%2Fwp%2Fv2%2Fpages%2F167&amp;wpv_view_count=10-TCPID167&amp;wpv_paged=WPV_PAGE_NUM&quot;,&quot;query&quot;:&quot;normal&quot;,&quot;type&quot;:&quot;disabled&quot;,&quot;effect&quot;:&quot;fade&quot;,&quot;duration&quot;:&quot;500&quot;,&quot;speed&quot;:&quot;5&quot;,&quot;pause_on_hover&quot;:&quot;disabled&quot;,&quot;stop_rollover&quot;:&quot;false&quot;,&quot;cache_pages&quot;:&quot;enabled&quot;,&quot;preload_images&quot;:&quot;enabled&quot;,&quot;preload_pages&quot;:&quot;enabled&quot;,&quot;preload_reach&quot;:&quot;1&quot;,&quot;spinner&quot;:&quot;builtin&quot;,&quot;spinner_image&quot;:&quot;http:\/\/studiumcanticum.it\/omaggio-xx-secolo\/wp-content\/plugins\/wp-views\/embedded\/res\/img\/ajax-loader.gif&quot;,&quot;callback_next&quot;:&quot;&quot;,&quot;manage_history&quot;:&quot;enabled&quot;,&quot;has_controls_in_form&quot;:&quot;disabled&quot;,&quot;infinite_tolerance&quot;:&quot;0&quot;,&quot;max_pages&quot;:0,&quot;page&quot;:1,&quot;loop&quot;:{&quot;type&quot;:&quot;&quot;,&quot;name&quot;:&quot;&quot;,&quot;data&quot;:[],&quot;id&quot;:0}}\" data-permalink=\"\/omaggio-xx-secolo\/index.php?rest_route=%2Fwp%2Fv2%2Fpages%2F167&#038;wpv_view_count=10-TCPID167\">\n\n\t\n\t<!-- wpv-loop-start -->\n\t\t\n          <div class=\"row\" style=\"margin-bottom:15px;\">\n          \t<div class=\"col-xs-12 col-md-4\">\n              <img width=\"800\" height=\"600\" src=\"https:\/\/studiumcanticum.it\/omaggio-xx-secolo\/wp-content\/uploads\/2017\/04\/ad-libitum-800x600.jpg\" class=\"attachment-800 size-800 wp-post-image\" alt=\"\" loading=\"lazy\" srcset=\"https:\/\/studiumcanticum.it\/omaggio-xx-secolo\/wp-content\/uploads\/2017\/04\/ad-libitum-200x150.jpg 200w, https:\/\/studiumcanticum.it\/omaggio-xx-secolo\/wp-content\/uploads\/2017\/04\/ad-libitum-300x225.jpg 300w, https:\/\/studiumcanticum.it\/omaggio-xx-secolo\/wp-content\/uploads\/2017\/04\/ad-libitum-400x300.jpg 400w, https:\/\/studiumcanticum.it\/omaggio-xx-secolo\/wp-content\/uploads\/2017\/04\/ad-libitum-600x450.jpg 600w, https:\/\/studiumcanticum.it\/omaggio-xx-secolo\/wp-content\/uploads\/2017\/04\/ad-libitum-768x576.jpg 768w, https:\/\/studiumcanticum.it\/omaggio-xx-secolo\/wp-content\/uploads\/2017\/04\/ad-libitum.jpg 800w\" sizes=\"(max-width: 800px) 100vw, 800px\" \/>\n            <\/div>\n            <div class=\"col-xs-12 col-md-8\">\n            <h3 class=\"h3_titolo\">Ad Libitum<\/h3>\n            \n            <\/div>\n          <\/div>\n\t\t\n          <div class=\"row\" style=\"margin-bottom:15px;\">\n          \t<div class=\"col-xs-12 col-md-4\">\n              <img width=\"800\" height=\"600\" src=\"https:\/\/studiumcanticum.it\/omaggio-xx-secolo\/wp-content\/uploads\/2017\/03\/albert-hera-800x600.jpg\" class=\"attachment-800 size-800 wp-post-image\" alt=\"\" loading=\"lazy\" srcset=\"https:\/\/studiumcanticum.it\/omaggio-xx-secolo\/wp-content\/uploads\/2017\/03\/albert-hera-200x150.jpg 200w, https:\/\/studiumcanticum.it\/omaggio-xx-secolo\/wp-content\/uploads\/2017\/03\/albert-hera-300x225.jpg 300w, https:\/\/studiumcanticum.it\/omaggio-xx-secolo\/wp-content\/uploads\/2017\/03\/albert-hera-400x300.jpg 400w, https:\/\/studiumcanticum.it\/omaggio-xx-secolo\/wp-content\/uploads\/2017\/03\/albert-hera-600x450.jpg 600w, https:\/\/studiumcanticum.it\/omaggio-xx-secolo\/wp-content\/uploads\/2017\/03\/albert-hera-768x576.jpg 768w, https:\/\/studiumcanticum.it\/omaggio-xx-secolo\/wp-content\/uploads\/2017\/03\/albert-hera.jpg 800w\" sizes=\"(max-width: 800px) 100vw, 800px\" \/>\n            <\/div>\n            <div class=\"col-xs-12 col-md-8\">\n            <h3 class=\"h3_titolo\">Albert Hera<\/h3>\n            \n            <\/div>\n          <\/div>\n\t\t\n          <div class=\"row\" style=\"margin-bottom:15px;\">\n          \t<div class=\"col-xs-12 col-md-4\">\n              <img width=\"800\" height=\"600\" src=\"https:\/\/studiumcanticum.it\/omaggio-xx-secolo\/wp-content\/uploads\/2017\/04\/anna-rita-porcu-800x600.jpg\" class=\"attachment-800 size-800 wp-post-image\" alt=\"\" loading=\"lazy\" srcset=\"https:\/\/studiumcanticum.it\/omaggio-xx-secolo\/wp-content\/uploads\/2017\/04\/anna-rita-porcu-200x150.jpg 200w, https:\/\/studiumcanticum.it\/omaggio-xx-secolo\/wp-content\/uploads\/2017\/04\/anna-rita-porcu-300x225.jpg 300w, https:\/\/studiumcanticum.it\/omaggio-xx-secolo\/wp-content\/uploads\/2017\/04\/anna-rita-porcu-400x300.jpg 400w, https:\/\/studiumcanticum.it\/omaggio-xx-secolo\/wp-content\/uploads\/2017\/04\/anna-rita-porcu-600x450.jpg 600w, https:\/\/studiumcanticum.it\/omaggio-xx-secolo\/wp-content\/uploads\/2017\/04\/anna-rita-porcu-768x576.jpg 768w, https:\/\/studiumcanticum.it\/omaggio-xx-secolo\/wp-content\/uploads\/2017\/04\/anna-rita-porcu.jpg 800w\" sizes=\"(max-width: 800px) 100vw, 800px\" \/>\n            <\/div>\n            <div class=\"col-xs-12 col-md-8\">\n            <h3 class=\"h3_titolo\">Anna Rita Porcu<\/h3>\n            \n            <\/div>\n          <\/div>\n\t\t\n          <div class=\"row\" style=\"margin-bottom:15px;\">\n          \t<div class=\"col-xs-12 col-md-4\">\n              <img width=\"800\" height=\"600\" src=\"https:\/\/studiumcanticum.it\/omaggio-xx-secolo\/wp-content\/uploads\/2017\/03\/attilio-motzo-800x600.jpg\" class=\"attachment-800 size-800 wp-post-image\" alt=\"\" loading=\"lazy\" srcset=\"https:\/\/studiumcanticum.it\/omaggio-xx-secolo\/wp-content\/uploads\/2017\/03\/attilio-motzo-200x150.jpg 200w, https:\/\/studiumcanticum.it\/omaggio-xx-secolo\/wp-content\/uploads\/2017\/03\/attilio-motzo-300x225.jpg 300w, https:\/\/studiumcanticum.it\/omaggio-xx-secolo\/wp-content\/uploads\/2017\/03\/attilio-motzo-400x300.jpg 400w, https:\/\/studiumcanticum.it\/omaggio-xx-secolo\/wp-content\/uploads\/2017\/03\/attilio-motzo-600x450.jpg 600w, https:\/\/studiumcanticum.it\/omaggio-xx-secolo\/wp-content\/uploads\/2017\/03\/attilio-motzo-768x576.jpg 768w, https:\/\/studiumcanticum.it\/omaggio-xx-secolo\/wp-content\/uploads\/2017\/03\/attilio-motzo.jpg 800w\" sizes=\"(max-width: 800px) 100vw, 800px\" \/>\n            <\/div>\n            <div class=\"col-xs-12 col-md-8\">\n            <h3 class=\"h3_titolo\">Attilio Motzo<\/h3>\n            \n            <\/div>\n          <\/div>\n\t\t\n          <div class=\"row\" style=\"margin-bottom:15px;\">\n          \t<div class=\"col-xs-12 col-md-4\">\n              <img width=\"800\" height=\"600\" src=\"https:\/\/studiumcanticum.it\/omaggio-xx-secolo\/wp-content\/uploads\/2017\/03\/chorus-fabbrica-800x600.jpg\" class=\"attachment-800 size-800 wp-post-image\" alt=\"\" loading=\"lazy\" srcset=\"https:\/\/studiumcanticum.it\/omaggio-xx-secolo\/wp-content\/uploads\/2017\/03\/chorus-fabbrica-200x150.jpg 200w, https:\/\/studiumcanticum.it\/omaggio-xx-secolo\/wp-content\/uploads\/2017\/03\/chorus-fabbrica-300x225.jpg 300w, https:\/\/studiumcanticum.it\/omaggio-xx-secolo\/wp-content\/uploads\/2017\/03\/chorus-fabbrica-400x300.jpg 400w, https:\/\/studiumcanticum.it\/omaggio-xx-secolo\/wp-content\/uploads\/2017\/03\/chorus-fabbrica-600x450.jpg 600w, https:\/\/studiumcanticum.it\/omaggio-xx-secolo\/wp-content\/uploads\/2017\/03\/chorus-fabbrica-768x576.jpg 768w, https:\/\/studiumcanticum.it\/omaggio-xx-secolo\/wp-content\/uploads\/2017\/03\/chorus-fabbrica.jpg 800w\" sizes=\"(max-width: 800px) 100vw, 800px\" \/>\n            <\/div>\n            <div class=\"col-xs-12 col-md-8\">\n            <h3 class=\"h3_titolo\">Chorus fabbrica<\/h3>\n            \n            <\/div>\n          <\/div>\n\t\t\n          <div class=\"row\" style=\"margin-bottom:15px;\">\n          \t<div class=\"col-xs-12 col-md-4\">\n              <img width=\"800\" height=\"600\" src=\"https:\/\/studiumcanticum.it\/omaggio-xx-secolo\/wp-content\/uploads\/2017\/04\/claudio-mosca-800x600.jpg\" class=\"attachment-800 size-800 wp-post-image\" alt=\"\" loading=\"lazy\" srcset=\"https:\/\/studiumcanticum.it\/omaggio-xx-secolo\/wp-content\/uploads\/2017\/04\/claudio-mosca-200x150.jpg 200w, https:\/\/studiumcanticum.it\/omaggio-xx-secolo\/wp-content\/uploads\/2017\/04\/claudio-mosca-300x225.jpg 300w, https:\/\/studiumcanticum.it\/omaggio-xx-secolo\/wp-content\/uploads\/2017\/04\/claudio-mosca-400x300.jpg 400w, https:\/\/studiumcanticum.it\/omaggio-xx-secolo\/wp-content\/uploads\/2017\/04\/claudio-mosca-600x450.jpg 600w, https:\/\/studiumcanticum.it\/omaggio-xx-secolo\/wp-content\/uploads\/2017\/04\/claudio-mosca-768x576.jpg 768w, https:\/\/studiumcanticum.it\/omaggio-xx-secolo\/wp-content\/uploads\/2017\/04\/claudio-mosca.jpg 800w\" sizes=\"(max-width: 800px) 100vw, 800px\" \/>\n            <\/div>\n            <div class=\"col-xs-12 col-md-8\">\n            <h3 class=\"h3_titolo\">Claudio Mosca<\/h3>\n            \n            <\/div>\n          <\/div>\n\t\t\n          <div class=\"row\" style=\"margin-bottom:15px;\">\n          \t<div class=\"col-xs-12 col-md-4\">\n              <img width=\"800\" height=\"600\" src=\"https:\/\/studiumcanticum.it\/omaggio-xx-secolo\/wp-content\/uploads\/2017\/03\/compagnia-dei-ragazzi_01-800x600.jpg\" class=\"attachment-800 size-800 wp-post-image\" alt=\"\" loading=\"lazy\" srcset=\"https:\/\/studiumcanticum.it\/omaggio-xx-secolo\/wp-content\/uploads\/2017\/03\/compagnia-dei-ragazzi_01-200x150.jpg 200w, https:\/\/studiumcanticum.it\/omaggio-xx-secolo\/wp-content\/uploads\/2017\/03\/compagnia-dei-ragazzi_01-300x225.jpg 300w, https:\/\/studiumcanticum.it\/omaggio-xx-secolo\/wp-content\/uploads\/2017\/03\/compagnia-dei-ragazzi_01-400x300.jpg 400w, https:\/\/studiumcanticum.it\/omaggio-xx-secolo\/wp-content\/uploads\/2017\/03\/compagnia-dei-ragazzi_01-600x450.jpg 600w, https:\/\/studiumcanticum.it\/omaggio-xx-secolo\/wp-content\/uploads\/2017\/03\/compagnia-dei-ragazzi_01-768x576.jpg 768w, https:\/\/studiumcanticum.it\/omaggio-xx-secolo\/wp-content\/uploads\/2017\/03\/compagnia-dei-ragazzi_01.jpg 800w\" sizes=\"(max-width: 800px) 100vw, 800px\" \/>\n            <\/div>\n            <div class=\"col-xs-12 col-md-8\">\n            <h3 class=\"h3_titolo\">Compagnia dei Ragazzi<\/h3>\n            \n            <\/div>\n          <\/div>\n\t\t\n          <div class=\"row\" style=\"margin-bottom:15px;\">\n          \t<div class=\"col-xs-12 col-md-4\">\n              <img width=\"800\" height=\"600\" src=\"https:\/\/studiumcanticum.it\/omaggio-xx-secolo\/wp-content\/uploads\/2017\/03\/Coro-mani-bianche-800x600.jpeg\" class=\"attachment-800 size-800 wp-post-image\" alt=\"\" loading=\"lazy\" srcset=\"https:\/\/studiumcanticum.it\/omaggio-xx-secolo\/wp-content\/uploads\/2017\/03\/Coro-mani-bianche-200x150.jpeg 200w, https:\/\/studiumcanticum.it\/omaggio-xx-secolo\/wp-content\/uploads\/2017\/03\/Coro-mani-bianche-300x225.jpeg 300w, https:\/\/studiumcanticum.it\/omaggio-xx-secolo\/wp-content\/uploads\/2017\/03\/Coro-mani-bianche-400x300.jpeg 400w, https:\/\/studiumcanticum.it\/omaggio-xx-secolo\/wp-content\/uploads\/2017\/03\/Coro-mani-bianche-600x450.jpeg 600w, https:\/\/studiumcanticum.it\/omaggio-xx-secolo\/wp-content\/uploads\/2017\/03\/Coro-mani-bianche-768x576.jpeg 768w, https:\/\/studiumcanticum.it\/omaggio-xx-secolo\/wp-content\/uploads\/2017\/03\/Coro-mani-bianche.jpeg 800w\" sizes=\"(max-width: 800px) 100vw, 800px\" \/>\n            <\/div>\n            <div class=\"col-xs-12 col-md-8\">\n            <h3 class=\"h3_titolo\">Coro Mani Bianche<\/h3>\n            \n            <\/div>\n          <\/div>\n\t\t\n          <div class=\"row\" style=\"margin-bottom:15px;\">\n          \t<div class=\"col-xs-12 col-md-4\">\n              <img width=\"800\" height=\"600\" src=\"https:\/\/studiumcanticum.it\/omaggio-xx-secolo\/wp-content\/uploads\/2017\/03\/daniele-ledda-800x600.jpg\" class=\"attachment-800 size-800 wp-post-image\" alt=\"\" loading=\"lazy\" srcset=\"https:\/\/studiumcanticum.it\/omaggio-xx-secolo\/wp-content\/uploads\/2017\/03\/daniele-ledda-200x150.jpg 200w, https:\/\/studiumcanticum.it\/omaggio-xx-secolo\/wp-content\/uploads\/2017\/03\/daniele-ledda-300x225.jpg 300w, https:\/\/studiumcanticum.it\/omaggio-xx-secolo\/wp-content\/uploads\/2017\/03\/daniele-ledda-400x300.jpg 400w, https:\/\/studiumcanticum.it\/omaggio-xx-secolo\/wp-content\/uploads\/2017\/03\/daniele-ledda-600x450.jpg 600w, https:\/\/studiumcanticum.it\/omaggio-xx-secolo\/wp-content\/uploads\/2017\/03\/daniele-ledda-768x576.jpg 768w, https:\/\/studiumcanticum.it\/omaggio-xx-secolo\/wp-content\/uploads\/2017\/03\/daniele-ledda.jpg 800w\" sizes=\"(max-width: 800px) 100vw, 800px\" \/>\n            <\/div>\n            <div class=\"col-xs-12 col-md-8\">\n            <h3 class=\"h3_titolo\">Daniele Ledda<\/h3>\n            \n            <\/div>\n          <\/div>\n\t\t\n          <div class=\"row\" style=\"margin-bottom:15px;\">\n          \t<div class=\"col-xs-12 col-md-4\">\n              <img width=\"800\" height=\"600\" src=\"https:\/\/studiumcanticum.it\/omaggio-xx-secolo\/wp-content\/uploads\/2017\/03\/debora-fadda-800x600.jpg\" class=\"attachment-800 size-800 wp-post-image\" alt=\"\" loading=\"lazy\" srcset=\"https:\/\/studiumcanticum.it\/omaggio-xx-secolo\/wp-content\/uploads\/2017\/03\/debora-fadda-200x150.jpg 200w, https:\/\/studiumcanticum.it\/omaggio-xx-secolo\/wp-content\/uploads\/2017\/03\/debora-fadda-300x225.jpg 300w, https:\/\/studiumcanticum.it\/omaggio-xx-secolo\/wp-content\/uploads\/2017\/03\/debora-fadda-400x300.jpg 400w, https:\/\/studiumcanticum.it\/omaggio-xx-secolo\/wp-content\/uploads\/2017\/03\/debora-fadda-600x450.jpg 600w, https:\/\/studiumcanticum.it\/omaggio-xx-secolo\/wp-content\/uploads\/2017\/03\/debora-fadda-768x576.jpg 768w, https:\/\/studiumcanticum.it\/omaggio-xx-secolo\/wp-content\/uploads\/2017\/03\/debora-fadda.jpg 800w\" sizes=\"(max-width: 800px) 100vw, 800px\" \/>\n            <\/div>\n            <div class=\"col-xs-12 col-md-8\">\n            <h3 class=\"h3_titolo\">Debora Fadda<\/h3>\n            \n            <\/div>\n          <\/div>\n\t\t\n          <div class=\"row\" style=\"margin-bottom:15px;\">\n          \t<div class=\"col-xs-12 col-md-4\">\n              <img width=\"800\" height=\"600\" src=\"https:\/\/studiumcanticum.it\/omaggio-xx-secolo\/wp-content\/uploads\/2017\/03\/elio-turno-arthemalle-800x600.jpg\" class=\"attachment-800 size-800 wp-post-image\" alt=\"\" loading=\"lazy\" srcset=\"https:\/\/studiumcanticum.it\/omaggio-xx-secolo\/wp-content\/uploads\/2017\/03\/elio-turno-arthemalle-200x150.jpg 200w, https:\/\/studiumcanticum.it\/omaggio-xx-secolo\/wp-content\/uploads\/2017\/03\/elio-turno-arthemalle-300x225.jpg 300w, https:\/\/studiumcanticum.it\/omaggio-xx-secolo\/wp-content\/uploads\/2017\/03\/elio-turno-arthemalle-400x300.jpg 400w, https:\/\/studiumcanticum.it\/omaggio-xx-secolo\/wp-content\/uploads\/2017\/03\/elio-turno-arthemalle-600x450.jpg 600w, https:\/\/studiumcanticum.it\/omaggio-xx-secolo\/wp-content\/uploads\/2017\/03\/elio-turno-arthemalle-768x576.jpg 768w, https:\/\/studiumcanticum.it\/omaggio-xx-secolo\/wp-content\/uploads\/2017\/03\/elio-turno-arthemalle.jpg 800w\" sizes=\"(max-width: 800px) 100vw, 800px\" \/>\n            <\/div>\n            <div class=\"col-xs-12 col-md-8\">\n            <h3 class=\"h3_titolo\">Elio Turno Arthemalle<\/h3>\n            \n            <\/div>\n          <\/div>\n\t\t\n          <div class=\"row\" style=\"margin-bottom:15px;\">\n          \t<div class=\"col-xs-12 col-md-4\">\n              <img width=\"800\" height=\"600\" src=\"https:\/\/studiumcanticum.it\/omaggio-xx-secolo\/wp-content\/uploads\/2017\/03\/federica-marrocu-800x600.jpg\" class=\"attachment-800 size-800 wp-post-image\" alt=\"\" loading=\"lazy\" srcset=\"https:\/\/studiumcanticum.it\/omaggio-xx-secolo\/wp-content\/uploads\/2017\/03\/federica-marrocu-200x150.jpg 200w, https:\/\/studiumcanticum.it\/omaggio-xx-secolo\/wp-content\/uploads\/2017\/03\/federica-marrocu-300x225.jpg 300w, https:\/\/studiumcanticum.it\/omaggio-xx-secolo\/wp-content\/uploads\/2017\/03\/federica-marrocu-400x300.jpg 400w, https:\/\/studiumcanticum.it\/omaggio-xx-secolo\/wp-content\/uploads\/2017\/03\/federica-marrocu-600x450.jpg 600w, https:\/\/studiumcanticum.it\/omaggio-xx-secolo\/wp-content\/uploads\/2017\/03\/federica-marrocu-768x576.jpg 768w, https:\/\/studiumcanticum.it\/omaggio-xx-secolo\/wp-content\/uploads\/2017\/03\/federica-marrocu.jpg 800w\" sizes=\"(max-width: 800px) 100vw, 800px\" \/>\n            <\/div>\n            <div class=\"col-xs-12 col-md-8\">\n            <h3 class=\"h3_titolo\">Federica Marroccu<\/h3>\n            \n            <\/div>\n          <\/div>\n\t\t\n          <div class=\"row\" style=\"margin-bottom:15px;\">\n          \t<div class=\"col-xs-12 col-md-4\">\n              <img width=\"800\" height=\"600\" src=\"https:\/\/studiumcanticum.it\/omaggio-xx-secolo\/wp-content\/uploads\/2017\/03\/gary-graden-800x600.jpg\" class=\"attachment-800 size-800 wp-post-image\" alt=\"\" loading=\"lazy\" srcset=\"https:\/\/studiumcanticum.it\/omaggio-xx-secolo\/wp-content\/uploads\/2017\/03\/gary-graden-200x150.jpg 200w, https:\/\/studiumcanticum.it\/omaggio-xx-secolo\/wp-content\/uploads\/2017\/03\/gary-graden-300x225.jpg 300w, https:\/\/studiumcanticum.it\/omaggio-xx-secolo\/wp-content\/uploads\/2017\/03\/gary-graden-400x300.jpg 400w, https:\/\/studiumcanticum.it\/omaggio-xx-secolo\/wp-content\/uploads\/2017\/03\/gary-graden-600x450.jpg 600w, https:\/\/studiumcanticum.it\/omaggio-xx-secolo\/wp-content\/uploads\/2017\/03\/gary-graden-768x576.jpg 768w, https:\/\/studiumcanticum.it\/omaggio-xx-secolo\/wp-content\/uploads\/2017\/03\/gary-graden.jpg 800w\" sizes=\"(max-width: 800px) 100vw, 800px\" \/>\n            <\/div>\n            <div class=\"col-xs-12 col-md-8\">\n            <h3 class=\"h3_titolo\">Gary Graden<\/h3>\n            \n            <\/div>\n          <\/div>\n\t\t\n          <div class=\"row\" style=\"margin-bottom:15px;\">\n          \t<div class=\"col-xs-12 col-md-4\">\n              <img width=\"800\" height=\"600\" src=\"https:\/\/studiumcanticum.it\/omaggio-xx-secolo\/wp-content\/uploads\/2017\/03\/ghislaine-morgan-800x600.jpg\" class=\"attachment-800 size-800 wp-post-image\" alt=\"\" loading=\"lazy\" srcset=\"https:\/\/studiumcanticum.it\/omaggio-xx-secolo\/wp-content\/uploads\/2017\/03\/ghislaine-morgan-200x150.jpg 200w, https:\/\/studiumcanticum.it\/omaggio-xx-secolo\/wp-content\/uploads\/2017\/03\/ghislaine-morgan-300x225.jpg 300w, https:\/\/studiumcanticum.it\/omaggio-xx-secolo\/wp-content\/uploads\/2017\/03\/ghislaine-morgan-400x300.jpg 400w, https:\/\/studiumcanticum.it\/omaggio-xx-secolo\/wp-content\/uploads\/2017\/03\/ghislaine-morgan-600x450.jpg 600w, https:\/\/studiumcanticum.it\/omaggio-xx-secolo\/wp-content\/uploads\/2017\/03\/ghislaine-morgan-768x576.jpg 768w, https:\/\/studiumcanticum.it\/omaggio-xx-secolo\/wp-content\/uploads\/2017\/03\/ghislaine-morgan.jpg 800w\" sizes=\"(max-width: 800px) 100vw, 800px\" \/>\n            <\/div>\n            <div class=\"col-xs-12 col-md-8\">\n            <h3 class=\"h3_titolo\">Ghislaine Morgan<\/h3>\n            \n            <\/div>\n          <\/div>\n\t\t\n          <div class=\"row\" style=\"margin-bottom:15px;\">\n          \t<div class=\"col-xs-12 col-md-4\">\n              <img width=\"800\" height=\"600\" src=\"https:\/\/studiumcanticum.it\/omaggio-xx-secolo\/wp-content\/uploads\/2017\/04\/licei-800x600.jpg\" class=\"attachment-800 size-800 wp-post-image\" alt=\"\" loading=\"lazy\" srcset=\"https:\/\/studiumcanticum.it\/omaggio-xx-secolo\/wp-content\/uploads\/2017\/04\/licei-200x150.jpg 200w, https:\/\/studiumcanticum.it\/omaggio-xx-secolo\/wp-content\/uploads\/2017\/04\/licei-300x225.jpg 300w, https:\/\/studiumcanticum.it\/omaggio-xx-secolo\/wp-content\/uploads\/2017\/04\/licei-400x300.jpg 400w, https:\/\/studiumcanticum.it\/omaggio-xx-secolo\/wp-content\/uploads\/2017\/04\/licei-600x450.jpg 600w, https:\/\/studiumcanticum.it\/omaggio-xx-secolo\/wp-content\/uploads\/2017\/04\/licei-768x576.jpg 768w, https:\/\/studiumcanticum.it\/omaggio-xx-secolo\/wp-content\/uploads\/2017\/04\/licei.jpg 800w\" sizes=\"(max-width: 800px) 100vw, 800px\" \/>\n            <\/div>\n            <div class=\"col-xs-12 col-md-8\">\n            <h3 class=\"h3_titolo\">Liceo Dettori   Liceo Siotto   Chorus Fabbrica<\/h3>\n            \n            <\/div>\n          <\/div>\n\t\t\n          <div class=\"row\" style=\"margin-bottom:15px;\">\n          \t<div class=\"col-xs-12 col-md-4\">\n              <img width=\"800\" height=\"600\" src=\"https:\/\/studiumcanticum.it\/omaggio-xx-secolo\/wp-content\/uploads\/2017\/03\/lolek-vocal-ensemble-800x600.jpg\" class=\"attachment-800 size-800 wp-post-image\" alt=\"\" loading=\"lazy\" srcset=\"https:\/\/studiumcanticum.it\/omaggio-xx-secolo\/wp-content\/uploads\/2017\/03\/lolek-vocal-ensemble-200x150.jpg 200w, https:\/\/studiumcanticum.it\/omaggio-xx-secolo\/wp-content\/uploads\/2017\/03\/lolek-vocal-ensemble-300x225.jpg 300w, https:\/\/studiumcanticum.it\/omaggio-xx-secolo\/wp-content\/uploads\/2017\/03\/lolek-vocal-ensemble-400x300.jpg 400w, https:\/\/studiumcanticum.it\/omaggio-xx-secolo\/wp-content\/uploads\/2017\/03\/lolek-vocal-ensemble-600x450.jpg 600w, https:\/\/studiumcanticum.it\/omaggio-xx-secolo\/wp-content\/uploads\/2017\/03\/lolek-vocal-ensemble-768x576.jpg 768w, https:\/\/studiumcanticum.it\/omaggio-xx-secolo\/wp-content\/uploads\/2017\/03\/lolek-vocal-ensemble.jpg 800w\" sizes=\"(max-width: 800px) 100vw, 800px\" \/>\n            <\/div>\n            <div class=\"col-xs-12 col-md-8\">\n            <h3 class=\"h3_titolo\">Lolek Vocal Ensamble<\/h3>\n            \n            <\/div>\n          <\/div>\n\t\t\n          <div class=\"row\" style=\"margin-bottom:15px;\">\n          \t<div class=\"col-xs-12 col-md-4\">\n              <img width=\"800\" height=\"600\" src=\"https:\/\/studiumcanticum.it\/omaggio-xx-secolo\/wp-content\/uploads\/2017\/04\/luca-persico-800x600.jpg\" class=\"attachment-800 size-800 wp-post-image\" alt=\"\" loading=\"lazy\" srcset=\"https:\/\/studiumcanticum.it\/omaggio-xx-secolo\/wp-content\/uploads\/2017\/04\/luca-persico-200x150.jpg 200w, https:\/\/studiumcanticum.it\/omaggio-xx-secolo\/wp-content\/uploads\/2017\/04\/luca-persico-300x225.jpg 300w, https:\/\/studiumcanticum.it\/omaggio-xx-secolo\/wp-content\/uploads\/2017\/04\/luca-persico-400x300.jpg 400w, https:\/\/studiumcanticum.it\/omaggio-xx-secolo\/wp-content\/uploads\/2017\/04\/luca-persico-600x450.jpg 600w, https:\/\/studiumcanticum.it\/omaggio-xx-secolo\/wp-content\/uploads\/2017\/04\/luca-persico-768x576.jpg 768w, https:\/\/studiumcanticum.it\/omaggio-xx-secolo\/wp-content\/uploads\/2017\/04\/luca-persico.jpg 800w\" sizes=\"(max-width: 800px) 100vw, 800px\" \/>\n            <\/div>\n            <div class=\"col-xs-12 col-md-8\">\n            <h3 class=\"h3_titolo\">Luca Persico<\/h3>\n            \n            <\/div>\n          <\/div>\n\t\t\n          <div class=\"row\" style=\"margin-bottom:15px;\">\n          \t<div class=\"col-xs-12 col-md-4\">\n              <img width=\"800\" height=\"600\" src=\"https:\/\/studiumcanticum.it\/omaggio-xx-secolo\/wp-content\/uploads\/2017\/03\/manuele-pinna-800x600.jpg\" class=\"attachment-800 size-800 wp-post-image\" alt=\"\" loading=\"lazy\" srcset=\"https:\/\/studiumcanticum.it\/omaggio-xx-secolo\/wp-content\/uploads\/2017\/03\/manuele-pinna-200x150.jpg 200w, https:\/\/studiumcanticum.it\/omaggio-xx-secolo\/wp-content\/uploads\/2017\/03\/manuele-pinna-300x225.jpg 300w, https:\/\/studiumcanticum.it\/omaggio-xx-secolo\/wp-content\/uploads\/2017\/03\/manuele-pinna-400x300.jpg 400w, https:\/\/studiumcanticum.it\/omaggio-xx-secolo\/wp-content\/uploads\/2017\/03\/manuele-pinna-600x450.jpg 600w, https:\/\/studiumcanticum.it\/omaggio-xx-secolo\/wp-content\/uploads\/2017\/03\/manuele-pinna-768x576.jpg 768w, https:\/\/studiumcanticum.it\/omaggio-xx-secolo\/wp-content\/uploads\/2017\/03\/manuele-pinna.jpg 800w\" sizes=\"(max-width: 800px) 100vw, 800px\" \/>\n            <\/div>\n            <div class=\"col-xs-12 col-md-8\">\n            <h3 class=\"h3_titolo\">Manuele Pinna<\/h3>\n            \n            <\/div>\n          <\/div>\n\t\t\n          <div class=\"row\" style=\"margin-bottom:15px;\">\n          \t<div class=\"col-xs-12 col-md-4\">\n              <img width=\"800\" height=\"600\" src=\"https:\/\/studiumcanticum.it\/omaggio-xx-secolo\/wp-content\/uploads\/2017\/03\/pier-paolo-scattolin-800x600.jpg\" class=\"attachment-800 size-800 wp-post-image\" alt=\"\" loading=\"lazy\" srcset=\"https:\/\/studiumcanticum.it\/omaggio-xx-secolo\/wp-content\/uploads\/2017\/03\/pier-paolo-scattolin-200x150.jpg 200w, https:\/\/studiumcanticum.it\/omaggio-xx-secolo\/wp-content\/uploads\/2017\/03\/pier-paolo-scattolin-300x225.jpg 300w, https:\/\/studiumcanticum.it\/omaggio-xx-secolo\/wp-content\/uploads\/2017\/03\/pier-paolo-scattolin-400x300.jpg 400w, https:\/\/studiumcanticum.it\/omaggio-xx-secolo\/wp-content\/uploads\/2017\/03\/pier-paolo-scattolin-600x450.jpg 600w, https:\/\/studiumcanticum.it\/omaggio-xx-secolo\/wp-content\/uploads\/2017\/03\/pier-paolo-scattolin-768x576.jpg 768w, https:\/\/studiumcanticum.it\/omaggio-xx-secolo\/wp-content\/uploads\/2017\/03\/pier-paolo-scattolin.jpg 800w\" sizes=\"(max-width: 800px) 100vw, 800px\" \/>\n            <\/div>\n            <div class=\"col-xs-12 col-md-8\">\n            <h3 class=\"h3_titolo\">Pier Paolo Scattolin<\/h3>\n            \n            <\/div>\n          <\/div>\n\t\t\n          <div class=\"row\" style=\"margin-bottom:15px;\">\n          \t<div class=\"col-xs-12 col-md-4\">\n              <img width=\"800\" height=\"600\" src=\"https:\/\/studiumcanticum.it\/omaggio-xx-secolo\/wp-content\/uploads\/2017\/03\/rossella-spinosa-800x600.jpg\" class=\"attachment-800 size-800 wp-post-image\" alt=\"\" loading=\"lazy\" srcset=\"https:\/\/studiumcanticum.it\/omaggio-xx-secolo\/wp-content\/uploads\/2017\/03\/rossella-spinosa-200x150.jpg 200w, https:\/\/studiumcanticum.it\/omaggio-xx-secolo\/wp-content\/uploads\/2017\/03\/rossella-spinosa-300x225.jpg 300w, https:\/\/studiumcanticum.it\/omaggio-xx-secolo\/wp-content\/uploads\/2017\/03\/rossella-spinosa-400x300.jpg 400w, https:\/\/studiumcanticum.it\/omaggio-xx-secolo\/wp-content\/uploads\/2017\/03\/rossella-spinosa-600x450.jpg 600w, https:\/\/studiumcanticum.it\/omaggio-xx-secolo\/wp-content\/uploads\/2017\/03\/rossella-spinosa-768x576.jpg 768w, https:\/\/studiumcanticum.it\/omaggio-xx-secolo\/wp-content\/uploads\/2017\/03\/rossella-spinosa.jpg 800w\" sizes=\"(max-width: 800px) 100vw, 800px\" \/>\n            <\/div>\n            <div class=\"col-xs-12 col-md-8\">\n            <h3 class=\"h3_titolo\">Rossella Spinosa<\/h3>\n            \n            <\/div>\n          <\/div>\n\t\t\n          <div class=\"row\" style=\"margin-bottom:15px;\">\n          \t<div class=\"col-xs-12 col-md-4\">\n              <img width=\"800\" height=\"600\" src=\"https:\/\/studiumcanticum.it\/omaggio-xx-secolo\/wp-content\/uploads\/2017\/04\/scuola-via-toti-800x600.jpg\" class=\"attachment-800 size-800 wp-post-image\" alt=\"\" loading=\"lazy\" srcset=\"https:\/\/studiumcanticum.it\/omaggio-xx-secolo\/wp-content\/uploads\/2017\/04\/scuola-via-toti-200x150.jpg 200w, https:\/\/studiumcanticum.it\/omaggio-xx-secolo\/wp-content\/uploads\/2017\/04\/scuola-via-toti-300x225.jpg 300w, https:\/\/studiumcanticum.it\/omaggio-xx-secolo\/wp-content\/uploads\/2017\/04\/scuola-via-toti-400x300.jpg 400w, https:\/\/studiumcanticum.it\/omaggio-xx-secolo\/wp-content\/uploads\/2017\/04\/scuola-via-toti-600x450.jpg 600w, https:\/\/studiumcanticum.it\/omaggio-xx-secolo\/wp-content\/uploads\/2017\/04\/scuola-via-toti-768x576.jpg 768w, https:\/\/studiumcanticum.it\/omaggio-xx-secolo\/wp-content\/uploads\/2017\/04\/scuola-via-toti.jpg 800w\" sizes=\"(max-width: 800px) 100vw, 800px\" \/>\n            <\/div>\n            <div class=\"col-xs-12 col-md-8\">\n            <h3 class=\"h3_titolo\">Scuola Via Toti<\/h3>\n            \n            <\/div>\n          <\/div>\n\t\t\n          <div class=\"row\" style=\"margin-bottom:15px;\">\n          \t<div class=\"col-xs-12 col-md-4\">\n              <img width=\"800\" height=\"600\" src=\"https:\/\/studiumcanticum.it\/omaggio-xx-secolo\/wp-content\/uploads\/2017\/03\/scuole-in-coro-800x600.jpg\" class=\"attachment-800 size-800 wp-post-image\" alt=\"\" loading=\"lazy\" srcset=\"https:\/\/studiumcanticum.it\/omaggio-xx-secolo\/wp-content\/uploads\/2017\/03\/scuole-in-coro-200x150.jpg 200w, https:\/\/studiumcanticum.it\/omaggio-xx-secolo\/wp-content\/uploads\/2017\/03\/scuole-in-coro-300x225.jpg 300w, https:\/\/studiumcanticum.it\/omaggio-xx-secolo\/wp-content\/uploads\/2017\/03\/scuole-in-coro-400x300.jpg 400w, https:\/\/studiumcanticum.it\/omaggio-xx-secolo\/wp-content\/uploads\/2017\/03\/scuole-in-coro-600x450.jpg 600w, https:\/\/studiumcanticum.it\/omaggio-xx-secolo\/wp-content\/uploads\/2017\/03\/scuole-in-coro-768x576.jpg 768w, https:\/\/studiumcanticum.it\/omaggio-xx-secolo\/wp-content\/uploads\/2017\/03\/scuole-in-coro.jpg 800w\" sizes=\"(max-width: 800px) 100vw, 800px\" \/>\n            <\/div>\n            <div class=\"col-xs-12 col-md-8\">\n            <h3 class=\"h3_titolo\">Scuole in Coro<\/h3>\n            \n            <\/div>\n          <\/div>\n\t\t\n          <div class=\"row\" style=\"margin-bottom:15px;\">\n          \t<div class=\"col-xs-12 col-md-4\">\n              <img width=\"800\" height=\"600\" src=\"https:\/\/studiumcanticum.it\/omaggio-xx-secolo\/wp-content\/uploads\/2017\/04\/stefania-pineider-800x600.jpg\" class=\"attachment-800 size-800 wp-post-image\" alt=\"\" loading=\"lazy\" srcset=\"https:\/\/studiumcanticum.it\/omaggio-xx-secolo\/wp-content\/uploads\/2017\/04\/stefania-pineider-200x150.jpg 200w, https:\/\/studiumcanticum.it\/omaggio-xx-secolo\/wp-content\/uploads\/2017\/04\/stefania-pineider-300x225.jpg 300w, https:\/\/studiumcanticum.it\/omaggio-xx-secolo\/wp-content\/uploads\/2017\/04\/stefania-pineider-400x300.jpg 400w, https:\/\/studiumcanticum.it\/omaggio-xx-secolo\/wp-content\/uploads\/2017\/04\/stefania-pineider-600x450.jpg 600w, https:\/\/studiumcanticum.it\/omaggio-xx-secolo\/wp-content\/uploads\/2017\/04\/stefania-pineider-768x576.jpg 768w, https:\/\/studiumcanticum.it\/omaggio-xx-secolo\/wp-content\/uploads\/2017\/04\/stefania-pineider.jpg 800w\" sizes=\"(max-width: 800px) 100vw, 800px\" \/>\n            <\/div>\n            <div class=\"col-xs-12 col-md-8\">\n            <h3 class=\"h3_titolo\">Stefania Pineider<\/h3>\n            \n            <\/div>\n          <\/div>\n\t\t\n          <div class=\"row\" style=\"margin-bottom:15px;\">\n          \t<div class=\"col-xs-12 col-md-4\">\n              <img width=\"800\" height=\"600\" src=\"https:\/\/studiumcanticum.it\/omaggio-xx-secolo\/wp-content\/uploads\/2017\/03\/stefano-baroni-800x600.jpg\" class=\"attachment-800 size-800 wp-post-image\" alt=\"\" loading=\"lazy\" srcset=\"https:\/\/studiumcanticum.it\/omaggio-xx-secolo\/wp-content\/uploads\/2017\/03\/stefano-baroni-200x150.jpg 200w, https:\/\/studiumcanticum.it\/omaggio-xx-secolo\/wp-content\/uploads\/2017\/03\/stefano-baroni-300x225.jpg 300w, https:\/\/studiumcanticum.it\/omaggio-xx-secolo\/wp-content\/uploads\/2017\/03\/stefano-baroni-400x300.jpg 400w, https:\/\/studiumcanticum.it\/omaggio-xx-secolo\/wp-content\/uploads\/2017\/03\/stefano-baroni-600x450.jpg 600w, https:\/\/studiumcanticum.it\/omaggio-xx-secolo\/wp-content\/uploads\/2017\/03\/stefano-baroni-768x576.jpg 768w, https:\/\/studiumcanticum.it\/omaggio-xx-secolo\/wp-content\/uploads\/2017\/03\/stefano-baroni.jpg 800w\" sizes=\"(max-width: 800px) 100vw, 800px\" \/>\n            <\/div>\n            <div class=\"col-xs-12 col-md-8\">\n            <h3 class=\"h3_titolo\">Stefano Baroni<\/h3>\n            \n            <\/div>\n          <\/div>\n\t\t\n          <div class=\"row\" style=\"margin-bottom:15px;\">\n          \t<div class=\"col-xs-12 col-md-4\">\n              <img width=\"800\" height=\"600\" src=\"https:\/\/studiumcanticum.it\/omaggio-xx-secolo\/wp-content\/uploads\/2017\/03\/studium-800x600.jpg\" class=\"attachment-800 size-800 wp-post-image\" alt=\"\" loading=\"lazy\" srcset=\"https:\/\/studiumcanticum.it\/omaggio-xx-secolo\/wp-content\/uploads\/2017\/03\/studium-200x150.jpg 200w, https:\/\/studiumcanticum.it\/omaggio-xx-secolo\/wp-content\/uploads\/2017\/03\/studium-300x225.jpg 300w, https:\/\/studiumcanticum.it\/omaggio-xx-secolo\/wp-content\/uploads\/2017\/03\/studium-400x300.jpg 400w, https:\/\/studiumcanticum.it\/omaggio-xx-secolo\/wp-content\/uploads\/2017\/03\/studium-600x450.jpg 600w, https:\/\/studiumcanticum.it\/omaggio-xx-secolo\/wp-content\/uploads\/2017\/03\/studium-768x576.jpg 768w, https:\/\/studiumcanticum.it\/omaggio-xx-secolo\/wp-content\/uploads\/2017\/03\/studium.jpg 800w\" sizes=\"(max-width: 800px) 100vw, 800px\" \/>\n            <\/div>\n            <div class=\"col-xs-12 col-md-8\">\n            <h3 class=\"h3_titolo\">Studium Canticum<\/h3>\n            \n            <\/div>\n          <\/div>\n\t\t\n          <div class=\"row\" style=\"margin-bottom:15px;\">\n          \t<div class=\"col-xs-12 col-md-4\">\n              <img width=\"800\" height=\"600\" src=\"https:\/\/studiumcanticum.it\/omaggio-xx-secolo\/wp-content\/uploads\/2017\/03\/virgo-vox-800x600.jpg\" class=\"attachment-800 size-800 wp-post-image\" alt=\"\" loading=\"lazy\" srcset=\"https:\/\/studiumcanticum.it\/omaggio-xx-secolo\/wp-content\/uploads\/2017\/03\/virgo-vox-200x150.jpg 200w, https:\/\/studiumcanticum.it\/omaggio-xx-secolo\/wp-content\/uploads\/2017\/03\/virgo-vox-300x225.jpg 300w, https:\/\/studiumcanticum.it\/omaggio-xx-secolo\/wp-content\/uploads\/2017\/03\/virgo-vox-400x300.jpg 400w, https:\/\/studiumcanticum.it\/omaggio-xx-secolo\/wp-content\/uploads\/2017\/03\/virgo-vox-600x450.jpg 600w, https:\/\/studiumcanticum.it\/omaggio-xx-secolo\/wp-content\/uploads\/2017\/03\/virgo-vox-768x576.jpg 768w, https:\/\/studiumcanticum.it\/omaggio-xx-secolo\/wp-content\/uploads\/2017\/03\/virgo-vox.jpg 800w\" sizes=\"(max-width: 800px) 100vw, 800px\" \/>\n            <\/div>\n            <div class=\"col-xs-12 col-md-8\">\n            <h3 class=\"h3_titolo\">Virgo Vox<\/h3>\n            \n            <\/div>\n          <\/div>\n\t\t\n          <div class=\"row\" style=\"margin-bottom:15px;\">\n          \t<div class=\"col-xs-12 col-md-4\">\n              <img width=\"800\" height=\"600\" src=\"https:\/\/studiumcanticum.it\/omaggio-xx-secolo\/wp-content\/uploads\/2017\/03\/voix-denfants-1-800x600.jpg\" class=\"attachment-800 size-800 wp-post-image\" alt=\"\" loading=\"lazy\" srcset=\"https:\/\/studiumcanticum.it\/omaggio-xx-secolo\/wp-content\/uploads\/2017\/03\/voix-denfants-1-200x150.jpg 200w, https:\/\/studiumcanticum.it\/omaggio-xx-secolo\/wp-content\/uploads\/2017\/03\/voix-denfants-1-300x225.jpg 300w, https:\/\/studiumcanticum.it\/omaggio-xx-secolo\/wp-content\/uploads\/2017\/03\/voix-denfants-1-400x300.jpg 400w, https:\/\/studiumcanticum.it\/omaggio-xx-secolo\/wp-content\/uploads\/2017\/03\/voix-denfants-1-600x450.jpg 600w, https:\/\/studiumcanticum.it\/omaggio-xx-secolo\/wp-content\/uploads\/2017\/03\/voix-denfants-1-768x576.jpg 768w, https:\/\/studiumcanticum.it\/omaggio-xx-secolo\/wp-content\/uploads\/2017\/03\/voix-denfants-1.jpg 800w\" sizes=\"(max-width: 800px) 100vw, 800px\" \/>\n            <\/div>\n            <div class=\"col-xs-12 col-md-8\">\n            <h3 class=\"h3_titolo\">Voix d&#8217;enfants<\/h3>\n            \n            <\/div>\n          <\/div>\n\t\t\n\t<!-- wpv-loop-end -->\n\t\n\t\n<\/div><\/div><div class=\"fusion-additional-widget-content\"><\/div><\/div><div class=\"fusion-clearfix\"><\/div>\n\n\t\t\t\t\t<\/div>\n\t\t\t\t<\/div><div  class=\"fusion-layout-column fusion_builder_column fusion_builder_column_1_6  fusion-one-sixth fusion-column-last 1_6\"  style='margin-top:0px;margin-bottom:20px;width:16.66%;width:calc(16.66% - ( ( 4% + 4% ) * 0.1666 ) );'>\n\t\t\t\t\t<div class=\"fusion-column-wrapper\" style=\"background-position:left top;background-repeat:no-repeat;-webkit-background-size:cover;-moz-background-size:cover;-o-background-size:cover;background-size:cover;\"  data-bg-url=\"\">\n\t\t\t\t\t\t<div class=\"fusion-clearfix\"><\/div>\n\n\t\t\t\t\t<\/div>\n\t\t\t\t<\/div><\/div><\/div><\/div><div id=\"rassegna\"><div  class=\"fusion-fullwidth fullwidth-box nonhundred-percent-fullwidth\"  style='background-color: #edece5;background-position: center center;background-repeat: no-repeat;padding-top:20px;padding-right:0px;padding-bottom:20px;padding-left:0px;'><div class=\"fusion-builder-row fusion-row \"><div  class=\"fusion-layout-column fusion_builder_column fusion_builder_column_2_5  fusion-two-fifth fusion-column-first 2_5\"  style='margin-top:0px;margin-bottom:20px;width:40%;width:calc(40% - ( ( 4% + 4% ) * 0.4 ) );margin-right: 4%;'>\n\t\t\t\t\t<div class=\"fusion-column-wrapper\" style=\"background-position:left top;background-repeat:no-repeat;-webkit-background-size:cover;-moz-background-size:cover;-o-background-size:cover;background-size:cover;\"  data-bg-url=\"\">\n\t\t\t\t\t\t<div class=\"fusion-clearfix\"><\/div>\n\n\t\t\t\t\t<\/div>\n\t\t\t\t<\/div><div  class=\"fusion-layout-column fusion_builder_column fusion_builder_column_1_4  fusion-one-fourth 1_4\"  style='margin-top:0px;margin-bottom:0px;width:25%;width:calc(25% - ( ( 4% + 4% ) * 0.25 ) );margin-right: 4%;'>\n\t\t\t\t\t<div class=\"fusion-column-wrapper\" style=\"background-position:left top;background-repeat:no-repeat;-webkit-background-size:cover;-moz-background-size:cover;-o-background-size:cover;background-size:cover;\"  data-bg-url=\"\">\n\t\t\t\t\t\t<div class=\"fusion-title title fusion-sep-none fusion-title-size-one h1_titoli_sezioni\" style=\"margin-top:0px;margin-bottom:10px;\"><h1 class=\"title-heading-left\"><h1>Rassegna Stampa<\/h1><\/h1><\/div><div class=\"fusion-clearfix\"><\/div>\n\n\t\t\t\t\t<\/div>\n\t\t\t\t<\/div><div  class=\"fusion-layout-column fusion_builder_column fusion_builder_column_1_3  fusion-one-third fusion-column-last 1_3\"  style='margin-top:0px;margin-bottom:20px;width:33.33%;width:calc(33.33% - ( ( 4% + 4% ) * 0.3333 ) );'>\n\t\t\t\t\t<div class=\"fusion-column-wrapper\" style=\"background-position:left top;background-repeat:no-repeat;-webkit-background-size:cover;-moz-background-size:cover;-o-background-size:cover;background-size:cover;\"  data-bg-url=\"\">\n\t\t\t\t\t\t<div class=\"fusion-clearfix\"><\/div>\n\n\t\t\t\t\t<\/div>\n\t\t\t\t<\/div><div  class=\"fusion-layout-column fusion_builder_column fusion_builder_column_1_6  fusion-one-sixth fusion-column-first 1_6\"  style='margin-top:0px;margin-bottom:20px;width:16.66%;width:calc(16.66% - ( ( 4% + 4% ) * 0.1666 ) );margin-right: 4%;'>\n\t\t\t\t\t<div class=\"fusion-column-wrapper\" style=\"background-position:left top;background-repeat:no-repeat;-webkit-background-size:cover;-moz-background-size:cover;-o-background-size:cover;background-size:cover;\"  data-bg-url=\"\">\n\t\t\t\t\t\t<div class=\"fusion-clearfix\"><\/div>\n\n\t\t\t\t\t<\/div>\n\t\t\t\t<\/div><div  class=\"fusion-layout-column fusion_builder_column fusion_builder_column_2_3  fusion-two-third 2_3\"  style='margin-top:0px;margin-bottom:20px;width:66.66%;width:calc(66.66% - ( ( 4% + 4% ) * 0.6666 ) );margin-right: 4%;'>\n\t\t\t\t\t<div class=\"fusion-column-wrapper\" style=\"background-position:left top;background-repeat:no-repeat;-webkit-background-size:cover;-moz-background-size:cover;-o-background-size:cover;background-size:cover;\"  data-bg-url=\"\">\n\t\t\t\t\t\t<div class=\"fusion-widget-area fusion-widget-area-4 fusion-content-widget-area\"><style type=\"text\/css\" scoped=\"scoped\">.fusion-widget-area-4 .widget h4 {color:#333333;}.fusion-widget-area-4 .widget .heading h4 {color:#333333;}<\/style><div id=\"wp_views-5\" class=\"widget widget_wp_views\">\n\n\n<div id=\"wpv-view-layout-387-TCPID167\" class=\"js-wpv-view-layout js-wpv-layout-responsive js-wpv-view-layout-387-TCPID167\" data-viewnumber=\"387-TCPID167\" data-pagination=\"{&quot;id&quot;:&quot;387&quot;,&quot;base_permalink&quot;:&quot;\/omaggio-xx-secolo\/index.php?rest_route=%2Fwp%2Fv2%2Fpages%2F167&amp;wpv_view_count=387-TCPID167&amp;wpv_paged=WPV_PAGE_NUM&quot;,&quot;query&quot;:&quot;normal&quot;,&quot;type&quot;:&quot;disabled&quot;,&quot;effect&quot;:&quot;fade&quot;,&quot;duration&quot;:500,&quot;speed&quot;:5,&quot;pause_on_hover&quot;:&quot;disabled&quot;,&quot;stop_rollover&quot;:&quot;false&quot;,&quot;cache_pages&quot;:&quot;enabled&quot;,&quot;preload_images&quot;:&quot;enabled&quot;,&quot;preload_pages&quot;:&quot;enabled&quot;,&quot;preload_reach&quot;:1,&quot;spinner&quot;:&quot;builtin&quot;,&quot;spinner_image&quot;:&quot;http:\/\/studiumcanticum.it\/omaggio-xx-secolo\/wp-content\/plugins\/wp-views\/res\/img\/ajax-loader.gif&quot;,&quot;callback_next&quot;:&quot;&quot;,&quot;manage_history&quot;:&quot;enabled&quot;,&quot;has_controls_in_form&quot;:&quot;disabled&quot;,&quot;infinite_tolerance&quot;:&quot;0&quot;,&quot;max_pages&quot;:0,&quot;page&quot;:1,&quot;loop&quot;:{&quot;type&quot;:&quot;&quot;,&quot;name&quot;:&quot;&quot;,&quot;data&quot;:[],&quot;id&quot;:0}}\" data-permalink=\"\/omaggio-xx-secolo\/index.php?rest_route=%2Fwp%2Fv2%2Fpages%2F167&#038;wpv_view_count=387-TCPID167\">\n\n\t\n\t<div class=\"masonry-grid\">\n      <div class=\"row\">\n\t<!-- wpv-loop-start -->\n\t\n        <div id=\"blocco\" class=\"col-xs-12 col-md-4 grid-item\">\n         <a href=\"http:\/\/www.comune.cagliari.it\/portale\/cultura\/at03_notizie_dett;jsessionid=B48F5EC3D21497C8C2EC389C5E3F8A69?contentId=NWS185663\" title=\"link esterno\" target=\"_blank\">\n         \n         \n          <div class=\"contenuto\">\n          <div class=\"div-float rs-testata\">Comune di Cagliari<\/div>\n          <div class=\"div-float rs-data\">31\/03\/17<\/div>\n            <div class\"clear\"><\/div>\n            <span class=\"rs-titolo\">Omaggio al XX secolo. Viaggio tra le sonorit\u00e0 e le suggestioni del Novecento<\/span>\n          \n          <img alt=\"omaggio al XX secolo\"  title=\"omaggio al XX secolo\" class=\"attachment-800 aligncenter\" src=\"https:\/\/studiumcanticum.it\/omaggio-xx-secolo\/wp-content\/uploads\/2017\/03\/immagine-centrale-wpcf_800x440.png\" \/>\n          <\/div>\n          <\/a>\n        <\/div>\n\t\n        <div id=\"blocco\" class=\"col-xs-12 col-md-4 grid-item\">\n         <a href=\"http:\/\/247.libero.it\/rfocus\/31280723\/1\/omaggio-al-xx-secolo-viaggio-tra-le-sonorit-e-le-suggestioni-del-novecento\/\" title=\"link esterno\" target=\"_blank\">\n         \n         \n          <div class=\"contenuto\">\n          <div class=\"div-float rs-testata\">Libero 24x7<\/div>\n          <div class=\"div-float rs-data\">31\/03\/17<\/div>\n            <div class\"clear\"><\/div>\n            <span class=\"rs-titolo\">Omaggio al XX secolo. Viaggio tra le sonorit\u00e0 e le suggestioni del Novecento<\/span>\n          \n          <img alt=\"omaggio al XX secolo\"  title=\"omaggio al XX secolo\" class=\"attachment-800 aligncenter\" src=\"https:\/\/studiumcanticum.it\/omaggio-xx-secolo\/wp-content\/uploads\/2017\/03\/immagine-centrale-wpcf_800x440.png\" \/>\n          <\/div>\n          <\/a>\n        <\/div>\n\t\n        <div id=\"blocco\" class=\"col-xs-12 col-md-4 grid-item\">\n         <a href=\"http:\/\/247.libero.it\/rfocus\/31280223\/1\/cagliari-la-4-edizione-della-rassegna-omaggio-al-xx-secolo-corpi-che-suonano\/\" title=\"link esterno\" target=\"_blank\">\n         \n         \n          <div class=\"contenuto\">\n          <div class=\"div-float rs-testata\">Libero 24x7<\/div>\n          <div class=\"div-float rs-data\">31\/03\/17<\/div>\n            <div class\"clear\"><\/div>\n            <span class=\"rs-titolo\">Cagliari. La 4\u00b0 edizione della rassegna &#8220;Omaggio al XX secolo Corpi che suonano&#8217;<\/span>\n          \n          <img alt=\"\"  title=\"immagine per RS 4\" class=\"attachment-800 aligncenter\" src=\"http:\/\/studiumcanticum.it\/omaggio-xx-secolo\/wp-content\/uploads\/2017\/04\/immagine-per-RS-4.png\" \/>\n          <\/div>\n          <\/a>\n        <\/div>\n\t\n        <div id=\"blocco\" class=\"col-xs-12 col-md-4 grid-item\">\n         <a href=\"http:\/\/www.sardegnareporter.it\/cagliari-la-4-edizione-della-rassegna-omaggio-al-xx-secolo-corpi-che-suonano\/\" title=\"link esterno\" target=\"_blank\">\n         \n         \n          <div class=\"contenuto\">\n          <div class=\"div-float rs-testata\">Sardegna Reporter<\/div>\n          <div class=\"div-float rs-data\">31\/03\/17<\/div>\n            <div class\"clear\"><\/div>\n            <span class=\"rs-titolo\">Cagliari. La 4\u00b0 edizione della rassegna \u201cOmaggio al XX secolo Corpi che suonano\u201d<\/span>\n          \n          <img alt=\"\"  title=\"immagine per RS 3\" class=\"attachment-800 aligncenter\" src=\"http:\/\/studiumcanticum.it\/omaggio-xx-secolo\/wp-content\/uploads\/2017\/04\/immagine-per-RS-3.png\" \/>\n          <\/div>\n          <\/a>\n        <\/div>\n\t\n        <div id=\"blocco\" class=\"col-xs-12 col-md-4 grid-item\">\n         <a href=\"http:\/\/www.kalariseventi.com\/omaggio-al-xx-secolo-studium-canticum-cagliari-alghero-1-aprile-3-dicembre-2017\/\" title=\"link esterno\" target=\"_blank\">\n         \n         \n          <div class=\"contenuto\">\n          <div class=\"div-float rs-testata\">Karalis Eventi<\/div>\n          <div class=\"div-float rs-data\">31\/03\/17<\/div>\n            <div class\"clear\"><\/div>\n            <span class=\"rs-titolo\">Omaggio al XX secolo <br> Cagliari e Alghero <br> 1 aprile \/ 3 dicembre 2017<\/span>\n          \n          <img alt=\"\"  title=\"immagine per RS 2\" class=\"attachment-800 aligncenter\" src=\"http:\/\/studiumcanticum.it\/omaggio-xx-secolo\/wp-content\/uploads\/2017\/04\/immagine-per-RS-2.png\" \/>\n          <\/div>\n          <\/a>\n        <\/div>\n\t\n        <div id=\"blocco\" class=\"col-xs-12 col-md-4 grid-item\">\n         <a href=\"http:\/\/www.ilmiogiornale.org\/omaggio-al-xx-secolo-cagliari-alghero\/\" title=\"link esterno\" target=\"_blank\">\n         \n         \n          <div class=\"contenuto\">\n          <div class=\"div-float rs-testata\">Il mio giornale<\/div>\n          <div class=\"div-float rs-data\">31\/03\/17<\/div>\n            <div class\"clear\"><\/div>\n            <span class=\"rs-titolo\">\u201cOmaggio al XX secolo\u201d a Cagliari e Alghero<\/span>\n          \n          <img alt=\"ilmiogiornale.org\"  title=\"Studium Canticum Orchestra\" class=\"attachment-800 aligncenter\" src=\"http:\/\/studiumcanticum.it\/omaggio-xx-secolo\/wp-content\/uploads\/2017\/04\/studium-canticum-con-orchestra.jpg\" \/>\n          <\/div>\n          <\/a>\n        <\/div>\n\t\n        <div id=\"blocco\" class=\"col-xs-12 col-md-4 grid-item\">\n         <a href=\"http:\/\/www.cagliariturismo.it\/it\/eventi\/studium-canticum-omaggio-al-xx-secolo-iv-edizione-10678\" title=\"link esterno\" target=\"_blank\">\n         \n         \n          <div class=\"contenuto\">\n          <div class=\"div-float rs-testata\">Cagliari Turismo<\/div>\n          <div class=\"div-float rs-data\">31\/03\/17<\/div>\n            <div class\"clear\"><\/div>\n            <span class=\"rs-titolo\">Studium Canticum <br>Omaggio al XX secolo <br>IV Edizione<\/span>\n          \n          <img alt=\"\"  title=\"immagine per RS\" class=\"attachment-800 aligncenter\" src=\"http:\/\/studiumcanticum.it\/omaggio-xx-secolo\/wp-content\/uploads\/2017\/03\/immagine-per-RS.png\" \/>\n          <\/div>\n          <\/a>\n        <\/div>\n\t\n        <div id=\"blocco\" class=\"col-xs-12 col-md-4 grid-item\">\n         \n         <a href=\"http:\/\/studiumcanticum.it\/omaggio-xx-secolo\/wp-content\/uploads\/2017\/04\/US-1.4.17-2.pdf\" title=\"link esterno\" target=\"_blank\">\n         \n          <div class=\"contenuto\">\n          <div class=\"div-float rs-testata\">Unione Sarda<\/div>\n          <div class=\"div-float rs-data\">01\/04\/17<\/div>\n            <div class\"clear\"><\/div>\n            <span class=\"rs-titolo\"><\/span>\n          \n          <img alt=\"\"  title=\"UnioneSarda-CA-Spettacoli01-20170401-UominiDonne-StudiumC-OmaggioXXsec\" class=\"attachment-800 aligncenter\" src=\"http:\/\/studiumcanticum.it\/omaggio-xx-secolo\/wp-content\/uploads\/2017\/04\/UnioneSarda-CA-Spettacoli01-20170401-UominiDonne-StudiumC-OmaggioXXsec.png\" \/>\n          <\/div>\n          <\/a>\n        <\/div>\n\t\n        <div id=\"blocco\" class=\"col-xs-12 col-md-4 grid-item\">\n         \n         <a href=\"http:\/\/studiumcanticum.it\/omaggio-xx-secolo\/wp-content\/uploads\/2017\/04\/US-1-4-17-.pdf\" title=\"link esterno\" target=\"_blank\">\n         \n          <div class=\"contenuto\">\n          <div class=\"div-float rs-testata\">Unione Sarda<\/div>\n          <div class=\"div-float rs-data\">01\/04\/17<\/div>\n            <div class\"clear\"><\/div>\n            <span class=\"rs-titolo\"><\/span>\n          \n          <img alt=\"\"  title=\"UnioneSarda-CA-Cagliari06-20170401-agenda-SC-OmaggioXXsec\" class=\"attachment-800 aligncenter\" src=\"http:\/\/studiumcanticum.it\/omaggio-xx-secolo\/wp-content\/uploads\/2017\/04\/UnioneSarda-CA-Cagliari06-20170401-agenda-SC-OmaggioXXsec.png\" \/>\n          <\/div>\n          <\/a>\n        <\/div>\n\t\n        <div id=\"blocco\" class=\"col-xs-12 col-md-4 grid-item\">\n         <a href=\"http:\/\/www.cagliaripad.it\/news.php?page_id=48260\" title=\"link esterno\" target=\"_blank\">\n         \n         \n          <div class=\"contenuto\">\n          <div class=\"div-float rs-testata\">Cagliari Pad<\/div>\n          <div class=\"div-float rs-data\">01\/04\/17<\/div>\n            <div class\"clear\"><\/div>\n            <span class=\"rs-titolo\">La musica tra spazi verdi e chiese a Cagliari e Alghero<\/span>\n          \n          <img alt=\"omaggio al XX secolo\"  title=\"omaggio al XX secolo\" class=\"attachment-800 aligncenter\" src=\"https:\/\/studiumcanticum.it\/omaggio-xx-secolo\/wp-content\/uploads\/2017\/03\/immagine-centrale-wpcf_800x440.png\" \/>\n          <\/div>\n          <\/a>\n        <\/div>\n\t\n        <div id=\"blocco\" class=\"col-xs-12 col-md-4 grid-item\">\n         <a href=\"http:\/\/www.ansa.it\/sardegna\/notizie\/2017\/04\/01\/la-musica-tra-spazi-verdi-e-chiese_e5cc4e17-ff80-44ab-a871-ae321e86b68a.html\" title=\"link esterno\" target=\"_blank\">\n         \n         \n          <div class=\"contenuto\">\n          <div class=\"div-float rs-testata\">ANSA<\/div>\n          <div class=\"div-float rs-data\">01\/04\/17<\/div>\n            <div class\"clear\"><\/div>\n            <span class=\"rs-titolo\">La musica tra spazi verdi e chiese<\/span>\n          \n          <img alt=\"Cagliari musica Voix d&#039;enfants\"  title=\"Cagliari musica Voix d&#039;enfants\" class=\"attachment-800 aligncenter\" src=\"http:\/\/studiumcanticum.it\/omaggio-xx-secolo\/wp-content\/uploads\/2017\/04\/ef2a0604c9e675b1f1170c529ca4893c.jpg\" \/>\n          <\/div>\n          <\/a>\n        <\/div>\n\t\n        <div id=\"blocco\" class=\"col-xs-12 col-md-4 grid-item\">\n         <a href=\"http:\/\/www.radioxlive.com\/tempusdeoi2017\/TDOELIO33SOTGIU.mp3\" title=\"link esterno\" target=\"_blank\">\n         \n         \n          <div class=\"contenuto\">\n          <div class=\"div-float rs-testata\">Radio X<\/div>\n          <div class=\"div-float rs-data\">23\/04\/17<\/div>\n            <div class\"clear\"><\/div>\n            <span class=\"rs-titolo\">Tempus de oi &#8211; Omaggio al XX secolo<\/span>\n          \n          <img alt=\"omaggio al XX secolo\"  title=\"omaggio al XX secolo\" class=\"attachment-800 aligncenter\" src=\"https:\/\/studiumcanticum.it\/omaggio-xx-secolo\/wp-content\/uploads\/2017\/03\/immagine-centrale-wpcf_800x440.png\" \/>\n          <\/div>\n          <\/a>\n        <\/div>\n\t\n        <div id=\"blocco\" class=\"col-xs-12 col-md-4 grid-item\">\n         <a href=\"http:\/\/notizie.cagliarioggi.it\/n?id=122551\" title=\"link esterno\" target=\"_blank\">\n         \n         \n          <div class=\"contenuto\">\n          <div class=\"div-float rs-testata\">Cagliari Oggi<\/div>\n          <div class=\"div-float rs-data\">29\/04\/17<\/div>\n            <div class\"clear\"><\/div>\n            <span class=\"rs-titolo\">Cagliari omaggia il XX Secolo<\/span>\n          \n          <img alt=\"\"  title=\"daniele ledda_01\" class=\"attachment-800 aligncenter\" src=\"http:\/\/studiumcanticum.it\/omaggio-xx-secolo\/wp-content\/uploads\/2017\/03\/daniele-ledda_01.jpg\" \/>\n          <\/div>\n          <\/a>\n        <\/div>\n\t\n        <div id=\"blocco\" class=\"col-xs-12 col-md-4 grid-item\">\n         \n         <a href=\"http:\/\/studiumcanticum.it\/omaggio-xx-secolo\/wp-content\/uploads\/2017\/05\/2017-04-29_unione-sarda-breve_p44.pdf\" title=\"link esterno\" target=\"_blank\">\n         \n          <div class=\"contenuto\">\n          <div class=\"div-float rs-testata\">Unione Sarda<\/div>\n          <div class=\"div-float rs-data\">29\/04\/17<\/div>\n            <div class\"clear\"><\/div>\n            <span class=\"rs-titolo\"><\/span>\n          \n          <img alt=\"\"  title=\"2017-04-29_unione-sarda-breve_p44\" class=\"attachment-800 aligncenter\" src=\"http:\/\/studiumcanticum.it\/omaggio-xx-secolo\/wp-content\/uploads\/2017\/05\/2017-04-29_unione-sarda-breve_p44.jpg\" \/>\n          <\/div>\n          <\/a>\n        <\/div>\n\t\n        <div id=\"blocco\" class=\"col-xs-12 col-md-4 grid-item\">\n         <a href=\"http:\/\/notizie.portotorres24.it\/n?id=122551\" title=\"link esterno\" target=\"_blank\">\n         \n         \n          <div class=\"contenuto\">\n          <div class=\"div-float rs-testata\">Porto Torres 24<\/div>\n          <div class=\"div-float rs-data\">29\/04\/17<\/div>\n            <div class\"clear\"><\/div>\n            <span class=\"rs-titolo\">Cagliari omaggia il XX Secolo<\/span>\n          \n          <img alt=\"\"  title=\"improvvisando_2_800x444\" class=\"attachment-800 aligncenter\" src=\"http:\/\/studiumcanticum.it\/omaggio-xx-secolo\/wp-content\/uploads\/2017\/05\/improvvisando_2_800x444.jpg\" \/>\n          <\/div>\n          <\/a>\n        <\/div>\n\t\n        <div id=\"blocco\" class=\"col-xs-12 col-md-4 grid-item\">\n         <a href=\"http:\/\/www.comune.cagliari.it\/portale\/cultura\/at03_notizie_dett?contentId=NWS190121\" title=\"link esterno\" target=\"_blank\">\n         \n         \n          <div class=\"contenuto\">\n          <div class=\"div-float rs-testata\">Comune di Cagliari<\/div>\n          <div class=\"div-float rs-data\">12\/05\/17<\/div>\n            <div class\"clear\"><\/div>\n            <span class=\"rs-titolo\">Studium Canticum: Concerto Aleatorio e Snake Voices per Cagliari Monumenti Aperti<\/span>\n          \n          <img alt=\"\"  title=\"concerto-aleatorio_monumenti-aperti-2017_web\" class=\"attachment-800 aligncenter\" src=\"http:\/\/studiumcanticum.it\/omaggio-xx-secolo\/wp-content\/uploads\/2017\/05\/concerto-aleatorio_monumenti-aperti-2017_web.jpg\" \/>\n          <\/div>\n          <\/a>\n        <\/div>\n\t\n        <div id=\"blocco\" class=\"col-xs-12 col-md-4 grid-item\">\n         \n         <a href=\"http:\/\/studiumcanticum.it\/omaggio-xx-secolo\/wp-content\/uploads\/2017\/05\/2017-05-12_unione-sarda_cartaceo.pdf\" title=\"link esterno\" target=\"_blank\">\n         \n          <div class=\"contenuto\">\n          <div class=\"div-float rs-testata\">Unione Sarda<\/div>\n          <div class=\"div-float rs-data\">12\/05\/17<\/div>\n            <div class\"clear\"><\/div>\n            <span class=\"rs-titolo\"><\/span>\n          \n          <img alt=\"\"  title=\"2017-05-12_unione-sarda_cartaceo\" class=\"attachment-800 aligncenter\" src=\"http:\/\/studiumcanticum.it\/omaggio-xx-secolo\/wp-content\/uploads\/2017\/05\/2017-05-12_unione-sarda_cartaceo.jpg\" \/>\n          <\/div>\n          <\/a>\n        <\/div>\n\t\n        <div id=\"blocco\" class=\"col-xs-12 col-md-4 grid-item\">\n         <a href=\"http:\/\/notizie.cagliarioggi.it\/n?id=123211\" title=\"link esterno\" target=\"_blank\">\n         \n         \n          <div class=\"contenuto\">\n          <div class=\"div-float rs-testata\">Cagliari Oggi<\/div>\n          <div class=\"div-float rs-data\">26\/05\/17<\/div>\n            <div class\"clear\"><\/div>\n            <span class=\"rs-titolo\">Musica: Omaggio al XX secolo a Pirri<\/span>\n          \n          <img alt=\"\"  title=\"compagnia-ragazzi\" class=\"attachment-800 aligncenter\" src=\"http:\/\/studiumcanticum.it\/omaggio-xx-secolo\/wp-content\/uploads\/2017\/06\/compagnia-ragazzi.jpg\" \/>\n          <\/div>\n          <\/a>\n        <\/div>\n\t\n        <div id=\"blocco\" class=\"col-xs-12 col-md-4 grid-item\">\n         <a href=\"http:\/\/notizie.sassarinews.it\/n?id=123211\" title=\"link esterno\" target=\"_blank\">\n         \n         \n          <div class=\"contenuto\">\n          <div class=\"div-float rs-testata\">Sassari News<\/div>\n          <div class=\"div-float rs-data\">26\/05\/17<\/div>\n            <div class\"clear\"><\/div>\n            <span class=\"rs-titolo\">Musica: Omaggio al XX secolo a Pirri<\/span>\n          \n          <img alt=\"\"  title=\"ragazzo-violino_rs\" class=\"attachment-800 aligncenter\" src=\"http:\/\/studiumcanticum.it\/omaggio-xx-secolo\/wp-content\/uploads\/2017\/05\/ragazzo-violino_rs.jpg\" \/>\n          <\/div>\n          <\/a>\n        <\/div>\n\t\n        <div id=\"blocco\" class=\"col-xs-12 col-md-4 grid-item\">\n         \n         <a href=\"http:\/\/studiumcanticum.it\/omaggio-xx-secolo\/wp-content\/uploads\/2017\/06\/2017-05-26_unione-sarda_il-ragazzo-col-violino_web.pdf\" title=\"link esterno\" target=\"_blank\">\n         \n          <div class=\"contenuto\">\n          <div class=\"div-float rs-testata\">Unione Sarda<\/div>\n          <div class=\"div-float rs-data\">26\/05\/17<\/div>\n            <div class\"clear\"><\/div>\n            <span class=\"rs-titolo\"><\/span>\n          \n          <img alt=\"\"  title=\"2017-05-26_unione-sarda-ragazzo-col-violino_web\" class=\"attachment-800 aligncenter\" src=\"http:\/\/studiumcanticum.it\/omaggio-xx-secolo\/wp-content\/uploads\/2017\/05\/2017-05-26_unione-sarda-ragazzo-col-violino_web.jpg\" \/>\n          <\/div>\n          <\/a>\n        <\/div>\n\t\n        <div id=\"blocco\" class=\"col-xs-12 col-md-4 grid-item\">\n         \n         <a href=\"http:\/\/studiumcanticum.it\/omaggio-xx-secolo\/wp-content\/uploads\/2017\/06\/2017-06-07_unione-sarda_p38.pdf\" title=\"link esterno\" target=\"_blank\">\n         \n          <div class=\"contenuto\">\n          <div class=\"div-float rs-testata\">Unione Sarda<\/div>\n          <div class=\"div-float rs-data\">07\/06\/17<\/div>\n            <div class\"clear\"><\/div>\n            <span class=\"rs-titolo\"><\/span>\n          \n          <img alt=\"\"  title=\"2017-06-07_unione-sarda_p38\" class=\"attachment-800 aligncenter\" src=\"http:\/\/studiumcanticum.it\/omaggio-xx-secolo\/wp-content\/uploads\/2017\/06\/2017-06-07_unione-sarda_p38-1.jpg\" \/>\n          <\/div>\n          <\/a>\n        <\/div>\n\t\n        <div id=\"blocco\" class=\"col-xs-12 col-md-4 grid-item\">\n         <a href=\"http:\/\/www.castedduonline.it\/eventi\/eventi\/48045\/cagliari-workshop-di-tecnica-vocale-a-cura-di-ghislaine-morgan.html\" title=\"link esterno\" target=\"_blank\">\n         \n         \n          <div class=\"contenuto\">\n          <div class=\"div-float rs-testata\">Casteddu Online<\/div>\n          <div class=\"div-float rs-data\">07\/06\/17<\/div>\n            <div class\"clear\"><\/div>\n            <span class=\"rs-titolo\">Cagliari, workshop di tecnica vocale a cura di Ghislaine Morgan<\/span>\n          \n          <img alt=\"\"  title=\"ghislaine-morgan_web\" class=\"attachment-800 aligncenter\" src=\"http:\/\/studiumcanticum.it\/omaggio-xx-secolo\/wp-content\/uploads\/2017\/07\/ghislaine-morgan_web.jpg\" \/>\n          <\/div>\n          <\/a>\n        <\/div>\n\t\n        <div id=\"blocco\" class=\"col-xs-12 col-md-4 grid-item\">\n         <a href=\"http:\/\/www.castedduonline.it\/eventi\/eventi\/48413\/concerto-d-estate-per-la-festa-della-musica-2017.html\" title=\"link esterno\" target=\"_blank\">\n         \n         \n          <div class=\"contenuto\">\n          <div class=\"div-float rs-testata\">Casteddu Online<\/div>\n          <div class=\"div-float rs-data\">19\/06\/17<\/div>\n            <div class\"clear\"><\/div>\n            <span class=\"rs-titolo\">Concerto d&#8217;estate per la Festa della Musica 2017<\/span>\n          \n          <img alt=\"\"  title=\"gruppo-sic-bach\" class=\"attachment-800 aligncenter\" src=\"http:\/\/studiumcanticum.it\/omaggio-xx-secolo\/wp-content\/uploads\/2017\/07\/gruppo-sic-bach.jpg\" \/>\n          <\/div>\n          <\/a>\n        <\/div>\n\t\n        <div id=\"blocco\" class=\"col-xs-12 col-md-4 grid-item\">\n         <a href=\"http:\/\/www.sardanews.it\/336091-concerto-d-estate-per-la-festa-della-musica-2017\" title=\"link esterno\" target=\"_blank\">\n         \n         \n          <div class=\"contenuto\">\n          <div class=\"div-float rs-testata\">Sarda News<\/div>\n          <div class=\"div-float rs-data\">19\/06\/17<\/div>\n            <div class\"clear\"><\/div>\n            <span class=\"rs-titolo\">Concerto d&#8217;estate per la Festa della Musica 2017<\/span>\n          \n          <img alt=\"\"  title=\"concerto-estate_2017\" class=\"attachment-800 aligncenter\" src=\"http:\/\/studiumcanticum.it\/omaggio-xx-secolo\/wp-content\/uploads\/2017\/07\/concerto-estate_2017.jpg\" \/>\n          <\/div>\n          <\/a>\n        <\/div>\n\t\n        <div id=\"blocco\" class=\"col-xs-12 col-md-4 grid-item\">\n         \n         <a href=\"http:\/\/studiumcanticum.it\/omaggio-xx-secolo\/wp-content\/uploads\/2017\/06\/2017-06-07_unione-sarda_p40_web.pdf\" title=\"link esterno\" target=\"_blank\">\n         \n          <div class=\"contenuto\">\n          <div class=\"div-float rs-testata\">Unione Sarda<\/div>\n          <div class=\"div-float rs-data\">20\/06\/17<\/div>\n            <div class\"clear\"><\/div>\n            <span class=\"rs-titolo\"><\/span>\n          \n          <img alt=\"\"  title=\"2017-06-20_unione-sarda_p40_web\" class=\"attachment-800 aligncenter\" src=\"http:\/\/studiumcanticum.it\/omaggio-xx-secolo\/wp-content\/uploads\/2017\/07\/2017-06-20_unione-sarda_p40_web.jpg\" \/>\n          <\/div>\n          <\/a>\n        <\/div>\n\t\n        <div id=\"blocco\" class=\"col-xs-12 col-md-4 grid-item\">\n         <a href=\"http:\/\/www.unionesarda.it\/articolo\/cultura\/2017\/06\/20\/cagliari_in_santa_chiara_musica_e_riflessioni_sull_autismo-8-614230.html\" title=\"link esterno\" target=\"_blank\">\n         \n         \n          <div class=\"contenuto\">\n          <div class=\"div-float rs-testata\">L'Unione Sarda.it<\/div>\n          <div class=\"div-float rs-data\">20\/06\/17<\/div>\n            <div class\"clear\"><\/div>\n            <span class=\"rs-titolo\">Cagliari, a Santa Chiara musica e riflessioni sull&#8217;autismo<\/span>\n          \n          <img alt=\"\"  title=\"chiesa-santa-chiara\" class=\"attachment-800 aligncenter\" src=\"http:\/\/studiumcanticum.it\/omaggio-xx-secolo\/wp-content\/uploads\/2017\/07\/chiesa-santa-chiara.jpg\" \/>\n          <\/div>\n          <\/a>\n        <\/div>\n\t\n        <div id=\"blocco\" class=\"col-xs-12 col-md-4 grid-item\">\n         \n         <a href=\"http:\/\/studiumcanticum.it\/omaggio-xx-secolo\/wp-content\/uploads\/2017\/07\/2017-07-08_unione-sarda_p24.pdf\" title=\"link esterno\" target=\"_blank\">\n         \n          <div class=\"contenuto\">\n          <div class=\"div-float rs-testata\">Unione Sarda<\/div>\n          <div class=\"div-float rs-data\">08\/07\/17<\/div>\n            <div class\"clear\"><\/div>\n            <span class=\"rs-titolo\"><\/span>\n          \n          <img alt=\"\"  title=\"2017-07-08_unione-sarda_p24\" class=\"attachment-800 aligncenter\" src=\"http:\/\/studiumcanticum.it\/omaggio-xx-secolo\/wp-content\/uploads\/2017\/07\/2017-07-08_unione-sarda_p24.jpg\" \/>\n          <\/div>\n          <\/a>\n        <\/div>\n\t\n        <div id=\"blocco\" class=\"col-xs-12 col-md-4 grid-item\">\n         <a href=\"http:\/\/www.castedduonline.it\/cultura\/cultura\/49375\/omaggio-al-xx-secolo-passeggiata-urbana-a-stampace.html\" title=\"link esterno\" target=\"_blank\">\n         \n         \n          <div class=\"contenuto\">\n          <div class=\"div-float rs-testata\">Casteddu Online<\/div>\n          <div class=\"div-float rs-data\">18\/07\/17<\/div>\n            <div class\"clear\"><\/div>\n            <span class=\"rs-titolo\">Omaggio al XX secolo: passeggiata urbana a Stampace<\/span>\n          \n          <img alt=\"\"  title=\"percorsi-immagine_web-press\" class=\"attachment-800 aligncenter\" src=\"http:\/\/studiumcanticum.it\/omaggio-xx-secolo\/wp-content\/uploads\/2017\/08\/percorsi-immagine_web-press.jpg\" \/>\n          <\/div>\n          <\/a>\n        <\/div>\n\t\n        <div id=\"blocco\" class=\"col-xs-12 col-md-4 grid-item\">\n         <a href=\"https:\/\/www.sardegnareporter.it\/xx-secolo-studium-canticum\/\" title=\"link esterno\" target=\"_blank\">\n         \n         \n          <div class=\"contenuto\">\n          <div class=\"div-float rs-testata\">Sardegna Reporter<\/div>\n          <div class=\"div-float rs-data\">18\/07\/17<\/div>\n            <div class\"clear\"><\/div>\n            <span class=\"rs-titolo\">Cagliari, l\u2019omaggio al XX secolo di Studium Canticum<\/span>\n          \n          <img alt=\"\"  title=\"studium-canticum-300x201\" class=\"attachment-800 aligncenter\" src=\"http:\/\/studiumcanticum.it\/omaggio-xx-secolo\/wp-content\/uploads\/2017\/08\/studium-canticum-300x201.jpg\" \/>\n          <\/div>\n          <\/a>\n        <\/div>\n\t\n        <div id=\"blocco\" class=\"col-xs-12 col-md-4 grid-item\">\n         <a href=\"http:\/\/it.geosnews.com\/p\/it\/sardegna\/ca\/cagliari-l-omaggio-al-xx-secolo-di-studium-canticum_16568391\" title=\"link esterno\" target=\"_blank\">\n         \n         \n          <div class=\"contenuto\">\n          <div class=\"div-float rs-testata\">Geos News<\/div>\n          <div class=\"div-float rs-data\">18\/07\/17<\/div>\n            <div class\"clear\"><\/div>\n            <span class=\"rs-titolo\">Cagliari, l\u2019omaggio al XX secolo di Studium Canticum<\/span>\n          \n          <img alt=\"omaggio al XX secolo\"  title=\"omaggio al XX secolo\" class=\"attachment-800 aligncenter\" src=\"https:\/\/studiumcanticum.it\/omaggio-xx-secolo\/wp-content\/uploads\/2017\/03\/immagine-centrale-wpcf_800x440.png\" \/>\n          <\/div>\n          <\/a>\n        <\/div>\n\t\n        <div id=\"blocco\" class=\"col-xs-12 col-md-4 grid-item\">\n         <a href=\"http:\/\/www.radiox.it\/extralive\/conoscenza\/percorsi-tra-le-bombe-del-1943\/\" title=\"link esterno\" target=\"_blank\">\n         \n         \n          <div class=\"contenuto\">\n          <div class=\"div-float rs-testata\">Radio X<\/div>\n          <div class=\"div-float rs-data\">19\/07\/17<\/div>\n            <div class\"clear\"><\/div>\n            <span class=\"rs-titolo\">Percorsi: tra le bombe del 1943<\/span>\n          \n          <img alt=\"\"  title=\"cagliaribombe-620x350\" class=\"attachment-800 aligncenter\" src=\"http:\/\/studiumcanticum.it\/omaggio-xx-secolo\/wp-content\/uploads\/2017\/08\/cagliaribombe-620x350.jpg\" \/>\n          <\/div>\n          <\/a>\n        <\/div>\n\t\n        <div id=\"blocco\" class=\"col-xs-12 col-md-4 grid-item\">\n         \n         <a href=\"http:\/\/studiumcanticum.it\/omaggio-xx-secolo\/wp-content\/uploads\/2017\/08\/2017-07-21_unione-sarda_cartaceo_p46.pdf\" title=\"link esterno\" target=\"_blank\">\n         \n          <div class=\"contenuto\">\n          <div class=\"div-float rs-testata\">Unione Sarda<\/div>\n          <div class=\"div-float rs-data\">21\/07\/17<\/div>\n            <div class\"clear\"><\/div>\n            <span class=\"rs-titolo\"><\/span>\n          \n          <img alt=\"\"  title=\"2017-07-21_unione-sarda_cartaceo_p46\" class=\"attachment-800 aligncenter\" src=\"http:\/\/studiumcanticum.it\/omaggio-xx-secolo\/wp-content\/uploads\/2017\/08\/2017-07-21_unione-sarda_cartaceo_p46.jpg\" \/>\n          <\/div>\n          <\/a>\n        <\/div>\n\t\n        <div id=\"blocco\" class=\"col-xs-12 col-md-4 grid-item\">\n         <a href=\"http:\/\/www.kalariseventi.com\/percorsi-passeggiata-urbana-a-stampace-cagliari-venerdi-21-luglio-2017\/\" title=\"link esterno\" target=\"_blank\">\n         \n         \n          <div class=\"contenuto\">\n          <div class=\"div-float rs-testata\">Karalis Eventi<\/div>\n          <div class=\"div-float rs-data\">21\/07\/17<\/div>\n            <div class\"clear\"><\/div>\n            <span class=\"rs-titolo\">Percorsi &#8211; Passeggiata urbana a Stampace<\/span>\n          \n          <img alt=\"\"  title=\"percorsi_web\" class=\"attachment-800 aligncenter\" src=\"http:\/\/studiumcanticum.it\/omaggio-xx-secolo\/wp-content\/uploads\/2017\/08\/percorsi_web.jpg\" \/>\n          <\/div>\n          <\/a>\n        <\/div>\n\t\n        <div id=\"blocco\" class=\"col-xs-12 col-md-4 grid-item\">\n         \n         <a href=\"http:\/\/studiumcanticum.it\/omaggio-xx-secolo\/wp-content\/uploads\/2017\/08\/2017-07-21_la-nuova-sardegna_p6.pdf\" title=\"link esterno\" target=\"_blank\">\n         \n          <div class=\"contenuto\">\n          <div class=\"div-float rs-testata\">La Nuova Sardegna - Atlanti Estate<\/div>\n          <div class=\"div-float rs-data\">21\/07\/17<\/div>\n            <div class\"clear\"><\/div>\n            <span class=\"rs-titolo\"><\/span>\n          \n          <img alt=\"\"  title=\"2017-07-21_la-nuova-sardegna_atlanti-estate\" class=\"attachment-800 aligncenter\" src=\"http:\/\/studiumcanticum.it\/omaggio-xx-secolo\/wp-content\/uploads\/2017\/07\/2017-07-21_la-nuova-sardegna_atlanti-estate.jpg\" \/>\n          <\/div>\n          <\/a>\n        <\/div>\n\t\n        <div id=\"blocco\" class=\"col-xs-12 col-md-4 grid-item\">\n         <a href=\"http:\/\/notizie.oristanonews.it\/n?id=125107\" title=\"link esterno\" target=\"_blank\">\n         \n         \n          <div class=\"contenuto\">\n          <div class=\"div-float rs-testata\">Oristano News<\/div>\n          <div class=\"div-float rs-data\">21\/07\/17<\/div>\n            <div class\"clear\"><\/div>\n            <span class=\"rs-titolo\">Arte: nuovo Omaggio al XX secolo<\/span>\n          \n          <img alt=\"\"  title=\"elio-turno-arthemalle_\" class=\"attachment-800 aligncenter\" src=\"http:\/\/studiumcanticum.it\/omaggio-xx-secolo\/wp-content\/uploads\/2017\/08\/elio-turno-arthemalle_.jpg\" \/>\n          <\/div>\n          <\/a>\n        <\/div>\n\t\n        <div id=\"blocco\" class=\"col-xs-12 col-md-4 grid-item\">\n         <a href=\"http:\/\/notizie.alguer.it\/n?id=125107\" title=\"link esterno\" target=\"_blank\">\n         \n         \n          <div class=\"contenuto\">\n          <div class=\"div-float rs-testata\">Alguer.it<\/div>\n          <div class=\"div-float rs-data\">21\/07\/17<\/div>\n            <div class\"clear\"><\/div>\n            <span class=\"rs-titolo\">Arte: nuovo Omaggio al XX secolo<\/span>\n          \n          <img alt=\"omaggio al XX secolo\"  title=\"omaggio al XX secolo\" class=\"attachment-800 aligncenter\" src=\"https:\/\/studiumcanticum.it\/omaggio-xx-secolo\/wp-content\/uploads\/2017\/03\/immagine-centrale-wpcf_800x440.png\" \/>\n          <\/div>\n          <\/a>\n        <\/div>\n\t\n        <div id=\"blocco\" class=\"col-xs-12 col-md-4 grid-item\">\n         \n         \n         <span><span>\n          <div class=\"contenuto\">\n          <div class=\"div-float rs-testata\">Radio1<\/div>\n          <div class=\"div-float rs-data\">23\/07\/17<\/div>\n            <div class\"clear\"><\/div>\n            <span class=\"rs-titolo\">Finestra Aperta &#8211; Cristina Arcidiacono<\/span>\n          <!--&#091;if lt IE 9&#093;><script>document.createElement('audio');<\/script><!&#091;endif&#093;-->\n<audio class=\"wp-audio-shortcode\" id=\"audio-588-1\" preload=\"none\" style=\"width: 100%;\" controls=\"controls\"><source type=\"audio\/mpeg\" src=\"http:\/\/studiumcanticum.it\/omaggio-xx-secolo\/wp-content\/uploads\/2017\/08\/2017-07-23_finestra-aperta_cristina-arcidiacono_sic.mp3?_=1\" \/><a href=\"http:\/\/studiumcanticum.it\/omaggio-xx-secolo\/wp-content\/uploads\/2017\/08\/2017-07-23_finestra-aperta_cristina-arcidiacono_sic.mp3\">http:\/\/studiumcanticum.it\/omaggio-xx-secolo\/wp-content\/uploads\/2017\/08\/2017-07-23_finestra-aperta_cristina-arcidiacono_sic.mp3<\/a><\/audio>\n\n          <img alt=\"\"  title=\"concerto-d-estate_600x600\" class=\"attachment-800 aligncenter\" src=\"http:\/\/studiumcanticum.it\/omaggio-xx-secolo\/wp-content\/uploads\/2017\/06\/concerto-d-estate_600x600.jpg\" \/>\n          <\/div>\n          <\/a>\n        <\/div>\n\t\n        <div id=\"blocco\" class=\"col-xs-12 col-md-4 grid-item\">\n         <a href=\"http:\/\/www.ansa.it\/sardegna\/notizie\/2017\/10\/19\/canto-a-cagliari-omaggio-al-xx-secolo_ca269300-5656-4d45-85a8-9cfb1e08d02b.html\" title=\"link esterno\" target=\"_blank\">\n         \n         \n          <div class=\"contenuto\">\n          <div class=\"div-float rs-testata\">ANSA<\/div>\n          <div class=\"div-float rs-data\">19\/10\/17<\/div>\n            <div class\"clear\"><\/div>\n            <span class=\"rs-titolo\">Canto: a Cagliari Omaggio al XX secolo<\/span>\n          \n          <img alt=\"\"  title=\"Cagliari voix d&#039;enfants Studium Canticum\" class=\"attachment-800 aligncenter\" src=\"http:\/\/studiumcanticum.it\/omaggio-xx-secolo\/wp-content\/uploads\/2017\/10\/maitrise-de-seine-maritime_web.jpg\" \/>\n          <\/div>\n          <\/a>\n        <\/div>\n\t\n        <div id=\"blocco\" class=\"col-xs-12 col-md-4 grid-item\">\n         <a href=\"http:\/\/www.sardiniapost.it\/culture\/cagliari-la-nazionale-frate-sole-un-mese-studium-canticum\/\" title=\"link esterno\" target=\"_blank\">\n         \n         \n          <div class=\"contenuto\">\n          <div class=\"div-float rs-testata\">Sardinia Post<\/div>\n          <div class=\"div-float rs-data\">19\/10\/17<\/div>\n            <div class\"clear\"><\/div>\n            <span class=\"rs-titolo\">A Cagliari la prima nazionale di \u2018Frate sole\u2019. E un mese di \u2018Studium canticum\u2019<\/span>\n          \n          <img alt=\"\"  title=\"frate-sole-film-372x221\" class=\"attachment-800 aligncenter\" src=\"http:\/\/studiumcanticum.it\/omaggio-xx-secolo\/wp-content\/uploads\/2017\/10\/frate-sole-film-372x221.jpg\" \/>\n          <\/div>\n          <\/a>\n        <\/div>\n\t\n        <div id=\"blocco\" class=\"col-xs-12 col-md-4 grid-item\">\n         <a href=\"http:\/\/www.unicaradio.it\/articoli\/2017\/10\/20\/12585-%E2%80%9Comaggio-al-xx-secolo%E2%80%9D-firmato-studium-canticum\" title=\"link esterno\" target=\"_blank\">\n         \n         \n          <div class=\"contenuto\">\n          <div class=\"div-float rs-testata\">Unica Radio<\/div>\n          <div class=\"div-float rs-data\">20\/10\/17<\/div>\n            <div class\"clear\"><\/div>\n            <span class=\"rs-titolo\">\u201cOmaggio al XX secolo\u201d firmato Studium Canticum<\/span>\n          \n          <img alt=\"\"  title=\"virgo-vox-ensemble\" class=\"attachment-800 aligncenter\" src=\"http:\/\/studiumcanticum.it\/omaggio-xx-secolo\/wp-content\/uploads\/2017\/10\/virgo-vox-ensemble.jpg\" \/>\n          <\/div>\n          <\/a>\n        <\/div>\n\t\n        <div id=\"blocco\" class=\"col-xs-12 col-md-4 grid-item\">\n         \n         <a href=\"http:\/\/studiumcanticum.it\/omaggio-xx-secolo\/wp-content\/uploads\/2017\/11\/2017-11-09_unione-sarda_cartaceo.pdf\" title=\"link esterno\" target=\"_blank\">\n         \n          <div class=\"contenuto\">\n          <div class=\"div-float rs-testata\">Unione Sarda<\/div>\n          <div class=\"div-float rs-data\">09\/11\/17<\/div>\n            <div class\"clear\"><\/div>\n            <span class=\"rs-titolo\"><\/span>\n          \n          <img alt=\"\"  title=\"2017-11-09_unione-sarda_cartaceo\" class=\"attachment-800 aligncenter\" src=\"http:\/\/studiumcanticum.it\/omaggio-xx-secolo\/wp-content\/uploads\/2017\/11\/2017-11-09_unione-sarda_cartaceo.jpg\" \/>\n          <\/div>\n          <\/a>\n        <\/div>\n\t\n        <div id=\"blocco\" class=\"col-xs-12 col-md-4 grid-item\">\n         <a href=\"http:\/\/ilpuntosociale.it\/index.php\/cultura-e-spettacolo\/item\/3400-cagliari-la-musica-del-novecento-nel-salone-delle-poste\" title=\"link esterno\" target=\"_blank\">\n         \n         \n          <div class=\"contenuto\">\n          <div class=\"div-float rs-testata\">Il Punto Sociale<\/div>\n          <div class=\"div-float rs-data\">10\/11\/17<\/div>\n            <div class\"clear\"><\/div>\n            <span class=\"rs-titolo\">Cagliari. La musica del Novecento nel salone delle Poste<\/span>\n          \n          <img alt=\"\"  title=\"poste-centrali02\" class=\"attachment-800 aligncenter\" src=\"http:\/\/studiumcanticum.it\/omaggio-xx-secolo\/wp-content\/uploads\/2017\/11\/poste-centrali02.jpg\" \/>\n          <\/div>\n          <\/a>\n        <\/div>\n\t\n        <div id=\"blocco\" class=\"col-xs-12 col-md-4 grid-item\">\n         <a href=\"https:\/\/youtu.be\/ruqkO9fwlGw\" title=\"link esterno\" target=\"_blank\">\n         \n         \n          <div class=\"contenuto\">\n          <div class=\"div-float rs-testata\">Rai3<\/div>\n          <div class=\"div-float rs-data\">10\/11\/17<\/div>\n            <div class\"clear\"><\/div>\n            <span class=\"rs-titolo\">Tg Regione<\/span>\n          <p>Conferenza Stampa Omaggio al XX secolo<\/p>\n\n          <img alt=\"\"  title=\"tg3_conferenza stampa_10-11-2017\" class=\"attachment-800 aligncenter\" src=\"http:\/\/studiumcanticum.it\/omaggio-xx-secolo\/wp-content\/uploads\/2017\/11\/tg3_conferenza-stampa_10-11-2017.jpg\" \/>\n          <\/div>\n          <\/a>\n        <\/div>\n\t\n        <div id=\"blocco\" class=\"col-xs-12 col-md-4 grid-item\">\n         <a href=\"http:\/\/247.libero.it\/rfocus\/33420442\/1\/musica-le-poste-come-sala-da-concerto\/\" title=\"link esterno\" target=\"_blank\">\n         \n         \n          <div class=\"contenuto\">\n          <div class=\"div-float rs-testata\">Libero 24x7<\/div>\n          <div class=\"div-float rs-data\">10\/11\/17<\/div>\n            <div class\"clear\"><\/div>\n            <span class=\"rs-titolo\">Musica: le Poste come sala da concerto<\/span>\n          \n          <img alt=\"\"  title=\"poste-centrali03\" class=\"attachment-800 aligncenter\" src=\"http:\/\/studiumcanticum.it\/omaggio-xx-secolo\/wp-content\/uploads\/2017\/12\/poste-centrali03.jpg\" \/>\n          <\/div>\n          <\/a>\n        <\/div>\n\t\n        <div id=\"blocco\" class=\"col-xs-12 col-md-4 grid-item\">\n         <a href=\"http:\/\/www.lagazzettadelmezzogiorno.it\/news\/spettacolo\/949507\/le-poste-come-sala-da-concerto.html#.WgdHs4iyv-4.facebook\" title=\"link esterno\" target=\"_blank\">\n         \n         \n          <div class=\"contenuto\">\n          <div class=\"div-float rs-testata\">La Gazzetta del Mezzogiorno<\/div>\n          <div class=\"div-float rs-data\">10\/11\/17<\/div>\n            <div class\"clear\"><\/div>\n            <span class=\"rs-titolo\">Le Poste come sala da concerto<\/span>\n          \n          <img alt=\"\"  title=\"poste-centrali02\" class=\"attachment-800 aligncenter\" src=\"http:\/\/studiumcanticum.it\/omaggio-xx-secolo\/wp-content\/uploads\/2017\/11\/poste-centrali02.jpg\" \/>\n          <\/div>\n          <\/a>\n        <\/div>\n\t\n        <div id=\"blocco\" class=\"col-xs-12 col-md-4 grid-item\">\n         <a href=\"http:\/\/www.ansa.it\/sardegna\/notizie\/2017\/11\/10\/musica-le-poste-come-sala-da-concerto_529e108c-0e78-4fc7-85f7-cc506a4e7a3b.html\" title=\"link esterno\" target=\"_blank\">\n         \n         \n          <div class=\"contenuto\">\n          <div class=\"div-float rs-testata\">ANSA<\/div>\n          <div class=\"div-float rs-data\">10\/11\/17<\/div>\n            <div class\"clear\"><\/div>\n            <span class=\"rs-titolo\">Musica: le Poste come sala da concerto. A Cagliari &#8216;Omaggio al XX secolo&#8217; con Gary Graden<\/span>\n          \n          <img alt=\"\"  title=\"poste-centrali03\" class=\"attachment-800 aligncenter\" src=\"http:\/\/studiumcanticum.it\/omaggio-xx-secolo\/wp-content\/uploads\/2017\/12\/poste-centrali03.jpg\" \/>\n          <\/div>\n          <\/a>\n        <\/div>\n\t\n        <div id=\"blocco\" class=\"col-xs-12 col-md-4 grid-item\">\n         \n         <a href=\"http:\/\/studiumcanticum.it\/omaggio-xx-secolo\/wp-content\/uploads\/2017\/12\/2017-11-11_unione-sarda_cartaceo.pdf\" title=\"link esterno\" target=\"_blank\">\n         \n          <div class=\"contenuto\">\n          <div class=\"div-float rs-testata\">Unione Sarda<\/div>\n          <div class=\"div-float rs-data\">11\/11\/17<\/div>\n            <div class\"clear\"><\/div>\n            <span class=\"rs-titolo\"><\/span>\n          \n          <img alt=\"\"  title=\"2017-11-11_unione-sarda_cartaceo\" class=\"attachment-800 aligncenter\" src=\"https:\/\/studiumcanticum.it\/omaggio-xx-secolo\/wp-content\/uploads\/2017\/12\/2017-11-11_unione-sarda_cartaceo-wpcf_800x879.jpg\" \/>\n          <\/div>\n          <\/a>\n        <\/div>\n\t\n        <div id=\"blocco\" class=\"col-xs-12 col-md-4 grid-item\">\n         <a href=\"https:\/\/youtu.be\/E0J_LWO1ZuE\" title=\"link esterno\" target=\"_blank\">\n         \n         \n          <div class=\"contenuto\">\n          <div class=\"div-float rs-testata\">Tcs<\/div>\n          <div class=\"div-float rs-data\">11\/11\/17<\/div>\n            <div class\"clear\"><\/div>\n            <span class=\"rs-titolo\">Intervista a Gary Graden<\/span>\n          \n          <img alt=\"\"  title=\"tcs_intervista-gary-graden_11-11-2017\" class=\"attachment-800 aligncenter\" src=\"http:\/\/studiumcanticum.it\/omaggio-xx-secolo\/wp-content\/uploads\/2017\/12\/tcs_intervista-gary-graden_11-11-2017.jpg\" \/>\n          <\/div>\n          <\/a>\n        <\/div>\n\t\n        <div id=\"blocco\" class=\"col-xs-12 col-md-4 grid-item\">\n         <a href=\"http:\/\/www.comune.cagliari.it\/portale\/cultura\/at03_notizie_dett;jsessionid=EE9835AE4006C0E8EF5CDC225ED7FA32?contentId=NWS207267\" title=\"link esterno\" target=\"_blank\">\n         \n         \n          <div class=\"contenuto\">\n          <div class=\"div-float rs-testata\">Comune di Cagliari<\/div>\n          <div class=\"div-float rs-data\">11\/11\/17<\/div>\n            <div class\"clear\"><\/div>\n            <span class=\"rs-titolo\">A Cagliari per la prima volta in Italia un ufficio postale diventa sala da concerto<\/span>\n          \n          <img alt=\"\"  title=\"comune-cagliari_conferenza stampa_10-11-2017\" class=\"attachment-800 aligncenter\" src=\"http:\/\/studiumcanticum.it\/omaggio-xx-secolo\/wp-content\/uploads\/2017\/12\/comune-cagliari_conferenza-stampa_10-11-2017.jpg\" \/>\n          <\/div>\n          <\/a>\n        <\/div>\n\t\n        <div id=\"blocco\" class=\"col-xs-12 col-md-4 grid-item\">\n         <a href=\"https:\/\/www.vistanet.it\/cagliari\/blog\/2017\/11\/12\/cagliari-enorme-successo-per-il-concerto-al-palazzo-delle-poste-di-piazza-del-carmine\/\" title=\"link esterno\" target=\"_blank\">\n         \n         \n          <div class=\"contenuto\">\n          <div class=\"div-float rs-testata\">Vistanet.it<\/div>\n          <div class=\"div-float rs-data\">13\/11\/17<\/div>\n            <div class\"clear\"><\/div>\n            <span class=\"rs-titolo\">Cagliari, enorme successo per il concerto al Palazzo delle Poste di piazza del Carmine<\/span>\n          \n          <img alt=\"\"  title=\"poste-centrali03_600x600\" class=\"attachment-800 aligncenter\" src=\"http:\/\/studiumcanticum.it\/omaggio-xx-secolo\/wp-content\/uploads\/2017\/12\/poste-centrali03_600x600.jpg\" \/>\n          <\/div>\n          <\/a>\n        <\/div>\n\t\n        <div id=\"blocco\" class=\"col-xs-12 col-md-4 grid-item\">\n         <a href=\"http:\/\/www.ansa.it\/sardegna\/notizie\/2017\/11\/13\/musica-alle-poste-di-cagliari-sold-out_6df37b41-b48a-4273-9867-816141b4daaa.html\" title=\"link esterno\" target=\"_blank\">\n         \n         \n          <div class=\"contenuto\">\n          <div class=\"div-float rs-testata\">ANSA<\/div>\n          <div class=\"div-float rs-data\">13\/11\/17<\/div>\n            <div class\"clear\"><\/div>\n            <span class=\"rs-titolo\">Musica alle Poste di Cagliari, sold out<\/span>\n          \n          <img alt=\"\"  title=\"poste-concerto-3-770x480\" class=\"attachment-800 aligncenter\" src=\"http:\/\/studiumcanticum.it\/omaggio-xx-secolo\/wp-content\/uploads\/2017\/12\/poste-concerto-3-770x480.jpg\" \/>\n          <\/div>\n          <\/a>\n        <\/div>\n\t\n        <div id=\"blocco\" class=\"col-xs-12 col-md-4 grid-item\">\n         <a href=\"https:\/\/youtu.be\/9gWNqA0yzC0\" title=\"link esterno\" target=\"_blank\">\n         \n         \n          <div class=\"contenuto\">\n          <div class=\"div-float rs-testata\">Rai3<\/div>\n          <div class=\"div-float rs-data\">13\/11\/17<\/div>\n            <div class\"clear\"><\/div>\n            <span class=\"rs-titolo\">Tg Regione<\/span>\n          <p>Omaggio al XX secolo<\/p>\n\n          <img alt=\"\"  title=\"tg3_oxxs_13-11-2017\" class=\"attachment-800 aligncenter\" src=\"http:\/\/studiumcanticum.it\/omaggio-xx-secolo\/wp-content\/uploads\/2017\/12\/tg3_oxxs_13-11-2017.jpg\" \/>\n          <\/div>\n          <\/a>\n        <\/div>\n\t\n        <div id=\"blocco\" class=\"col-xs-12 col-md-4 grid-item\">\n         <a href=\"http:\/\/notizie.alguer.it\/n?id=128391#.WhAOHIqxYFo.facebook\" title=\"link esterno\" target=\"_blank\">\n         \n         \n          <div class=\"contenuto\">\n          <div class=\"div-float rs-testata\">Alguer.it<\/div>\n          <div class=\"div-float rs-data\">18\/11\/17<\/div>\n            <div class\"clear\"><\/div>\n            <span class=\"rs-titolo\">Voix d\u00b4Enfants, da Alghero a Cagliari<\/span>\n          \n          <img alt=\"\"  title=\"voix-d-enfants\" class=\"attachment-800 aligncenter\" src=\"http:\/\/studiumcanticum.it\/omaggio-xx-secolo\/wp-content\/uploads\/2017\/12\/voix-d-enfants.jpg\" \/>\n          <\/div>\n          <\/a>\n        <\/div>\n\t\n        <div id=\"blocco\" class=\"col-xs-12 col-md-4 grid-item\">\n         <a href=\"http:\/\/www.unicaradio.it\/articoli\/2017\/11\/24\/12966-soundteller\" title=\"link esterno\" target=\"_blank\">\n         \n         \n          <div class=\"contenuto\">\n          <div class=\"div-float rs-testata\">Unica Radio<\/div>\n          <div class=\"div-float rs-data\">24\/11\/17<\/div>\n            <div class\"clear\"><\/div>\n            <span class=\"rs-titolo\">The Soundteller<\/span>\n          <p>Live show di Albert Hera insieme con i partecipanti al Circleland<\/p>\n\n          <img alt=\"\"  title=\"albertherathesoundtellerconcerto1\" class=\"attachment-800 aligncenter\" src=\"http:\/\/studiumcanticum.it\/omaggio-xx-secolo\/wp-content\/uploads\/2017\/12\/albertherathesoundtellerconcerto1.jpg\" \/>\n          <\/div>\n          <\/a>\n        <\/div>\n\t\n        <div id=\"blocco\" class=\"col-xs-12 col-md-4 grid-item\">\n         <a href=\"http:\/\/musicamore.blog.tiscali.it\/2017\/11\/24\/albert-hera-a-cagliari\/\" title=\"link esterno\" target=\"_blank\">\n         \n         \n          <div class=\"contenuto\">\n          <div class=\"div-float rs-testata\">Musicamore<\/div>\n          <div class=\"div-float rs-data\">24\/11\/17<\/div>\n            <div class\"clear\"><\/div>\n            <span class=\"rs-titolo\">Albert Hera a Cagliari<\/span>\n          \n          <img alt=\"\"  title=\"hera\" class=\"attachment-800 aligncenter\" src=\"http:\/\/studiumcanticum.it\/omaggio-xx-secolo\/wp-content\/uploads\/2017\/12\/hera.jpg\" \/>\n          <\/div>\n          <\/a>\n        <\/div>\n\t\n        <div id=\"blocco\" class=\"col-xs-12 col-md-4 grid-item\">\n         <a href=\"https:\/\/teatroinsardegna.wordpress.com\/2017\/11\/24\/albert-hera-e-le-circlesongs-al-piccolo-auditorium-di-cagliari-va-in-scena-the-soundteller\/\" title=\"link esterno\" target=\"_blank\">\n         \n         \n          <div class=\"contenuto\">\n          <div class=\"div-float rs-testata\">Teatro in Sardegna<\/div>\n          <div class=\"div-float rs-data\">24\/11\/17<\/div>\n            <div class\"clear\"><\/div>\n            <span class=\"rs-titolo\">Albert Hera e le CircleSongs: al Piccolo Auditorium di Cagliari va in scena \u201cThe Soundteller\u201d<\/span>\n          \n          <img alt=\"\"  title=\"albert-hera-bn\" class=\"attachment-800 aligncenter\" src=\"https:\/\/studiumcanticum.it\/omaggio-xx-secolo\/wp-content\/uploads\/2017\/12\/albert-hera-bn-wpcf_800x532.jpg\" \/>\n          <\/div>\n          <\/a>\n        <\/div>\n\t\n        <div id=\"blocco\" class=\"col-xs-12 col-md-4 grid-item\">\n         <a href=\"http:\/\/www.unicaradio.it\/articoli\/2017\/11\/25\/12970-soundteller?utm_content=buffer95095&utm_medium=social&utm_source=facebook.com&utm_campaign=buffer\" title=\"link esterno\" target=\"_blank\">\n         \n         \n          <div class=\"contenuto\">\n          <div class=\"div-float rs-testata\">Unica Radio<\/div>\n          <div class=\"div-float rs-data\">25\/11\/17<\/div>\n            <div class\"clear\"><\/div>\n            <span class=\"rs-titolo\">&#8220;The Soundteller&#8221;<\/span>\n          <p>Domenica 26 novembre al Piccolo Auditorium di Cagliari<\/p>\n\n          <img alt=\"\"  title=\"hera02\" class=\"attachment-800 aligncenter\" src=\"http:\/\/studiumcanticum.it\/omaggio-xx-secolo\/wp-content\/uploads\/2017\/12\/hera02.jpg\" \/>\n          <\/div>\n          <\/a>\n        <\/div>\n\t\n        <div id=\"blocco\" class=\"col-xs-12 col-md-4 grid-item\">\n         \n         <a href=\"http:\/\/studiumcanticum.it\/omaggio-xx-secolo\/wp-content\/uploads\/2017\/12\/2017-11-26_unione-sarda-cartaceo_p26.pdf\" title=\"link esterno\" target=\"_blank\">\n         \n          <div class=\"contenuto\">\n          <div class=\"div-float rs-testata\">Unione Sarda<\/div>\n          <div class=\"div-float rs-data\">26\/11\/17<\/div>\n            <div class\"clear\"><\/div>\n            <span class=\"rs-titolo\"><\/span>\n          \n          <img alt=\"\"  title=\"2017-11-26_unione-sarda-cartaceo_p26\" class=\"attachment-800 aligncenter\" src=\"http:\/\/studiumcanticum.it\/omaggio-xx-secolo\/wp-content\/uploads\/2017\/12\/2017-11-26_unione-sarda-cartaceo_p26.jpg\" \/>\n          <\/div>\n          <\/a>\n        <\/div>\n\t\n        <div id=\"blocco\" class=\"col-xs-12 col-md-4 grid-item\">\n         <a href=\"https:\/\/www.ilmiogiornale.org\/omaggio-al-xx-secolo-chiude-cagliari-frate-sole-1918\/\" title=\"link esterno\" target=\"_blank\">\n         \n         \n          <div class=\"contenuto\">\n          <div class=\"div-float rs-testata\">Il mio giornale<\/div>\n          <div class=\"div-float rs-data\">29\/11\/17<\/div>\n            <div class\"clear\"><\/div>\n            <span class=\"rs-titolo\">\u201cOmaggio al XX secolo\u201d chiude a Cagliari con \u201cFrate Sole\u201d (1918)<\/span>\n          \n          <img alt=\"\"  title=\"frate-sole-film-372x221\" class=\"attachment-800 aligncenter\" src=\"http:\/\/studiumcanticum.it\/omaggio-xx-secolo\/wp-content\/uploads\/2017\/10\/frate-sole-film-372x221.jpg\" \/>\n          <\/div>\n          <\/a>\n        <\/div>\n\t\n        <div id=\"blocco\" class=\"col-xs-12 col-md-4 grid-item\">\n         <a href=\"http:\/\/www.ansa.it\/sardegna\/notizie\/2017\/12\/04\/nuova-vita-per-colonna-sonora-frate-sole_3d5184d9-4cb5-4076-bff6-9fe935ddb6b2.html\" title=\"link esterno\" target=\"_blank\">\n         \n         \n          <div class=\"contenuto\">\n          <div class=\"div-float rs-testata\">ANSA<\/div>\n          <div class=\"div-float rs-data\">04\/12\/17<\/div>\n            <div class\"clear\"><\/div>\n            <span class=\"rs-titolo\">Nuova vita per colonna sonora Frate Sole<\/span>\n          <p>Applausi a Cagliari prima nazionale con coro Studium Canticum<\/p>\n\n          <img alt=\"\"  title=\"Frate Sole\" class=\"attachment-800 aligncenter\" src=\"http:\/\/studiumcanticum.it\/omaggio-xx-secolo\/wp-content\/uploads\/2017\/12\/rossella-spinosa01.jpg\" \/>\n          <\/div>\n          <\/a>\n        <\/div>\n\t\n        <div id=\"blocco\" class=\"col-xs-12 col-md-4 grid-item\">\n         <a href=\"http:\/\/www.cagliaripad.it\/274210\/nuova-vita-colonna-sonora-frate-sole\" title=\"link esterno\" target=\"_blank\">\n         \n         \n          <div class=\"contenuto\">\n          <div class=\"div-float rs-testata\">Cagliari Pad<\/div>\n          <div class=\"div-float rs-data\">04\/12\/17<\/div>\n            <div class\"clear\"><\/div>\n            <span class=\"rs-titolo\">Nuova vita per colonna sonora Frate Sole<\/span>\n          \n          <img alt=\"\"  title=\"frate-sole-film-372x221\" class=\"attachment-800 aligncenter\" src=\"http:\/\/studiumcanticum.it\/omaggio-xx-secolo\/wp-content\/uploads\/2017\/10\/frate-sole-film-372x221.jpg\" \/>\n          <\/div>\n          <\/a>\n        <\/div>\n\t\n        <div id=\"blocco\" class=\"col-xs-12 col-md-4 grid-item\">\n         <a href=\"http:\/\/www.lagazzettadelmezzogiorno.it\/news\/spettacolo\/957589\/nuova-vita-per-colonna-sonora-frate-sole.html#.WiXDovkxgsc.facebook\" title=\"link esterno\" target=\"_blank\">\n         \n         \n          <div class=\"contenuto\">\n          <div class=\"div-float rs-testata\">La Gazzetta del Mezzogiorno<\/div>\n          <div class=\"div-float rs-data\">04\/12\/17<\/div>\n            <div class\"clear\"><\/div>\n            <span class=\"rs-titolo\">Nuova vita per colonna sonora Frate Sole<\/span>\n          \n          <img alt=\"\"  title=\"frate-sole_600x600\" class=\"attachment-800 aligncenter\" src=\"http:\/\/studiumcanticum.it\/omaggio-xx-secolo\/wp-content\/uploads\/2017\/03\/frate-sole_600x600.jpg\" \/>\n          <\/div>\n          <\/a>\n        <\/div>\n\t\n\t<!-- wpv-loop-end -->\n      <\/div>\n    <\/div><!-- end masonry grid -->\n\t\n\t\n<\/div>\n<\/div><div class=\"fusion-additional-widget-content\"><\/div><\/div><div class=\"fusion-clearfix\"><\/div>\n\n\t\t\t\t\t<\/div>\n\t\t\t\t<\/div><div  class=\"fusion-layout-column fusion_builder_column fusion_builder_column_1_6  fusion-one-sixth fusion-column-last 1_6\"  style='margin-top:0px;margin-bottom:20px;width:16.66%;width:calc(16.66% - ( ( 4% + 4% ) * 0.1666 ) );'>\n\t\t\t\t\t<div class=\"fusion-column-wrapper\" style=\"background-position:left top;background-repeat:no-repeat;-webkit-background-size:cover;-moz-background-size:cover;-o-background-size:cover;background-size:cover;\"  data-bg-url=\"\">\n\t\t\t\t\t\t<div class=\"fusion-clearfix\"><\/div>\n\n\t\t\t\t\t<\/div>\n\t\t\t\t<\/div><\/div><\/div><\/div><div id=\"partner\"><div  class=\"fusion-fullwidth fullwidth-box fusion-blend-mode nonhundred-percent-fullwidth\"  style='background-color: rgba(255,255,255,0);background-position: center center;background-repeat: no-repeat;padding-top:20px;padding-right:0px;padding-bottom:20px;padding-left:0px;'><div class=\"fusion-builder-row fusion-row \"><div  class=\"fusion-layout-column fusion_builder_column fusion_builder_column_2_5  fusion-two-fifth fusion-column-first 2_5\"  style='margin-top:0px;margin-bottom:20px;width:40%;width:calc(40% - ( ( 4% + 4% ) * 0.4 ) );margin-right: 4%;'>\n\t\t\t\t\t<div class=\"fusion-column-wrapper\" style=\"background-position:left top;background-repeat:no-repeat;-webkit-background-size:cover;-moz-background-size:cover;-o-background-size:cover;background-size:cover;\"  data-bg-url=\"\">\n\t\t\t\t\t\t<div class=\"fusion-clearfix\"><\/div>\n\n\t\t\t\t\t<\/div>\n\t\t\t\t<\/div><div  class=\"fusion-layout-column fusion_builder_column fusion_builder_column_1_4  fusion-one-fourth 1_4\"  style='margin-top:0px;margin-bottom:0px;width:25%;width:calc(25% - ( ( 4% + 4% ) * 0.25 ) );margin-right: 4%;'>\n\t\t\t\t\t<div class=\"fusion-column-wrapper\" style=\"background-position:left top;background-repeat:no-repeat;-webkit-background-size:cover;-moz-background-size:cover;-o-background-size:cover;background-size:cover;\"  data-bg-url=\"\">\n\t\t\t\t\t\t<div class=\"fusion-title title fusion-sep-none fusion-title-size-one h1_titoli_sezioni\" style=\"margin-top:0px;margin-bottom:10px;\"><h1 class=\"title-heading-left\"><h1>Partner<\/h1><\/h1><\/div><div class=\"fusion-clearfix\"><\/div>\n\n\t\t\t\t\t<\/div>\n\t\t\t\t<\/div><div  class=\"fusion-layout-column fusion_builder_column fusion_builder_column_1_3  fusion-one-third fusion-column-last 1_3\"  style='margin-top:0px;margin-bottom:20px;width:33.33%;width:calc(33.33% - ( ( 4% + 4% ) * 0.3333 ) );'>\n\t\t\t\t\t<div class=\"fusion-column-wrapper\" style=\"background-position:left top;background-repeat:no-repeat;-webkit-background-size:cover;-moz-background-size:cover;-o-background-size:cover;background-size:cover;\"  data-bg-url=\"\">\n\t\t\t\t\t\t<div class=\"fusion-clearfix\"><\/div>\n\n\t\t\t\t\t<\/div>\n\t\t\t\t<\/div><div  class=\"fusion-layout-column fusion_builder_column fusion_builder_column_1_1  fusion-one-full fusion-column-first fusion-column-last 1_1\"  style='margin-top:0px;margin-bottom:20px;'>\n\t\t\t\t\t<div class=\"fusion-column-wrapper\" style=\"padding: 30px 0px 0px 0px;background-position:left top;background-repeat:no-repeat;-webkit-background-size:cover;-moz-background-size:cover;-o-background-size:cover;background-size:cover;\"  data-bg-url=\"\">\n\t\t\t\t\t\t<div class=\"row\">\n  <div class=\"col-xs-12 col-md-12\">\n      <div class=\"div_logo\">\n        <img src=\"http:\/\/studiumcanticum.it\/omaggio-xx-secolo\/wp-content\/uploads\/2017\/03\/regione-sardegna.png\" alt=\"Regione Autonoma della Sardegna\" width=\"134\" height=\"134\" class=\"size-full\" \/>\n      <\/div>\n      <div class=\"div_logo\">\n        <img src=\"http:\/\/studiumcanticum.it\/omaggio-xx-secolo\/wp-content\/uploads\/2017\/03\/comune-cagliar-assessorato-cultura-sport.png\" alt=\"Comune di Cagliari - Assessorato Cultura e Spettacolo\" width=\"134\" height=\"134\" class=\"size-full\" \/>\n      <\/div>\n    <div class=\"div_logo\">\n        <img src=\"http:\/\/studiumcanticum.it\/omaggio-xx-secolo\/wp-content\/uploads\/2017\/03\/cdr.png\" alt=\"CdR - Teatro Cagliari\" width=\"134\" height=\"134\" class=\"size-full\" \/>\n      <\/div>\n    <div class=\"div_logo\">\n        <img src=\"http:\/\/studiumcanticum.it\/omaggio-xx-secolo\/wp-content\/uploads\/2017\/03\/ente-nazionale-sordi.png\" alt=\"Ente Nazionale Sordi - Onlus\" width=\"134\" height=\"134\" class=\"size-full\" \/>\n      <\/div>\n    <div class=\"div_logo\">\n        <img src=\"http:\/\/studiumcanticum.it\/omaggio-xx-secolo\/wp-content\/uploads\/2017\/03\/insieme-per-la-danza.png\" alt=\"Insieme per la Danza\" width=\"134\" height=\"134\" class=\"size-full\" \/>\n      <\/div>\n    <div class=\"div_logo\">\n       <img src=\"http:\/\/studiumcanticum.it\/omaggio-xx-secolo\/wp-content\/uploads\/2017\/03\/gren-festival-cinema-mutu.png\" alt=\"Gren Festival del Cinema Muto\" width=\"134\" height=\"134\" class=\"size-full\" \/>\n      <\/div>\n    <div class=\"div_logo\">\n        <img src=\"http:\/\/studiumcanticum.it\/omaggio-xx-secolo\/wp-content\/uploads\/2017\/03\/monumenti-aperti.png\" alt=\"Monumenti Aperti\" width=\"134\" height=\"134\" class=\"size-full\" \/>\n      <\/div>\n    <div class=\"div_logo\">\n        <img src=\"http:\/\/studiumcanticum.it\/omaggio-xx-secolo\/wp-content\/uploads\/2017\/03\/comune-di-cagliari.png\" alt=\"Con il patrocinio del Comune di Cagliari\" width=\"134\" height=\"134\" class=\"size-full\" \/>\n      <\/div>\n    <div class=\"div_logo\">\n        <img src=\"http:\/\/studiumcanticum.it\/omaggio-xx-secolo\/wp-content\/uploads\/2017\/03\/cagliari-citta-europea-sport.png\" alt=\"Cagliari citt\u00e0 europea dello sport 2017\" width=\"134\" height=\"134\" class=\"size-full\" \/>\n      <\/div>\n    <div class=\"clear\"><\/div>\n  <\/div>\n<\/div><div class=\"fusion-clearfix\"><\/div>\n\n\t\t\t\t\t<\/div>\n\t\t\t\t<\/div><\/div><\/div><\/div><div  class=\"fusion-fullwidth fullwidth-box fusion-blend-mode nonhundred-percent-fullwidth\"  style='background-color: rgba(255,255,255,0);background-position: center center;background-repeat: no-repeat;padding-top:20px;padding-right:0px;padding-bottom:20px;padding-left:0px;'><div class=\"fusion-builder-row fusion-row \"><div  class=\"fusion-layout-column fusion_builder_column fusion_builder_column_2_5  fusion-two-fifth fusion-column-first 2_5\"  style='margin-top:0px;margin-bottom:20px;width:40%;width:calc(40% - ( ( 4% + 4% ) * 0.4 ) );margin-right: 4%;'>\n\t\t\t\t\t<div class=\"fusion-column-wrapper\" style=\"background-position:left top;background-repeat:no-repeat;-webkit-background-size:cover;-moz-background-size:cover;-o-background-size:cover;background-size:cover;\"  data-bg-url=\"\">\n\t\t\t\t\t\t<div class=\"fusion-clearfix\"><\/div>\n\n\t\t\t\t\t<\/div>\n\t\t\t\t<\/div><div  class=\"fusion-layout-column fusion_builder_column fusion_builder_column_1_4  fusion-one-fourth 1_4\"  style='margin-top:0px;margin-bottom:20px;width:25%;width:calc(25% - ( ( 4% + 4% ) * 0.25 ) );margin-right: 4%;'>\n\t\t\t\t\t<div class=\"fusion-column-wrapper\" style=\"background-position:left top;background-repeat:no-repeat;-webkit-background-size:cover;-moz-background-size:cover;-o-background-size:cover;background-size:cover;\"  data-bg-url=\"\">\n\t\t\t\t\t\t<p>\u00c8 un progetto Studium Canticum<\/p>\n<div class=\"fusion-clearfix\"><\/div>\n\n\t\t\t\t\t<\/div>\n\t\t\t\t<\/div><div  class=\"fusion-layout-column fusion_builder_column fusion_builder_column_1_3  fusion-one-third fusion-column-last 1_3\"  style='margin-top:0px;margin-bottom:20px;width:33.33%;width:calc(33.33% - ( ( 4% + 4% ) * 0.3333 ) );'>\n\t\t\t\t\t<div class=\"fusion-column-wrapper\" style=\"background-position:left top;background-repeat:no-repeat;-webkit-background-size:cover;-moz-background-size:cover;-o-background-size:cover;background-size:cover;\"  data-bg-url=\"\">\n\t\t\t\t\t\t<div class=\"fusion-clearfix\"><\/div>\n\n\t\t\t\t\t<\/div>\n\t\t\t\t<\/div><\/div><\/div><\/p>\n","protected":false},"excerpt":{"rendered":"","protected":false},"author":1,"featured_media":0,"parent":0,"menu_order":0,"comment_status":"closed","ping_status":"closed","template":"100-width.php","meta":[],"_links":{"self":[{"href":"https:\/\/studiumcanticum.it\/omaggio-xx-secolo\/index.php?rest_route=\/wp\/v2\/pages\/167"}],"collection":[{"href":"https:\/\/studiumcanticum.it\/omaggio-xx-secolo\/index.php?rest_route=\/wp\/v2\/pages"}],"about":[{"href":"https:\/\/studiumcanticum.it\/omaggio-xx-secolo\/index.php?rest_route=\/wp\/v2\/types\/page"}],"author":[{"embeddable":true,"href":"https:\/\/studiumcanticum.it\/omaggio-xx-secolo\/index.php?rest_route=\/wp\/v2\/users\/1"}],"replies":[{"embeddable":true,"href":"https:\/\/studiumcanticum.it\/omaggio-xx-secolo\/index.php?rest_route=%2Fwp%2Fv2%2Fcomments&post=167"}],"version-history":[{"count":36,"href":"https:\/\/studiumcanticum.it\/omaggio-xx-secolo\/index.php?rest_route=\/wp\/v2\/pages\/167\/revisions"}],"predecessor-version":[{"id":418,"href":"https:\/\/studiumcanticum.it\/omaggio-xx-secolo\/index.php?rest_route=\/wp\/v2\/pages\/167\/revisions\/418"}],"wp:attachment":[{"href":"https:\/\/studiumcanticum.it\/omaggio-xx-secolo\/index.php?rest_route=%2Fwp%2Fv2%2Fmedia&parent=167"}],"curies":[{"name":"wp","href":"https:\/\/api.w.org\/{rel}","templated":true}]}}